{"id":1508,"date":"2026-01-20T13:42:28","date_gmt":"2026-01-20T18:42:28","guid":{"rendered":"https:\/\/ciicis.ups.edu.ec\/?page_id=1508"},"modified":"2026-02-06T19:06:43","modified_gmt":"2026-02-07T00:06:43","slug":"abstract","status":"publish","type":"page","link":"https:\/\/ciicis.ups.edu.ec\/en\/abstract\/","title":{"rendered":"Abstract"},"content":{"rendered":"<div data-elementor-type=\"wp-page\" data-elementor-id=\"1508\" class=\"elementor elementor-1508\">\n\t\t\t\t<div class=\"elementor-element elementor-element-e774c3b e-flex e-con-boxed e-con e-parent\" data-id=\"e774c3b\" data-element_type=\"container\" data-e-type=\"container\" data-settings=\"{&quot;background_background&quot;:&quot;classic&quot;}\">\n\t\t\t\t\t<div class=\"e-con-inner\">\n\t\t\t\t<div class=\"elementor-element elementor-element-47b1c93 elementor-widget elementor-widget-text-editor\" data-id=\"47b1c93\" data-element_type=\"widget\" data-e-type=\"widget\" data-widget_type=\"text-editor.default\">\n\t\t\t\t\t\t\t\t\t<div class=\"elementor-element elementor-element-7bf41df elementor-widget elementor-widget-heading\" data-id=\"7bf41df\" data-element_type=\"widget\" data-widget_type=\"heading.default\"><div class=\"elementor-widget-container\" style=\"text-align: left\"><h1 class=\"elementor-heading-title elementor-size-default\"><span style=\"color: #ffffff\">Call for papers\u00a0<\/span><\/h1><\/div><\/div>\t\t\t\t\t\t\t\t<\/div>\n\t\t\t\t<div class=\"elementor-element elementor-element-d118ce3 elementor-widget elementor-widget-text-editor\" data-id=\"d118ce3\" data-element_type=\"widget\" data-e-type=\"widget\" data-widget_type=\"text-editor.default\">\n\t\t\t\t\t\t\t\t\t<div class=\"elementor-element elementor-element-7bf41df elementor-widget elementor-widget-heading\" data-id=\"7bf41df\" data-element_type=\"widget\" data-widget_type=\"heading.default\"><p class=\"elementor-heading-title elementor-size-default\" style=\"text-align: left\"><span style=\"color: #ffffff\">Proceso de env\u00edo de Abstract<\/span><\/p><\/div>\t\t\t\t\t\t\t\t<\/div>\n\t\t\t\t<div class=\"elementor-element elementor-element-a6a3632 elementor-widget__width-initial elementor-widget elementor-widget-text-editor\" data-id=\"a6a3632\" data-element_type=\"widget\" data-e-type=\"widget\" data-widget_type=\"text-editor.default\">\n\t\t\t\t\t\t\t\t\t<div class=\"elementor-element elementor-element-7bf41df elementor-widget elementor-widget-heading\" data-id=\"7bf41df\" data-element_type=\"widget\" data-widget_type=\"heading.default\">\n<p style=\"text-align: justify\"><span style=\"color: #ffffff\">Participa en el I Congreso Internacional Interdisciplinario de Ciencias Sociales (CIICIS 2026), un espacio acad\u00e9mico de alto nivel que convoca a investigadores, docentes y profesionales a reflexionar cr\u00edticamente sobre los desaf\u00edos contempor\u00e1neos de las ciencias sociales en contextos de transformaci\u00f3n social, digital y cultural.<\/span><\/p>\n<p style=\"text-align: justify\"><span style=\"color: #ffffff\">CIICIS 2026 realiza un llamado abierto a la presentaci\u00f3n de art\u00edculos cient\u00edficos para sus distintos ejes tem\u00e1ticos, con fecha l\u00edmite de env\u00edo establecida seg\u00fan el cronograma oficial del congreso. Los trabajos deber\u00e1n ser originales, in\u00e9ditos y responder a criterios de rigor acad\u00e9mico e interdisciplinariedad.<\/span><\/p>\n\n<\/div>\t\t\t\t\t\t\t\t<\/div>\n\t\t\t\t\t<\/div>\n\t\t\t\t<\/div>\n\t\t<div class=\"elementor-element elementor-element-5c20ca0 e-flex e-con-boxed e-con e-parent\" data-id=\"5c20ca0\" data-element_type=\"container\" data-e-type=\"container\" data-settings=\"{&quot;background_background&quot;:&quot;classic&quot;}\">\n\t\t\t\t\t<div class=\"e-con-inner\">\n\t\t<div class=\"elementor-element elementor-element-e6ce590 e-con-full e-flex e-con e-child\" data-id=\"e6ce590\" data-element_type=\"container\" data-e-type=\"container\">\n\t\t\t\t<div class=\"elementor-element elementor-element-0ba0410 elementor-widget elementor-widget-text-editor\" data-id=\"0ba0410\" data-element_type=\"widget\" data-e-type=\"widget\" data-widget_type=\"text-editor.default\">\n\t\t\t\t\t\t\t\t\t<h3><span style=\"color: #ffffff\">Fechas importantes<\/span><\/h3>\t\t\t\t\t\t\t\t<\/div>\n\t\t\t\t<\/div>\n\t\t<div class=\"elementor-element elementor-element-1d87de1 e-con-full e-flex e-con e-child\" data-id=\"1d87de1\" data-element_type=\"container\" data-e-type=\"container\">\n\t\t\t\t<div class=\"elementor-element elementor-element-1f24e38 elementor-widget elementor-widget-text-editor\" data-id=\"1f24e38\" data-element_type=\"widget\" data-e-type=\"widget\" data-widget_type=\"text-editor.default\">\n\t\t\t\t\t\t\t\t\t<h3><span style=\"color: #005fff\">Convocatoria Abierta<\/span><\/h3>\t\t\t\t\t\t\t\t<\/div>\n\t\t\t\t<\/div>\n\t\t<div class=\"elementor-element elementor-element-8a8d35a e-con-full e-flex e-con e-child\" data-id=\"8a8d35a\" data-element_type=\"container\" data-e-type=\"container\">\n\t\t\t\t<div class=\"elementor-element elementor-element-f8d90be elementor-widget elementor-widget-text-editor\" data-id=\"f8d90be\" data-element_type=\"widget\" data-e-type=\"widget\" data-widget_type=\"text-editor.default\">\n\t\t\t\t\t\t\t\t\t<h6><span style=\"color: #ffffff\">Cierre de Recepci\u00f3n de Res\u00famenes<\/span><\/h6>\t\t\t\t\t\t\t\t<\/div>\n\t\t\t\t<div class=\"elementor-element elementor-element-511960b elementor-widget elementor-widget-text-editor\" data-id=\"511960b\" data-element_type=\"widget\" data-e-type=\"widget\" data-widget_type=\"text-editor.default\">\n\t\t\t\t\t\t\t\t\t<h3 style=\"text-align: left\"><span style=\"color: #ffffff\">14\/06\/2026<\/span><\/h3>\t\t\t\t\t\t\t\t<\/div>\n\t\t\t\t<\/div>\n\t\t<div class=\"elementor-element elementor-element-61bee5a e-con-full e-flex e-con e-child\" data-id=\"61bee5a\" data-element_type=\"container\" data-e-type=\"container\">\n\t\t\t\t<div class=\"elementor-element elementor-element-decdb4b elementor-widget elementor-widget-text-editor\" data-id=\"decdb4b\" data-element_type=\"widget\" data-e-type=\"widget\" data-widget_type=\"text-editor.default\">\n\t\t\t\t\t\t\t\t\t<h6><span style=\"color: #ffffff\">Notificaci\u00f3n de aceptaci\u00f3n<\/span><\/h6>\t\t\t\t\t\t\t\t<\/div>\n\t\t\t\t<div class=\"elementor-element elementor-element-c864734 elementor-widget elementor-widget-text-editor\" data-id=\"c864734\" data-element_type=\"widget\" data-e-type=\"widget\" data-widget_type=\"text-editor.default\">\n\t\t\t\t\t\t\t\t\t<h3 style=\"text-align: left\"><span style=\"color: #ffffff\">30\/06\/2026<\/span><\/h3>\t\t\t\t\t\t\t\t<\/div>\n\t\t\t\t<\/div>\n\t\t<div class=\"elementor-element elementor-element-2825517 e-con-full e-flex e-con e-child\" data-id=\"2825517\" data-element_type=\"container\" data-e-type=\"container\">\n\t\t\t\t<div class=\"elementor-element elementor-element-0d9af14 elementor-widget elementor-widget-text-editor\" data-id=\"0d9af14\" data-element_type=\"widget\" data-e-type=\"widget\" data-widget_type=\"text-editor.default\">\n\t\t\t\t\t\t\t\t\t<h6><span style=\"color: #ffffff\">Fecha del congreso CIITIS 2026<\/span><\/h6>\t\t\t\t\t\t\t\t<\/div>\n\t\t\t\t<div class=\"elementor-element elementor-element-e7c6380 elementor-widget elementor-widget-text-editor\" data-id=\"e7c6380\" data-element_type=\"widget\" data-e-type=\"widget\" data-widget_type=\"text-editor.default\">\n\t\t\t\t\t\t\t\t\t<h3 style=\"text-align: left\"><span style=\"color: #ffffff\">11, 12 y 13 nov<\/span><\/h3>\t\t\t\t\t\t\t\t<\/div>\n\t\t\t\t<\/div>\n\t\t\t\t\t<\/div>\n\t\t\t\t<\/div>\n\t\t<div class=\"elementor-element elementor-element-3768715 e-flex e-con-boxed e-con e-parent\" data-id=\"3768715\" data-element_type=\"container\" data-e-type=\"container\" data-settings=\"{&quot;background_background&quot;:&quot;classic&quot;}\">\n\t\t\t\t\t<div class=\"e-con-inner\">\n\t\t\t\t<div class=\"elementor-element elementor-element-76deac9 elementor-widget elementor-widget-image\" data-id=\"76deac9\" data-element_type=\"widget\" data-e-type=\"widget\" data-widget_type=\"image.default\">\n\t\t\t\t\t\t\t\t\t\t\t\t\t\t\t<img fetchpriority=\"high\" decoding=\"async\" width=\"2054\" height=\"440\" src=\"https:\/\/ciicis.ups.edu.ec\/wp-content\/uploads\/sites\/33\/2026\/01\/tablaabstact.png\" class=\"attachment-full size-full wp-image-1526\" alt=\"\" srcset=\"https:\/\/ciicis.ups.edu.ec\/wp-content\/uploads\/sites\/33\/2026\/01\/tablaabstact.png 2054w, https:\/\/ciicis.ups.edu.ec\/wp-content\/uploads\/sites\/33\/2026\/01\/tablaabstact-300x64.png 300w, https:\/\/ciicis.ups.edu.ec\/wp-content\/uploads\/sites\/33\/2026\/01\/tablaabstact-1024x219.png 1024w, https:\/\/ciicis.ups.edu.ec\/wp-content\/uploads\/sites\/33\/2026\/01\/tablaabstact-768x165.png 768w, https:\/\/ciicis.ups.edu.ec\/wp-content\/uploads\/sites\/33\/2026\/01\/tablaabstact-1536x329.png 1536w, https:\/\/ciicis.ups.edu.ec\/wp-content\/uploads\/sites\/33\/2026\/01\/tablaabstact-2048x439.png 2048w\" sizes=\"(max-width: 2054px) 100vw, 2054px\" \/>\t\t\t\t\t\t\t\t\t\t\t\t\t\t\t<\/div>\n\t\t\t\t\t<\/div>\n\t\t\t\t<\/div>\n\t\t<div class=\"elementor-element elementor-element-b346e5e e-flex e-con-boxed e-con e-parent\" data-id=\"b346e5e\" data-element_type=\"container\" data-e-type=\"container\">\n\t\t\t\t\t<div class=\"e-con-inner\">\n\t\t\t\t<div class=\"elementor-element elementor-element-5abd701 elementor-widget elementor-widget-text-editor\" data-id=\"5abd701\" data-element_type=\"widget\" data-e-type=\"widget\" data-widget_type=\"text-editor.default\">\n\t\t\t\t\t\t\t\t\t<h2 style=\"text-align: center\">Criterios de Evaluaci\u00f3n<\/h2>\t\t\t\t\t\t\t\t<\/div>\n\t\t\t\t\t<\/div>\n\t\t\t\t<\/div>\n\t\t<div class=\"elementor-element elementor-element-3a2d310 e-flex e-con-boxed e-con e-parent\" data-id=\"3a2d310\" data-element_type=\"container\" data-e-type=\"container\">\n\t\t\t\t\t<div class=\"e-con-inner\">\n\t\t<div class=\"elementor-element elementor-element-8820909 e-con-full e-flex e-con e-child\" data-id=\"8820909\" data-element_type=\"container\" data-e-type=\"container\">\n\t\t\t\t<div class=\"elementor-element elementor-element-d7c8cef elementor-widget elementor-widget-text-editor\" data-id=\"d7c8cef\" data-element_type=\"widget\" data-e-type=\"widget\" data-widget_type=\"text-editor.default\">\n\t\t\t\t\t\t\t\t\t<p>Todos los res\u00famenes enviados al <strong>I Congreso Internacional Interdisciplinario de Ciencias Sociales \u2013 CIICIS 2026<\/strong> ser\u00e1n sometidos a un proceso de evaluaci\u00f3n acad\u00e9mica por parte del Comit\u00e9 Cient\u00edfico del Congreso.<\/p><p>La evaluaci\u00f3n se realizar\u00e1 considerando criterios de pertinencia tem\u00e1tica, originalidad, claridad conceptual, coherencia metodol\u00f3gica y contribuci\u00f3n al campo de las ciencias sociales, en concordancia con los ejes tem\u00e1ticos del evento.<\/p>\t\t\t\t\t\t\t\t<\/div>\n\t\t\t\t<\/div>\n\t\t<div class=\"elementor-element elementor-element-f05908e e-con-full e-flex e-con e-child\" data-id=\"f05908e\" data-element_type=\"container\" data-e-type=\"container\">\n\t\t\t\t<div class=\"elementor-element elementor-element-ca7675d elementor-widget elementor-widget-text-editor\" data-id=\"ca7675d\" data-element_type=\"widget\" data-e-type=\"widget\" data-widget_type=\"text-editor.default\">\n\t\t\t\t\t\t\t\t\t<p>Una vez concluido el proceso de revisi\u00f3n, los autores recibir\u00e1n una notificaci\u00f3n oficial en la que se informar\u00e1 el estado de su propuesta, pudiendo ser:<\/p><ul><li>Aceptado<\/li><li>Aceptado con observaciones<\/li><li>No aceptado<\/li><\/ul><p>La aceptaci\u00f3n del resumen habilita a los autores a continuar con el env\u00edo del art\u00edculo completo y\/o la presentaci\u00f3n en modalidad ponencia o panel, conforme a las directrices y cronograma establecidos por el Congreso.<\/p><p>Las decisiones del Comit\u00e9 Cient\u00edfico ser\u00e1n inapelables y se comunicar\u00e1n dentro de los plazos oficiales definidos en la convocatoria.<\/p>\t\t\t\t\t\t\t\t<\/div>\n\t\t\t\t<\/div>\n\t\t\t\t\t<\/div>\n\t\t\t\t<\/div>\n\t\t\t\t<\/div>","protected":false},"excerpt":{"rendered":"<p>Call for papers\u00a0 Proceso de env\u00edo de Abstract Participa en el I Congreso Internacional Interdisciplinario de Ciencias Sociales (CIICIS 2026), un espacio acad\u00e9mico de alto nivel que convoca a investigadores, docentes y profesionales a reflexionar cr\u00edticamente sobre los desaf\u00edos contempor\u00e1neos de las ciencias sociales en contextos de transformaci\u00f3n social, digital y cultural. CIICIS 2026 realiza&#8230;<\/p>","protected":false},"author":6,"featured_media":0,"parent":0,"menu_order":0,"comment_status":"closed","ping_status":"closed","template":"","meta":{"_kadence_starter_templates_imported_post":false,"_kad_post_transparent":"","_kad_post_title":"hide","_kad_post_layout":"fullwidth","_kad_post_sidebar_id":"","_kad_post_content_style":"unboxed","_kad_post_vertical_padding":"hide","_kad_post_feature":"hide","_kad_post_feature_position":"","_kad_post_header":false,"_kad_post_footer":false,"_kad_post_classname":"","footnotes":""},"class_list":["post-1508","page","type-page","status-publish","hentry"],"yoast_head":"<!-- This site is optimized with the Yoast SEO plugin v27.1.1 - https:\/\/yoast.com\/product\/yoast-seo-wordpress\/ -->\n<title>Abstract - I Congreso Internacional Interdisciplinario de Ciencias Sociales<\/title>\n<meta name=\"robots\" content=\"index, follow, max-snippet:-1, max-image-preview:large, max-video-preview:-1\" \/>\n<link rel=\"canonical\" href=\"https:\/\/ciicis.ups.edu.ec\/en\/abstract\/\" \/>\n<meta property=\"og:locale\" content=\"en_US\" \/>\n<meta property=\"og:type\" content=\"article\" \/>\n<meta property=\"og:title\" content=\"Abstract - I Congreso Internacional Interdisciplinario de Ciencias Sociales\" \/>\n<meta property=\"og:description\" content=\"Call for papers\u00a0 Proceso de env\u00edo de Abstract Participa en el I Congreso Internacional Interdisciplinario de Ciencias Sociales (CIICIS 2026), un espacio acad\u00e9mico de alto nivel que convoca a investigadores, docentes y profesionales a reflexionar cr\u00edticamente sobre los desaf\u00edos contempor\u00e1neos de las ciencias sociales en contextos de transformaci\u00f3n social, digital y cultural. CIICIS 2026 realiza...\" \/>\n<meta property=\"og:url\" content=\"https:\/\/ciicis.ups.edu.ec\/en\/abstract\/\" \/>\n<meta property=\"og:site_name\" content=\"I Congreso Internacional Interdisciplinario de Ciencias Sociales\" \/>\n<meta property=\"article:modified_time\" content=\"2026-02-07T00:06:43+00:00\" \/>\n<meta property=\"og:image\" content=\"https:\/\/ciicis.ups.edu.ec\/wp-content\/uploads\/sites\/33\/2026\/01\/tablaabstact.png\" \/>\n\t<meta property=\"og:image:width\" content=\"2054\" \/>\n\t<meta property=\"og:image:height\" content=\"440\" \/>\n\t<meta property=\"og:image:type\" content=\"image\/png\" \/>\n<meta name=\"twitter:card\" content=\"summary_large_image\" \/>\n<meta name=\"twitter:label1\" content=\"Est. reading time\" \/>\n\t<meta name=\"twitter:data1\" content=\"1 minute\" \/>\n<script type=\"application\/ld+json\" class=\"yoast-schema-graph\">{\"@context\":\"https:\/\/schema.org\",\"@graph\":[{\"@type\":\"WebPage\",\"@id\":\"https:\/\/ciicis.ups.edu.ec\/abstract\/\",\"url\":\"https:\/\/ciicis.ups.edu.ec\/abstract\/\",\"name\":\"Abstract - I Congreso Internacional Interdisciplinario de Ciencias Sociales\",\"isPartOf\":{\"@id\":\"https:\/\/ciicis.ups.edu.ec\/#website\"},\"primaryImageOfPage\":{\"@id\":\"https:\/\/ciicis.ups.edu.ec\/abstract\/#primaryimage\"},\"image\":{\"@id\":\"https:\/\/ciicis.ups.edu.ec\/abstract\/#primaryimage\"},\"thumbnailUrl\":\"https:\/\/ciicis.ups.edu.ec\/wp-content\/uploads\/sites\/33\/2026\/01\/tablaabstact.png\",\"datePublished\":\"2026-01-20T18:42:28+00:00\",\"dateModified\":\"2026-02-07T00:06:43+00:00\",\"breadcrumb\":{\"@id\":\"https:\/\/ciicis.ups.edu.ec\/abstract\/#breadcrumb\"},\"inLanguage\":\"en-US\",\"potentialAction\":[{\"@type\":\"ReadAction\",\"target\":[\"https:\/\/ciicis.ups.edu.ec\/abstract\/\"]}]},{\"@type\":\"ImageObject\",\"inLanguage\":\"en-US\",\"@id\":\"https:\/\/ciicis.ups.edu.ec\/abstract\/#primaryimage\",\"url\":\"https:\/\/ciicis.ups.edu.ec\/wp-content\/uploads\/sites\/33\/2026\/01\/tablaabstact.png\",\"contentUrl\":\"https:\/\/ciicis.ups.edu.ec\/wp-content\/uploads\/sites\/33\/2026\/01\/tablaabstact.png\"},{\"@type\":\"BreadcrumbList\",\"@id\":\"https:\/\/ciicis.ups.edu.ec\/abstract\/#breadcrumb\",\"itemListElement\":[{\"@type\":\"ListItem\",\"position\":1,\"name\":\"Portada\",\"item\":\"https:\/\/ciicis.ups.edu.ec\/\"},{\"@type\":\"ListItem\",\"position\":2,\"name\":\"Abstract\"}]},{\"@type\":\"WebSite\",\"@id\":\"https:\/\/ciicis.ups.edu.ec\/#website\",\"url\":\"https:\/\/ciicis.ups.edu.ec\/\",\"name\":\"I Congreso Internacional Interdisciplinario de Ciencias Sociales\",\"description\":\"I Congreso Internacional Interdisciplinario de Ciencias Sociales\",\"publisher\":{\"@id\":\"https:\/\/ciicis.ups.edu.ec\/#organization\"},\"potentialAction\":[{\"@type\":\"SearchAction\",\"target\":{\"@type\":\"EntryPoint\",\"urlTemplate\":\"https:\/\/ciicis.ups.edu.ec\/?s={search_term_string}\"},\"query-input\":{\"@type\":\"PropertyValueSpecification\",\"valueRequired\":true,\"valueName\":\"search_term_string\"}}],\"inLanguage\":\"en-US\"},{\"@type\":\"Organization\",\"@id\":\"https:\/\/ciicis.ups.edu.ec\/#organization\",\"name\":\"I Congreso Internacional Interdisciplinario de Ciencias Sociales\",\"url\":\"https:\/\/ciicis.ups.edu.ec\/\",\"logo\":{\"@type\":\"ImageObject\",\"inLanguage\":\"en-US\",\"@id\":\"https:\/\/ciicis.ups.edu.ec\/#\/schema\/logo\/image\/\",\"url\":\"https:\/\/ciicis.ups.edu.ec\/wp-content\/uploads\/sites\/33\/2026\/02\/ciicis-azul.png\",\"contentUrl\":\"https:\/\/ciicis.ups.edu.ec\/wp-content\/uploads\/sites\/33\/2026\/02\/ciicis-azul.png\",\"width\":587,\"height\":189,\"caption\":\"I Congreso Internacional Interdisciplinario de Ciencias Sociales\"},\"image\":{\"@id\":\"https:\/\/ciicis.ups.edu.ec\/#\/schema\/logo\/image\/\"}}]}<\/script>\n<!-- \/ Yoast SEO plugin. -->","yoast_head_json":{"title":"Abstract - I Congreso Internacional Interdisciplinario de Ciencias Sociales","robots":{"index":"index","follow":"follow","max-snippet":"max-snippet:-1","max-image-preview":"max-image-preview:large","max-video-preview":"max-video-preview:-1"},"canonical":"https:\/\/ciicis.ups.edu.ec\/en\/abstract\/","og_locale":"en_US","og_type":"article","og_title":"Abstract - I Congreso Internacional Interdisciplinario de Ciencias Sociales","og_description":"Call for papers\u00a0 Proceso de env\u00edo de Abstract Participa en el I Congreso Internacional Interdisciplinario de Ciencias Sociales (CIICIS 2026), un espacio acad\u00e9mico de alto nivel que convoca a investigadores, docentes y profesionales a reflexionar cr\u00edticamente sobre los desaf\u00edos contempor\u00e1neos de las ciencias sociales en contextos de transformaci\u00f3n social, digital y cultural. CIICIS 2026 realiza...","og_url":"https:\/\/ciicis.ups.edu.ec\/en\/abstract\/","og_site_name":"I Congreso Internacional Interdisciplinario de Ciencias Sociales","article_modified_time":"2026-02-07T00:06:43+00:00","og_image":[{"width":2054,"height":440,"url":"https:\/\/ciicis.ups.edu.ec\/wp-content\/uploads\/sites\/33\/2026\/01\/tablaabstact.png","type":"image\/png"}],"twitter_card":"summary_large_image","twitter_misc":{"Est. reading time":"1 minute"},"schema":{"@context":"https:\/\/schema.org","@graph":[{"@type":"WebPage","@id":"https:\/\/ciicis.ups.edu.ec\/abstract\/","url":"https:\/\/ciicis.ups.edu.ec\/abstract\/","name":"Abstract - I Congreso Internacional Interdisciplinario de Ciencias Sociales","isPartOf":{"@id":"https:\/\/ciicis.ups.edu.ec\/#website"},"primaryImageOfPage":{"@id":"https:\/\/ciicis.ups.edu.ec\/abstract\/#primaryimage"},"image":{"@id":"https:\/\/ciicis.ups.edu.ec\/abstract\/#primaryimage"},"thumbnailUrl":"https:\/\/ciicis.ups.edu.ec\/wp-content\/uploads\/sites\/33\/2026\/01\/tablaabstact.png","datePublished":"2026-01-20T18:42:28+00:00","dateModified":"2026-02-07T00:06:43+00:00","breadcrumb":{"@id":"https:\/\/ciicis.ups.edu.ec\/abstract\/#breadcrumb"},"inLanguage":"en-US","potentialAction":[{"@type":"ReadAction","target":["https:\/\/ciicis.ups.edu.ec\/abstract\/"]}]},{"@type":"ImageObject","inLanguage":"en-US","@id":"https:\/\/ciicis.ups.edu.ec\/abstract\/#primaryimage","url":"https:\/\/ciicis.ups.edu.ec\/wp-content\/uploads\/sites\/33\/2026\/01\/tablaabstact.png","contentUrl":"https:\/\/ciicis.ups.edu.ec\/wp-content\/uploads\/sites\/33\/2026\/01\/tablaabstact.png"},{"@type":"BreadcrumbList","@id":"https:\/\/ciicis.ups.edu.ec\/abstract\/#breadcrumb","itemListElement":[{"@type":"ListItem","position":1,"name":"Portada","item":"https:\/\/ciicis.ups.edu.ec\/"},{"@type":"ListItem","position":2,"name":"Abstract"}]},{"@type":"WebSite","@id":"https:\/\/ciicis.ups.edu.ec\/#website","url":"https:\/\/ciicis.ups.edu.ec\/","name":"First International Interdisciplinary Congress of Social Sciences","description":"First International Interdisciplinary Congress of Social Sciences","publisher":{"@id":"https:\/\/ciicis.ups.edu.ec\/#organization"},"potentialAction":[{"@type":"SearchAction","target":{"@type":"EntryPoint","urlTemplate":"https:\/\/ciicis.ups.edu.ec\/?s={search_term_string}"},"query-input":{"@type":"PropertyValueSpecification","valueRequired":true,"valueName":"search_term_string"}}],"inLanguage":"en-US"},{"@type":"Organization","@id":"https:\/\/ciicis.ups.edu.ec\/#organization","name":"First International Interdisciplinary Congress of Social Sciences","url":"https:\/\/ciicis.ups.edu.ec\/","logo":{"@type":"ImageObject","inLanguage":"en-US","@id":"https:\/\/ciicis.ups.edu.ec\/#\/schema\/logo\/image\/","url":"https:\/\/ciicis.ups.edu.ec\/wp-content\/uploads\/sites\/33\/2026\/02\/ciicis-azul.png","contentUrl":"https:\/\/ciicis.ups.edu.ec\/wp-content\/uploads\/sites\/33\/2026\/02\/ciicis-azul.png","width":587,"height":189,"caption":"I Congreso Internacional Interdisciplinario de Ciencias Sociales"},"image":{"@id":"https:\/\/ciicis.ups.edu.ec\/#\/schema\/logo\/image\/"}}]}},"_links":{"self":[{"href":"https:\/\/ciicis.ups.edu.ec\/en\/wp-json\/wp\/v2\/pages\/1508","targetHints":{"allow":["GET"]}}],"collection":[{"href":"https:\/\/ciicis.ups.edu.ec\/en\/wp-json\/wp\/v2\/pages"}],"about":[{"href":"https:\/\/ciicis.ups.edu.ec\/en\/wp-json\/wp\/v2\/types\/page"}],"author":[{"embeddable":true,"href":"https:\/\/ciicis.ups.edu.ec\/en\/wp-json\/wp\/v2\/users\/6"}],"replies":[{"embeddable":true,"href":"https:\/\/ciicis.ups.edu.ec\/en\/wp-json\/wp\/v2\/comments?post=1508"}],"version-history":[{"count":32,"href":"https:\/\/ciicis.ups.edu.ec\/en\/wp-json\/wp\/v2\/pages\/1508\/revisions"}],"predecessor-version":[{"id":2063,"href":"https:\/\/ciicis.ups.edu.ec\/en\/wp-json\/wp\/v2\/pages\/1508\/revisions\/2063"}],"wp:attachment":[{"href":"https:\/\/ciicis.ups.edu.ec\/en\/wp-json\/wp\/v2\/media?parent=1508"}],"curies":[{"name":"wp","href":"https:\/\/api.w.org\/{rel}","templated":true}]}}