{"id":1539,"date":"2026-01-20T14:41:40","date_gmt":"2026-01-20T19:41:40","guid":{"rendered":"https:\/\/ciicis.ups.edu.ec\/?page_id=1539"},"modified":"2026-02-24T17:01:10","modified_gmt":"2026-02-24T22:01:10","slug":"articulo-academico","status":"publish","type":"page","link":"https:\/\/ciicis.ups.edu.ec\/en\/articulo-academico\/","title":{"rendered":"Articulo academico"},"content":{"rendered":"<div data-elementor-type=\"wp-page\" data-elementor-id=\"1539\" class=\"elementor elementor-1539\">\n\t\t\t\t<div class=\"elementor-element elementor-element-22ffd8e e-flex e-con-boxed e-con e-parent\" data-id=\"22ffd8e\" data-element_type=\"container\" data-e-type=\"container\" data-settings=\"{&quot;background_background&quot;:&quot;classic&quot;}\">\n\t\t\t\t\t<div class=\"e-con-inner\">\n\t\t<div class=\"elementor-element elementor-element-8c3844f e-con-full e-flex e-con e-child\" data-id=\"8c3844f\" data-element_type=\"container\" data-e-type=\"container\" data-settings=\"{&quot;background_background&quot;:&quot;classic&quot;}\">\n\t\t\t\t<div class=\"elementor-element elementor-element-a0884b4 elementor-widget elementor-widget-text-editor\" data-id=\"a0884b4\" data-element_type=\"widget\" data-e-type=\"widget\" data-widget_type=\"text-editor.default\">\n\t\t\t\t\t\t\t\t\t<div class=\"elementor-element elementor-element-7bf41df elementor-widget elementor-widget-heading\" data-id=\"7bf41df\" data-element_type=\"widget\" data-widget_type=\"heading.default\"><div class=\"elementor-widget-container\" style=\"text-align: left\"><h1 class=\"elementor-heading-title elementor-size-default\"><span style=\"color: #ffffff\">Call for papers\u00a0<\/span><\/h1><\/div><\/div>\t\t\t\t\t\t\t\t<\/div>\n\t\t\t\t<div class=\"elementor-element elementor-element-fabe9da elementor-widget elementor-widget-text-editor\" data-id=\"fabe9da\" data-element_type=\"widget\" data-e-type=\"widget\" data-widget_type=\"text-editor.default\">\n\t\t\t\t\t\t\t\t\t<div class=\"elementor-element elementor-element-7bf41df elementor-widget elementor-widget-heading\" data-id=\"7bf41df\" data-element_type=\"widget\" data-widget_type=\"heading.default\"><div class=\"elementor-widget-container\" style=\"text-align: center\"><p class=\"elementor-heading-title elementor-size-default\" style=\"text-align: left\"><span style=\"color: #ffffff\">Proceso de env\u00edo de Art\u00edculo Acad\u00e9mico<\/span><\/p><\/div><\/div>\t\t\t\t\t\t\t\t<\/div>\n\t\t\t\t<div class=\"elementor-element elementor-element-cd69db2 elementor-widget__width-initial elementor-widget elementor-widget-text-editor\" data-id=\"cd69db2\" data-element_type=\"widget\" data-e-type=\"widget\" data-widget_type=\"text-editor.default\">\n\t\t\t\t\t\t\t\t\t<div class=\"elementor-element elementor-element-7bf41df elementor-widget elementor-widget-heading\" data-id=\"7bf41df\" data-element_type=\"widget\" data-widget_type=\"heading.default\"><p style=\"text-align: justify\"><span style=\"color: #ffffff\">Participa en el I Congreso Internacional Interdisciplinario de Ciencias Sociales (CIICIS 2026), un espacio acad\u00e9mico de alto nivel que convoca a investigadores, docentes y profesionales a reflexionar cr\u00edticamente sobre los desaf\u00edos contempor\u00e1neos de las ciencias sociales en contextos de transformaci\u00f3n social, digital y cultural.<\/span><\/p><p style=\"text-align: justify\"><span style=\"color: #ffffff\">CIICIS 2026 realiza un llamado abierto a la presentaci\u00f3n de art\u00edculos cient\u00edficos para sus distintos ejes tem\u00e1ticos, con fecha l\u00edmite de env\u00edo establecida seg\u00fan el cronograma oficial del congreso. Los trabajos deber\u00e1n ser originales, in\u00e9ditos y responder a criterios de rigor acad\u00e9mico e interdisciplinariedad.<\/span><\/p><\/div>\t\t\t\t\t\t\t\t<\/div>\n\t\t\t\t<\/div>\n\t\t\t\t\t<\/div>\n\t\t\t\t<\/div>\n\t\t<div class=\"elementor-element elementor-element-575047b e-flex e-con-boxed e-con e-parent\" data-id=\"575047b\" data-element_type=\"container\" data-e-type=\"container\" data-settings=\"{&quot;background_background&quot;:&quot;classic&quot;}\">\n\t\t\t\t\t<div class=\"e-con-inner\">\n\t\t<div class=\"elementor-element elementor-element-4382f47 e-con-full e-flex e-con e-child\" data-id=\"4382f47\" data-element_type=\"container\" data-e-type=\"container\" data-settings=\"{&quot;background_background&quot;:&quot;classic&quot;}\">\n\t\t<div class=\"elementor-element elementor-element-fdbe1fd e-con-full e-flex e-con e-child\" data-id=\"fdbe1fd\" data-element_type=\"container\" data-e-type=\"container\">\n\t\t\t\t<div class=\"elementor-element elementor-element-f7863e9 elementor-widget elementor-widget-text-editor\" data-id=\"f7863e9\" data-element_type=\"widget\" data-e-type=\"widget\" data-widget_type=\"text-editor.default\">\n\t\t\t\t\t\t\t\t\t<p><span style=\"color: #ffffff\">Fechas importantes<\/span><\/p>\t\t\t\t\t\t\t\t<\/div>\n\t\t\t\t<\/div>\n\t\t<div class=\"elementor-element elementor-element-c2f070b e-con-full e-flex e-con e-child\" data-id=\"c2f070b\" data-element_type=\"container\" data-e-type=\"container\">\n\t\t\t\t<div class=\"elementor-element elementor-element-14aeda5 elementor-widget elementor-widget-text-editor\" data-id=\"14aeda5\" data-element_type=\"widget\" data-e-type=\"widget\" data-widget_type=\"text-editor.default\">\n\t\t\t\t\t\t\t\t\t<p><span style=\"color: #ffffff\">Env\u00edo de art\u00edculos (versi\u00f3n inicial)<\/span><\/p>\t\t\t\t\t\t\t\t<\/div>\n\t\t\t\t<div class=\"elementor-element elementor-element-0faa792 elementor-widget elementor-widget-text-editor\" data-id=\"0faa792\" data-element_type=\"widget\" data-e-type=\"widget\" data-widget_type=\"text-editor.default\">\n\t\t\t\t\t\t\t\t\t<p><span style=\"color: #ffffff\">01 de abril al 01 de agosto de 2026<\/span><\/p>\t\t\t\t\t\t\t\t<\/div>\n\t\t\t\t<\/div>\n\t\t<div class=\"elementor-element elementor-element-06b8623 e-con-full e-flex e-con e-child\" data-id=\"06b8623\" data-element_type=\"container\" data-e-type=\"container\">\n\t\t\t\t<div class=\"elementor-element elementor-element-1c28267 elementor-widget elementor-widget-text-editor\" data-id=\"1c28267\" data-element_type=\"widget\" data-e-type=\"widget\" data-widget_type=\"text-editor.default\">\n\t\t\t\t\t\t\t\t\t<p><span style=\"color: #ffffff\">Fecha l\u00edmite de inscripci\u00f3n de autores<\/span><\/p>\t\t\t\t\t\t\t\t<\/div>\n\t\t\t\t<div class=\"elementor-element elementor-element-013c13e elementor-widget elementor-widget-text-editor\" data-id=\"013c13e\" data-element_type=\"widget\" data-e-type=\"widget\" data-widget_type=\"text-editor.default\">\n\t\t\t\t\t\t\t\t\t<p><span style=\"color: #ffffff\">10 de agosto de 2026<\/span><\/p>\t\t\t\t\t\t\t\t<\/div>\n\t\t\t\t<\/div>\n\t\t<div class=\"elementor-element elementor-element-260b9eb e-con-full e-flex e-con e-child\" data-id=\"260b9eb\" data-element_type=\"container\" data-e-type=\"container\">\n\t\t\t\t<div class=\"elementor-element elementor-element-fe26ba2 elementor-widget elementor-widget-text-editor\" data-id=\"fe26ba2\" data-element_type=\"widget\" data-e-type=\"widget\" data-widget_type=\"text-editor.default\">\n\t\t\t\t\t\t\t\t\t<p><span style=\"color: #ffffff\">Entrega del art\u00edculo final<\/span><\/p>\t\t\t\t\t\t\t\t<\/div>\n\t\t\t\t<div class=\"elementor-element elementor-element-d384d1f elementor-widget elementor-widget-text-editor\" data-id=\"d384d1f\" data-element_type=\"widget\" data-e-type=\"widget\" data-widget_type=\"text-editor.default\">\n\t\t\t\t\t\t\t\t\t<p><span style=\"color: #ffffff\">Hasta el 10 de septiembre<\/span><\/p>\t\t\t\t\t\t\t\t<\/div>\n\t\t\t\t<\/div>\n\t\t\t\t<\/div>\n\t\t\t\t\t<\/div>\n\t\t\t\t<\/div>\n\t\t<div class=\"elementor-element elementor-element-59ae652 e-flex e-con-boxed e-con e-parent\" data-id=\"59ae652\" data-element_type=\"container\" data-e-type=\"container\" data-settings=\"{&quot;background_background&quot;:&quot;classic&quot;}\">\n\t\t\t\t\t<div class=\"e-con-inner\">\n\t\t<div class=\"elementor-element elementor-element-e737ed7 e-con-full e-flex e-con e-child\" data-id=\"e737ed7\" data-element_type=\"container\" data-e-type=\"container\">\n\t\t\t\t<div class=\"elementor-element elementor-element-853cfad elementor-widget elementor-widget-text-editor\" data-id=\"853cfad\" data-element_type=\"widget\" data-e-type=\"widget\" data-widget_type=\"text-editor.default\">\n\t\t\t\t\t\t\t\t\t<p style=\"text-align: center\">Criterios de evaluaci\u00f3n<\/p>\t\t\t\t\t\t\t\t<\/div>\n\t\t\t\t<\/div>\n\t\t\t\t\t<\/div>\n\t\t\t\t<\/div>\n\t\t<div class=\"elementor-element elementor-element-fc8d11c e-flex e-con-boxed e-con e-parent\" data-id=\"fc8d11c\" data-element_type=\"container\" data-e-type=\"container\" data-settings=\"{&quot;background_background&quot;:&quot;classic&quot;}\">\n\t\t\t\t\t<div class=\"e-con-inner\">\n\t\t<div class=\"elementor-element elementor-element-9073737 e-con-full e-flex e-con e-child\" data-id=\"9073737\" data-element_type=\"container\" data-e-type=\"container\">\n\t\t<div class=\"elementor-element elementor-element-bb1c59f e-con-full e-flex e-con e-child\" data-id=\"bb1c59f\" data-element_type=\"container\" data-e-type=\"container\">\n\t\t\t\t<div class=\"elementor-element elementor-element-da95cfe elementor-widget elementor-widget-text-editor\" data-id=\"da95cfe\" data-element_type=\"widget\" data-e-type=\"widget\" data-widget_type=\"text-editor.default\">\n\t\t\t\t\t\t\t\t\t<p style=\"text-align: justify\"><span style=\"color: #000000\">Los art\u00edculos completos enviados al Congreso Internacional Interinstitucional de Ciencias Sociales \u2013 CIICIS 2026 ser\u00e1n sometidos a un riguroso proceso de evaluaci\u00f3n por pares bajo la modalidad doble ciego, se garantizar\u00e1 la objetividad, imparcialidad y calidad acad\u00e9mica del proceso.<\/span><\/p>\n<p style=\"text-align: justify\"><span style=\"color: #000000\">Durante la revisi\u00f3n, los trabajos ser\u00e1n evaluados en funci\u00f3n de los siguientes criterios: originalidad, profundidad y solidez investigativa, rigurosidad metodol\u00f3gica, precisi\u00f3n conceptual, claridad expositiva y pertinencia tem\u00e1tica con los ejes del Congreso.<\/span><\/p>\t\t\t\t\t\t\t\t<\/div>\n\t\t\t\t<\/div>\n\t\t<div class=\"elementor-element elementor-element-3dac26b e-con-full e-flex e-con e-child\" data-id=\"3dac26b\" data-element_type=\"container\" data-e-type=\"container\">\n\t\t\t\t<div class=\"elementor-element elementor-element-bc849cb elementor-widget elementor-widget-text-editor\" data-id=\"bc849cb\" data-element_type=\"widget\" data-e-type=\"widget\" data-widget_type=\"text-editor.default\">\n\t\t\t\t\t\t\t\t\t<p style=\"color: #000000;text-align: justify\">Se espera que los art\u00edculos presenten contribuciones te\u00f3ricas, metodol\u00f3gicas o emp\u00edricas relevantes para el campo de las ciencias sociales, as\u00ed como enfoques interdisciplinarios que aporten a la comprensi\u00f3n de problem\u00e1ticas contempor\u00e1neas a nivel local, regional o global.<\/p>\n<p style=\"color: #000000;text-align: justify\">Los autores deber\u00e1n revisar cuidadosamente las directrices de env\u00edo y cumplir estrictamente con los lineamientos editoriales, normas de citaci\u00f3n y formato establecidos en la convocatoria oficial antes de remitir su manuscrito. El incumplimiento de estas disposiciones podr\u00e1 dar lugar a la no consideraci\u00f3n del art\u00edculo para evaluaci\u00f3n.<\/p>\t\t\t\t\t\t\t\t<\/div>\n\t\t\t\t<\/div>\n\t\t\t\t<\/div>\n\t\t\t\t\t<\/div>\n\t\t\t\t<\/div>\n\t\t<div class=\"elementor-element elementor-element-5581f54 e-flex e-con-boxed e-con e-parent\" data-id=\"5581f54\" data-element_type=\"container\" data-e-type=\"container\">\n\t\t\t\t\t<div class=\"e-con-inner\">\n\t\t\t\t<div class=\"elementor-element elementor-element-d6d3f61 elementor-widget elementor-widget-text-editor\" data-id=\"d6d3f61\" data-element_type=\"widget\" data-e-type=\"widget\" data-widget_type=\"text-editor.default\">\n\t\t\t\t\t\t\t\t\t<p><span style=\"color: #031b38\">Thematic areas of the Congress<\/span><\/p>\t\t\t\t\t\t\t\t<\/div>\n\t\t<div class=\"elementor-element elementor-element-ebf997b e-con-full e-flex e-con e-child\" data-id=\"ebf997b\" data-element_type=\"container\" data-e-type=\"container\">\n\t\t<div class=\"elementor-element elementor-element-67ec6c9 e-con-full e-flex e-con e-child\" data-id=\"67ec6c9\" data-element_type=\"container\" data-e-type=\"container\">\n\t\t\t\t<div class=\"elementor-element elementor-element-c1e1a19 elementor-widget elementor-widget-image\" data-id=\"c1e1a19\" data-element_type=\"widget\" data-e-type=\"widget\" data-widget_type=\"image.default\">\n\t\t\t\t\t\t\t\t\t\t\t\t\t\t\t<img fetchpriority=\"high\" decoding=\"async\" width=\"1024\" height=\"683\" src=\"https:\/\/ciicis.ups.edu.ec\/wp-content\/uploads\/sites\/33\/2026\/02\/tecno-1024x683.jpg\" class=\"attachment-large size-large wp-image-1777\" alt=\"\" srcset=\"https:\/\/ciicis.ups.edu.ec\/wp-content\/uploads\/sites\/33\/2026\/02\/tecno-1024x683.jpg 1024w, https:\/\/ciicis.ups.edu.ec\/wp-content\/uploads\/sites\/33\/2026\/02\/tecno-300x200.jpg 300w, https:\/\/ciicis.ups.edu.ec\/wp-content\/uploads\/sites\/33\/2026\/02\/tecno-768x512.jpg 768w, https:\/\/ciicis.ups.edu.ec\/wp-content\/uploads\/sites\/33\/2026\/02\/tecno-18x12.jpg 18w, https:\/\/ciicis.ups.edu.ec\/wp-content\/uploads\/sites\/33\/2026\/02\/tecno.jpg 1536w\" sizes=\"(max-width: 1024px) 100vw, 1024px\" \/>\t\t\t\t\t\t\t\t\t\t\t\t\t\t\t<\/div>\n\t\t\t\t<div class=\"elementor-element elementor-element-1d47c56 elementor-widget elementor-widget-text-editor\" data-id=\"1d47c56\" data-element_type=\"widget\" data-e-type=\"widget\" data-widget_type=\"text-editor.default\">\n\t\t\t\t\t\t\t\t\t<p style=\"text-align: center\">Track 1<\/p><p style=\"text-align: center\"><span style=\"color: #03082b\"><strong>Technosociety and identities in transformation <\/strong><\/span><\/p>\t\t\t\t\t\t\t\t<\/div>\n\t\t\t\t<div class=\"elementor-element elementor-element-61037ff elementor-widget elementor-widget-text-editor\" data-id=\"61037ff\" data-element_type=\"widget\" data-e-type=\"widget\" data-widget_type=\"text-editor.default\">\n\t\t\t\t\t\t\t\t\t<p style=\"text-align: justify\"><strong>The Construction of Identities in Techno-Societies:<\/strong> Analysis of how digitization and technological infrastructures shape and condition contemporary identity.<\/p>\t\t\t\t\t\t\t\t<\/div>\n\t\t\t\t<div class=\"elementor-element elementor-element-e08c9d4 elementor-widget elementor-widget-text-editor\" data-id=\"e08c9d4\" data-element_type=\"widget\" data-e-type=\"widget\" data-widget_type=\"text-editor.default\">\n\t\t\t\t\t\t\t\t\t<p style=\"text-align: justify\"><strong>Impact of AI and algorithms:<\/strong> Study of the influence of artificial intelligence on the redefinition of the concepts of subject, community, citizenship and agency.<\/p>\t\t\t\t\t\t\t\t<\/div>\n\t\t\t\t<div class=\"elementor-element elementor-element-6d35604 elementor-widget elementor-widget-text-editor\" data-id=\"6d35604\" data-element_type=\"widget\" data-e-type=\"widget\" data-widget_type=\"text-editor.default\">\n\t\t\t\t\t\t\t\t\t<p style=\"text-align: justify\"><strong>Inequality and digital surveillance:<\/strong> An examination of how technological tools amplify social gaps and control mechanisms in everyday life.<\/p>\t\t\t\t\t\t\t\t<\/div>\n\t\t\t\t<div class=\"elementor-element elementor-element-582e7bf elementor-widget elementor-widget-text-editor\" data-id=\"582e7bf\" data-element_type=\"widget\" data-e-type=\"widget\" data-widget_type=\"text-editor.default\">\n\t\t\t\t\t\t\t\t\t<p style=\"text-align: justify\"><strong>Ethical and political dimensions:<\/strong> Interdisciplinary space to discuss the social implications and power dynamics in the digital environment.<\/p>\t\t\t\t\t\t\t\t<\/div>\n\t\t\t\t<div class=\"elementor-element elementor-element-cb82d3b elementor-widget elementor-widget-text-editor\" data-id=\"cb82d3b\" data-element_type=\"widget\" data-e-type=\"widget\" data-widget_type=\"text-editor.default\">\n\t\t\t\t\t\t\t\t\t<p style=\"text-align: center\">Track chair: Diana Rivera, Ph.D.<\/p>\t\t\t\t\t\t\t\t<\/div>\n\t\t\t\t<div class=\"elementor-element elementor-element-04883d1 elementor-widget elementor-widget-n-accordion\" data-id=\"04883d1\" data-element_type=\"widget\" data-e-type=\"widget\" data-settings=\"{&quot;default_state&quot;:&quot;all_collapsed&quot;,&quot;max_items_expended&quot;:&quot;one&quot;,&quot;n_accordion_animation_duration&quot;:{&quot;unit&quot;:&quot;ms&quot;,&quot;size&quot;:400,&quot;sizes&quot;:[]}}\" data-widget_type=\"nested-accordion.default\">\n\t\t\t\t\t\t\t<div class=\"e-n-accordion\" aria-label=\"Accordion. Open links with Enter or Space, close with Escape, and navigate with Arrow Keys\">\n\t\t\t\t\t\t<details id=\"e-n-accordion-item-4750\" class=\"e-n-accordion-item\" >\n\t\t\t\t<summary class=\"e-n-accordion-item-title\" data-accordion-index=\"1\" tabindex=\"0\" aria-expanded=\"false\" aria-controls=\"e-n-accordion-item-4750\" >\n\t\t\t\t\t<span class='e-n-accordion-item-title-header'><p class=\"e-n-accordion-item-title-text\"> Specific Thematic Lines <\/p><\/span>\n\t\t\t\t\t\t\t<span class='e-n-accordion-item-title-icon'>\n\t\t\t<span class='e-opened' ><svg aria-hidden=\"true\" class=\"e-font-icon-svg e-fas-minus\" viewbox=\"0 0 448 512\" xmlns=\"http:\/\/www.w3.org\/2000\/svg\"><path d=\"M416 208H32c-17.67 0-32 14.33-32 32v32c0 17.67 14.33 32 32 32h384c17.67 0 32-14.33 32-32v-32c0-17.67-14.33-32-32-32z\"><\/path><\/svg><\/span>\n\t\t\t<span class='e-closed'><svg aria-hidden=\"true\" class=\"e-font-icon-svg e-fas-plus\" viewbox=\"0 0 448 512\" xmlns=\"http:\/\/www.w3.org\/2000\/svg\"><path d=\"M416 208H272V64c0-17.67-14.33-32-32-32h-32c-17.67 0-32 14.33-32 32v144H32c-17.67 0-32 14.33-32 32v32c0 17.67 14.33 32 32 32h144v144c0 17.67 14.33 32 32 32h32c17.67 0 32-14.33 32-32V304h144c17.67 0 32-14.33 32-32v-32c0-17.67-14.33-32-32-32z\"><\/path><\/svg><\/span>\n\t\t<\/span>\n\n\t\t\t\t\t\t<\/summary>\n\t\t\t\t<div role=\"region\" aria-labelledby=\"e-n-accordion-item-4750\" class=\"elementor-element elementor-element-bb27fd0 e-con-full e-flex e-con e-child\" data-id=\"bb27fd0\" data-element_type=\"container\" data-e-type=\"container\">\n\t\t\t\t<div class=\"elementor-element elementor-element-3d6cad1 elementor-widget elementor-widget-text-editor\" data-id=\"3d6cad1\" data-element_type=\"widget\" data-e-type=\"widget\" data-widget_type=\"text-editor.default\">\n\t\t\t\t\t\t\t\t\t<ul>\n \t<li>Digital subjectivities and identity representation in social networks<\/li>\n \t<li>Artificial intelligence and the reproduction of social biases<\/li>\n\n \t<li>Algorithms, surveillance, and new forms of social control<\/li>\n\n \t<li>Marginalized identities and discriminatory technologies<\/li>\n\n \t<li>Youth, digital cultures and technopolitical self-affirmation<\/li>\n\n \t<li>Digital colonialism, technological infrastructures and critical epistemologies<\/li>\n\n \t<li>Bodies, data and bioidentity in times of digitization<\/li>\n\n \t<li>Emerging technologies, work and the precarization of labor identities<\/li>\n<\/ul>\t\t\t\t\t\t\t\t<\/div>\n\t\t\t\t<\/div>\n\t\t\t\t\t<\/details>\n\t\t\t\t\t<\/div>\n\t\t\t\t\t\t<\/div>\n\t\t\t\t<\/div>\n\t\t<div class=\"elementor-element elementor-element-2b68ddb e-con-full e-flex e-con e-child\" data-id=\"2b68ddb\" data-element_type=\"container\" data-e-type=\"container\">\n\t\t\t\t<div class=\"elementor-element elementor-element-6cfcb10 elementor-widget elementor-widget-image\" data-id=\"6cfcb10\" data-element_type=\"widget\" data-e-type=\"widget\" data-widget_type=\"image.default\">\n\t\t\t\t\t\t\t\t\t\t\t\t\t\t\t<img decoding=\"async\" width=\"1024\" height=\"683\" src=\"https:\/\/ciicis.ups.edu.ec\/wp-content\/uploads\/sites\/33\/2026\/02\/cultural-1024x683.jpg\" class=\"attachment-large size-large wp-image-1778\" alt=\"\" srcset=\"https:\/\/ciicis.ups.edu.ec\/wp-content\/uploads\/sites\/33\/2026\/02\/cultural-1024x683.jpg 1024w, https:\/\/ciicis.ups.edu.ec\/wp-content\/uploads\/sites\/33\/2026\/02\/cultural-300x200.jpg 300w, https:\/\/ciicis.ups.edu.ec\/wp-content\/uploads\/sites\/33\/2026\/02\/cultural-768x512.jpg 768w, https:\/\/ciicis.ups.edu.ec\/wp-content\/uploads\/sites\/33\/2026\/02\/cultural-18x12.jpg 18w, https:\/\/ciicis.ups.edu.ec\/wp-content\/uploads\/sites\/33\/2026\/02\/cultural.jpg 1536w\" sizes=\"(max-width: 1024px) 100vw, 1024px\" \/>\t\t\t\t\t\t\t\t\t\t\t\t\t\t\t<\/div>\n\t\t\t\t<div class=\"elementor-element elementor-element-a03c873 elementor-widget elementor-widget-text-editor\" data-id=\"a03c873\" data-element_type=\"widget\" data-e-type=\"widget\" data-widget_type=\"text-editor.default\">\n\t\t\t\t\t\t\t\t\t<p style=\"text-align: center\">Track 2<\/p><p style=\"text-align: center\"><span style=\"color: #03082b\"><strong>Cultural studies<\/strong><\/span><\/p>\t\t\t\t\t\t\t\t<\/div>\n\t\t\t\t<div class=\"elementor-element elementor-element-00d807e elementor-widget elementor-widget-text-editor\" data-id=\"00d807e\" data-element_type=\"widget\" data-e-type=\"widget\" data-widget_type=\"text-editor.default\">\n\t\t\t\t\t\t\t\t\t<p style=\"text-align: justify\"><strong>Impact of globalization on culture:<\/strong> Reflection on the cultural and social transformations resulting from global processes and homogenization.<\/p><p style=\"text-align: justify\"><b data-path-to-node=\"1,1,0\" data-index-in-node=\"0\">Identities in the face of technological advancement:<\/b> Comprehensive analysis of the contradictions between the preservation of sociocultural traits and the loss of identity in the face of technology.<\/p>\t\t\t\t\t\t\t\t<\/div>\n\t\t\t\t<div class=\"elementor-element elementor-element-f9171ed elementor-widget elementor-widget-text-editor\" data-id=\"f9171ed\" data-element_type=\"widget\" data-e-type=\"widget\" data-widget_type=\"text-editor.default\">\n\t\t\t\t\t\t\t\t\t<p style=\"text-align: justify\"><b data-path-to-node=\"1,2,0\" data-index-in-node=\"0\">New forms of coexistence and movements:<\/b> Study of how global exchanges generate emerging identities and new dynamics in social movements.<\/p>\t\t\t\t\t\t\t\t<\/div>\n\t\t\t\t<div class=\"elementor-element elementor-element-13c259e elementor-widget elementor-widget-text-editor\" data-id=\"13c259e\" data-element_type=\"widget\" data-e-type=\"widget\" data-widget_type=\"text-editor.default\">\n\t\t\t\t\t\t\t\t\t<p style=\"text-align: justify\"><b data-path-to-node=\"1,3,0\" data-index-in-node=\"0\">Countercultural processes:<\/b> Visibility of movements that challenge global norms to redefine social relations and the sense of community.<\/p>\t\t\t\t\t\t\t\t<\/div>\n\t\t\t\t<div class=\"elementor-element elementor-element-3ed46f6 elementor-widget elementor-widget-text-editor\" data-id=\"3ed46f6\" data-element_type=\"widget\" data-e-type=\"widget\" data-widget_type=\"text-editor.default\">\n\t\t\t\t\t\t\t\t\t<p style=\"text-align: center\">Track chair: Ana Castro, Ph.D. (c)<\/p>\t\t\t\t\t\t\t\t<\/div>\n\t\t\t\t<div class=\"elementor-element elementor-element-966ec62 elementor-widget elementor-widget-n-accordion\" data-id=\"966ec62\" data-element_type=\"widget\" data-e-type=\"widget\" data-settings=\"{&quot;default_state&quot;:&quot;all_collapsed&quot;,&quot;max_items_expended&quot;:&quot;one&quot;,&quot;n_accordion_animation_duration&quot;:{&quot;unit&quot;:&quot;ms&quot;,&quot;size&quot;:400,&quot;sizes&quot;:[]}}\" data-widget_type=\"nested-accordion.default\">\n\t\t\t\t\t\t\t<div class=\"e-n-accordion\" aria-label=\"Accordion. Open links with Enter or Space, close with Escape, and navigate with Arrow Keys\">\n\t\t\t\t\t\t<details id=\"e-n-accordion-item-1570\" class=\"e-n-accordion-item\" >\n\t\t\t\t<summary class=\"e-n-accordion-item-title\" data-accordion-index=\"1\" tabindex=\"0\" aria-expanded=\"false\" aria-controls=\"e-n-accordion-item-1570\" >\n\t\t\t\t\t<span class='e-n-accordion-item-title-header'><div class=\"e-n-accordion-item-title-text\"> Specific Thematic Lines <\/div><\/span>\n\t\t\t\t\t\t\t<span class='e-n-accordion-item-title-icon'>\n\t\t\t<span class='e-opened' ><svg aria-hidden=\"true\" class=\"e-font-icon-svg e-fas-minus\" viewbox=\"0 0 448 512\" xmlns=\"http:\/\/www.w3.org\/2000\/svg\"><path d=\"M416 208H32c-17.67 0-32 14.33-32 32v32c0 17.67 14.33 32 32 32h384c17.67 0 32-14.33 32-32v-32c0-17.67-14.33-32-32-32z\"><\/path><\/svg><\/span>\n\t\t\t<span class='e-closed'><svg aria-hidden=\"true\" class=\"e-font-icon-svg e-fas-plus\" viewbox=\"0 0 448 512\" xmlns=\"http:\/\/www.w3.org\/2000\/svg\"><path d=\"M416 208H272V64c0-17.67-14.33-32-32-32h-32c-17.67 0-32 14.33-32 32v144H32c-17.67 0-32 14.33-32 32v32c0 17.67 14.33 32 32 32h144v144c0 17.67 14.33 32 32 32h32c17.67 0 32-14.33 32-32V304h144c17.67 0 32-14.33 32-32v-32c0-17.67-14.33-32-32-32z\"><\/path><\/svg><\/span>\n\t\t<\/span>\n\n\t\t\t\t\t\t<\/summary>\n\t\t\t\t<div role=\"region\" aria-labelledby=\"e-n-accordion-item-1570\" class=\"elementor-element elementor-element-efc100e e-con-full e-flex e-con e-child\" data-id=\"efc100e\" data-element_type=\"container\" data-e-type=\"container\">\n\t\t\t\t<div class=\"elementor-element elementor-element-98ee168 elementor-widget elementor-widget-text-editor\" data-id=\"98ee168\" data-element_type=\"widget\" data-e-type=\"widget\" data-widget_type=\"text-editor.default\">\n\t\t\t\t\t\t\t\t\t\n<ul style=\"margin-top: 0cm\" type=\"disc\">\n \t<li class=\"MsoNormal\"><b><span lang=\"ES-EC\" style=\"font-family: 'Times New Roman',serif\">Identity, culture and social processes:\u00a0<\/span><\/b><span lang=\"ES-EC\" style=\"font-family: 'Times New Roman',serif\">symbolic representations, social construction, discursive practices, subjectivation, and social interaction.\u00a0<\/span><\/li>\n\n \t<li class=\"MsoNormal\"><span lang=\"ES-EC\" style=\"font-family: 'Times New Roman',serif\">Interculturality, cultural changes and social coexistence: subjects of action, social interaction and identity.\u00a0<\/span><\/li>\n\n \t<li class=\"MsoNormal\"><span lang=\"ES-EC\" style=\"font-family: 'Times New Roman',serif\">Digital culture: participation, rights, ethics and security.\u00a0<\/span><\/li>\n \t<li class=\"MsoNormal\"><span lang=\"ES-EC\" style=\"font-family: 'Times New Roman',serif\">Contemporary society and globalization: transformation of sociocultural practices.\u00a0<\/span><\/li>\n \t<li class=\"MsoNormal\"><span lang=\"ES-EC\" style=\"font-family: 'Times New Roman',serif\">Social movements, citizenship and digital participation.\u00a0<\/span><\/li>\n \t<li class=\"MsoNormal\"><span lang=\"ES-EC\" style=\"font-family: 'Times New Roman',serif\">Global and local dynamics surrounding social inequality and exclusion: culture, political socialization and cultural change.\u00a0<\/span><\/li>\n \t<li class=\"MsoNormal\"><span lang=\"ES-EC\" style=\"font-family: 'Times New Roman',serif\">Power structures, history and culture: gender violence in contemporary contexts, violence and social control.\u00a0<\/span><\/li>\n \t<li class=\"MsoNormal\"><span lang=\"ES-EC\" style=\"font-family: 'Times New Roman',serif\">Cultural homogenization and ethnophagy: acculturation, cultural exchange, counterculture, deculturation.\u00a0<\/span><\/li>\n \t<li class=\"MsoNormal\"><span lang=\"ES-EC\" style=\"font-family: 'Times New Roman',serif\">Health and globalization: ethnomedicine, emerging health movements, integrative medicine, and global health.\u00a0<\/span><\/li>\n<\/ul>\t\t\t\t\t\t\t\t<\/div>\n\t\t\t\t<\/div>\n\t\t\t\t\t<\/details>\n\t\t\t\t\t<\/div>\n\t\t\t\t\t\t<\/div>\n\t\t\t\t<\/div>\n\t\t<div class=\"elementor-element elementor-element-f4c0f78 e-con-full e-flex e-con e-child\" data-id=\"f4c0f78\" data-element_type=\"container\" data-e-type=\"container\">\n\t\t\t\t<div class=\"elementor-element elementor-element-8657522 elementor-widget elementor-widget-image\" data-id=\"8657522\" data-element_type=\"widget\" data-e-type=\"widget\" data-widget_type=\"image.default\">\n\t\t\t\t\t\t\t\t\t\t\t\t\t\t\t<img decoding=\"async\" width=\"1024\" height=\"683\" src=\"https:\/\/ciicis.ups.edu.ec\/wp-content\/uploads\/sites\/33\/2026\/02\/politica-1024x683.jpg\" class=\"attachment-large size-large wp-image-1779\" alt=\"\" srcset=\"https:\/\/ciicis.ups.edu.ec\/wp-content\/uploads\/sites\/33\/2026\/02\/politica-1024x683.jpg 1024w, https:\/\/ciicis.ups.edu.ec\/wp-content\/uploads\/sites\/33\/2026\/02\/politica-300x200.jpg 300w, https:\/\/ciicis.ups.edu.ec\/wp-content\/uploads\/sites\/33\/2026\/02\/politica-768x512.jpg 768w, https:\/\/ciicis.ups.edu.ec\/wp-content\/uploads\/sites\/33\/2026\/02\/politica-18x12.jpg 18w, https:\/\/ciicis.ups.edu.ec\/wp-content\/uploads\/sites\/33\/2026\/02\/politica.jpg 1536w\" sizes=\"(max-width: 1024px) 100vw, 1024px\" \/>\t\t\t\t\t\t\t\t\t\t\t\t\t\t\t<\/div>\n\t\t\t\t<div class=\"elementor-element elementor-element-e785974 elementor-widget elementor-widget-text-editor\" data-id=\"e785974\" data-element_type=\"widget\" data-e-type=\"widget\" data-widget_type=\"text-editor.default\">\n\t\t\t\t\t\t\t\t\t<p style=\"text-align: center\">Track 3<\/p><p style=\"text-align: center\"><span style=\"color: #03082b\"><strong>Politics and governance<\/strong><\/span><\/p>\t\t\t\t\t\t\t\t<\/div>\n\t\t\t\t<div class=\"elementor-element elementor-element-fcd69d2 elementor-widget elementor-widget-text-editor\" data-id=\"fcd69d2\" data-element_type=\"widget\" data-e-type=\"widget\" data-widget_type=\"text-editor.default\">\n\t\t\t\t\t\t\t\t\t<p style=\"text-align: justify\"><b data-path-to-node=\"1,0,0\" data-index-in-node=\"0\">Transformaci\u00f3n de la gobernanza y el Estado:<\/b> An\u00e1lisis de c\u00f3mo la digitalizaci\u00f3n, la crisis clim\u00e1tica y las migraciones reconfiguran la relaci\u00f3n entre el Estado, la sociedad y el sector privado.<\/p>\t\t\t\t\t\t\t\t<\/div>\n\t\t\t\t<div class=\"elementor-element elementor-element-3e0981b elementor-widget elementor-widget-text-editor\" data-id=\"3e0981b\" data-element_type=\"widget\" data-e-type=\"widget\" data-widget_type=\"text-editor.default\">\n\t\t\t\t\t\t\t\t\t<p style=\"text-align: justify\"><b data-path-to-node=\"1,1,0\" data-index-in-node=\"0\">Desaf\u00edos \u00e9ticos y gesti\u00f3n de datos:<\/b> Debate cr\u00edtico sobre el gobierno abierto, la transparencia y los retos \u00e9ticos que surgen en la administraci\u00f3n p\u00fablica contempor\u00e1nea.<\/p>\t\t\t\t\t\t\t\t<\/div>\n\t\t\t\t<div class=\"elementor-element elementor-element-bf1484f elementor-widget elementor-widget-text-editor\" data-id=\"bf1484f\" data-element_type=\"widget\" data-e-type=\"widget\" data-widget_type=\"text-editor.default\">\n\t\t\t\t\t\t\t\t\t<p style=\"text-align: justify\"><b data-path-to-node=\"1,2,0\" data-index-in-node=\"0\">Sostenibilidad y crisis globales:<\/b> Evaluaci\u00f3n de la respuesta institucional y el dise\u00f1o de pol\u00edticas ante las estructuras de poder actuales y la emergencia ambiental.<\/p>\t\t\t\t\t\t\t\t<\/div>\n\t\t\t\t<div class=\"elementor-element elementor-element-0adab3e elementor-widget elementor-widget-text-editor\" data-id=\"0adab3e\" data-element_type=\"widget\" data-e-type=\"widget\" data-widget_type=\"text-editor.default\">\n\t\t\t\t\t\t\t\t\t<p style=\"text-align: justify\"><b data-path-to-node=\"1,3,0\" data-index-in-node=\"0\">Participaci\u00f3n ciudadana emergente:<\/b> Investigaci\u00f3n de nuevos modelos de di\u00e1logo y democracia participativa para el dise\u00f1o y evaluaci\u00f3n de pol\u00edticas p\u00fablicas efectivas.<\/p>\t\t\t\t\t\t\t\t<\/div>\n\t\t\t\t<div class=\"elementor-element elementor-element-0c29937 elementor-widget elementor-widget-text-editor\" data-id=\"0c29937\" data-element_type=\"widget\" data-e-type=\"widget\" data-widget_type=\"text-editor.default\">\n\t\t\t\t\t\t\t\t\t<p style=\"text-align: center\">Track chair: Isabel Ramos, Ph.D.<\/p>\t\t\t\t\t\t\t\t<\/div>\n\t\t\t\t<div class=\"elementor-element elementor-element-0729c20 elementor-widget elementor-widget-n-accordion\" data-id=\"0729c20\" data-element_type=\"widget\" data-e-type=\"widget\" data-settings=\"{&quot;default_state&quot;:&quot;all_collapsed&quot;,&quot;max_items_expended&quot;:&quot;one&quot;,&quot;n_accordion_animation_duration&quot;:{&quot;unit&quot;:&quot;ms&quot;,&quot;size&quot;:400,&quot;sizes&quot;:[]}}\" data-widget_type=\"nested-accordion.default\">\n\t\t\t\t\t\t\t<div class=\"e-n-accordion\" aria-label=\"Accordion. Open links with Enter or Space, close with Escape, and navigate with Arrow Keys\">\n\t\t\t\t\t\t<details id=\"e-n-accordion-item-7510\" class=\"e-n-accordion-item\" >\n\t\t\t\t<summary class=\"e-n-accordion-item-title\" data-accordion-index=\"1\" tabindex=\"0\" aria-expanded=\"false\" aria-controls=\"e-n-accordion-item-7510\" >\n\t\t\t\t\t<span class='e-n-accordion-item-title-header'><div class=\"e-n-accordion-item-title-text\"> Specific Thematic Lines <\/div><\/span>\n\t\t\t\t\t\t\t<span class='e-n-accordion-item-title-icon'>\n\t\t\t<span class='e-opened' ><svg aria-hidden=\"true\" class=\"e-font-icon-svg e-fas-minus\" viewbox=\"0 0 448 512\" xmlns=\"http:\/\/www.w3.org\/2000\/svg\"><path d=\"M416 208H32c-17.67 0-32 14.33-32 32v32c0 17.67 14.33 32 32 32h384c17.67 0 32-14.33 32-32v-32c0-17.67-14.33-32-32-32z\"><\/path><\/svg><\/span>\n\t\t\t<span class='e-closed'><svg aria-hidden=\"true\" class=\"e-font-icon-svg e-fas-plus\" viewbox=\"0 0 448 512\" xmlns=\"http:\/\/www.w3.org\/2000\/svg\"><path d=\"M416 208H272V64c0-17.67-14.33-32-32-32h-32c-17.67 0-32 14.33-32 32v144H32c-17.67 0-32 14.33-32 32v32c0 17.67 14.33 32 32 32h144v144c0 17.67 14.33 32 32 32h32c17.67 0 32-14.33 32-32V304h144c17.67 0 32-14.33 32-32v-32c0-17.67-14.33-32-32-32z\"><\/path><\/svg><\/span>\n\t\t<\/span>\n\n\t\t\t\t\t\t<\/summary>\n\t\t\t\t<div role=\"region\" aria-labelledby=\"e-n-accordion-item-7510\" class=\"elementor-element elementor-element-c539ce7 e-con-full e-flex e-con e-child\" data-id=\"c539ce7\" data-element_type=\"container\" data-e-type=\"container\">\n\t\t\t\t<div class=\"elementor-element elementor-element-f18654a elementor-widget elementor-widget-text-editor\" data-id=\"f18654a\" data-element_type=\"widget\" data-e-type=\"widget\" data-widget_type=\"text-editor.default\">\n\t\t\t\t\t\t\t\t\t<ul>\n \t<li>Participaci\u00f3n ciudadana, democracia y transparencia<\/li>\n \t<li>Migraci\u00f3n forzada, desplazamiento y violencia estructural<\/li>\n \t<li>Ecolog\u00eda y justicia socioambiental<\/li>\n \t<li>Inteligencia Artificial y desaf\u00edos globales<\/li>\n \t<li>Crimen organizado, narcotr\u00e1fico y seguridad ciudadana<\/li>\n \t<li>Gobierno abierto<\/li>\n \t<li>Gobernabilidad frente a crisis clim\u00e1ticas y desastres socioambientales<\/li>\n \t<li>Migraci\u00f3n, derechos humanos y pol\u00edticas de inclusi\u00f3n social<\/li>\n \t<li>Corrupci\u00f3n sist\u00e9mica y desaf\u00edos a la legitimidad democr\u00e1tica<\/li>\n \t<li>Desigualdad, pobreza y pol\u00edticas p\u00fablicas de redistribuci\u00f3n<\/li>\n \t<li>Seguridad, violencia estructural y derechos en Am\u00e9rica Latina<\/li>\n \t<li>Comunicaci\u00f3n p\u00fablica, desinformaci\u00f3n y gesti\u00f3n pol\u00edtica del conocimiento<\/li>\n\n<li>Feminismo, interseccionalidad y pol\u00edticas de cuidado en la gobernanza p\u00fablica<\/li><\/ul>\t\t\t\t\t\t\t\t<\/div>\n\t\t\t\t<\/div>\n\t\t\t\t\t<\/details>\n\t\t\t\t\t<\/div>\n\t\t\t\t\t\t<\/div>\n\t\t\t\t<\/div>\n\t\t\t\t<\/div>\n\t\t<div class=\"elementor-element elementor-element-3fad2d3 e-con-full e-flex e-con e-child\" data-id=\"3fad2d3\" data-element_type=\"container\" data-e-type=\"container\">\n\t\t<div class=\"elementor-element elementor-element-27f0508 e-con-full e-flex e-con e-child\" data-id=\"27f0508\" data-element_type=\"container\" data-e-type=\"container\">\n\t\t<div class=\"elementor-element elementor-element-ba6d4fb e-con-full e-flex e-con e-child\" data-id=\"ba6d4fb\" data-element_type=\"container\" data-e-type=\"container\">\n\t\t<div class=\"elementor-element elementor-element-498e599 e-con-full e-flex e-con e-child\" data-id=\"498e599\" data-element_type=\"container\" data-e-type=\"container\">\n\t\t\t\t<div class=\"elementor-element elementor-element-8ae483f elementor-widget elementor-widget-image\" data-id=\"8ae483f\" data-element_type=\"widget\" data-e-type=\"widget\" data-widget_type=\"image.default\">\n\t\t\t\t\t\t\t\t\t\t\t\t\t\t\t<img loading=\"lazy\" decoding=\"async\" width=\"1024\" height=\"683\" src=\"https:\/\/ciicis.ups.edu.ec\/wp-content\/uploads\/sites\/33\/2026\/02\/comuni-1024x683.jpg\" class=\"attachment-large size-large wp-image-1783\" alt=\"\" srcset=\"https:\/\/ciicis.ups.edu.ec\/wp-content\/uploads\/sites\/33\/2026\/02\/comuni-1024x683.jpg 1024w, https:\/\/ciicis.ups.edu.ec\/wp-content\/uploads\/sites\/33\/2026\/02\/comuni-300x200.jpg 300w, https:\/\/ciicis.ups.edu.ec\/wp-content\/uploads\/sites\/33\/2026\/02\/comuni-768x512.jpg 768w, https:\/\/ciicis.ups.edu.ec\/wp-content\/uploads\/sites\/33\/2026\/02\/comuni-18x12.jpg 18w, https:\/\/ciicis.ups.edu.ec\/wp-content\/uploads\/sites\/33\/2026\/02\/comuni.jpg 1536w\" sizes=\"(max-width: 1024px) 100vw, 1024px\" \/>\t\t\t\t\t\t\t\t\t\t\t\t\t\t\t<\/div>\n\t\t\t\t<div class=\"elementor-element elementor-element-a2ba58e elementor-widget elementor-widget-text-editor\" data-id=\"a2ba58e\" data-element_type=\"widget\" data-e-type=\"widget\" data-widget_type=\"text-editor.default\">\n\t\t\t\t\t\t\t\t\t<p style=\"text-align: center\">Track 4<\/p><p style=\"text-align: center\"><span style=\"color: #03082b\"><strong>Social Communication in the Age of Artificial Intelligence<\/strong><\/span><\/p>\t\t\t\t\t\t\t\t<\/div>\n\t\t\t\t<div class=\"elementor-element elementor-element-a689489 elementor-widget elementor-widget-text-editor\" data-id=\"a689489\" data-element_type=\"widget\" data-e-type=\"widget\" data-widget_type=\"text-editor.default\">\n\t\t\t\t\t\t\t\t\t<p style=\"text-align: justify\"><b data-path-to-node=\"1,0,0\" data-index-in-node=\"0\">Impacto de la IA en la comunicaci\u00f3n social:<\/b> An\u00e1lisis de c\u00f3mo el uso de algoritmos y la generaci\u00f3n autom\u00e1tica de contenidos reconfiguran la relaci\u00f3n con las audiencias.<\/p>\t\t\t\t\t\t\t\t<\/div>\n\t\t\t\t<div class=\"elementor-element elementor-element-7afb88e elementor-widget elementor-widget-text-editor\" data-id=\"7afb88e\" data-element_type=\"widget\" data-e-type=\"widget\" data-widget_type=\"text-editor.default\">\n\t\t\t\t\t\t\t\t\t<p style=\"text-align: justify\"><b data-path-to-node=\"1,1,0\" data-index-in-node=\"0\">Desaf\u00edos \u00e9ticos y desinformaci\u00f3n:<\/b> Debate sobre los riesgos de los <i data-path-to-node=\"1,1,0\" data-index-in-node=\"66\">deepfakes<\/i> y la automatizaci\u00f3n frente a la veracidad y el rigor period\u00edstico.<\/p>\t\t\t\t\t\t\t\t<\/div>\n\t\t\t\t<div class=\"elementor-element elementor-element-ecde3bb elementor-widget elementor-widget-text-editor\" data-id=\"ecde3bb\" data-element_type=\"widget\" data-e-type=\"widget\" data-widget_type=\"text-editor.default\">\n\t\t\t\t\t\t\t\t\t<p style=\"text-align: justify\"><b data-path-to-node=\"1,2,0\" data-index-in-node=\"0\">Rol del comunicador ante la tecnolog\u00eda:<\/b> Reflexi\u00f3n sobre la funci\u00f3n del profesional de la comunicaci\u00f3n en un entorno de creciente automatizaci\u00f3n y vigilancia.<\/p>\t\t\t\t\t\t\t\t<\/div>\n\t\t\t\t<div class=\"elementor-element elementor-element-d5c2c7c elementor-widget elementor-widget-text-editor\" data-id=\"d5c2c7c\" data-element_type=\"widget\" data-e-type=\"widget\" data-widget_type=\"text-editor.default\">\n\t\t\t\t\t\t\t\t\t<p style=\"text-align: justify\"><b data-path-to-node=\"1,3,0\" data-index-in-node=\"0\">Marcos para una comunicaci\u00f3n humana:<\/b> Fomento de di\u00e1logos interdisciplinarios para garantizar la privacidad, la democracia y la sostenibilidad \u00e9tica en el futuro digital.<\/p>\t\t\t\t\t\t\t\t<\/div>\n\t\t\t\t<div class=\"elementor-element elementor-element-bb36d9a elementor-widget elementor-widget-text-editor\" data-id=\"bb36d9a\" data-element_type=\"widget\" data-e-type=\"widget\" data-widget_type=\"text-editor.default\">\n\t\t\t\t\t\t\t\t\t<p style=\"text-align: center\">Track chair: Roberto S\u00e1nchez, Ph.D.<\/p>\t\t\t\t\t\t\t\t<\/div>\n\t\t\t\t<div class=\"elementor-element elementor-element-24e81f7 elementor-widget elementor-widget-n-accordion\" data-id=\"24e81f7\" data-element_type=\"widget\" data-e-type=\"widget\" data-settings=\"{&quot;default_state&quot;:&quot;all_collapsed&quot;,&quot;max_items_expended&quot;:&quot;one&quot;,&quot;n_accordion_animation_duration&quot;:{&quot;unit&quot;:&quot;ms&quot;,&quot;size&quot;:400,&quot;sizes&quot;:[]}}\" data-widget_type=\"nested-accordion.default\">\n\t\t\t\t\t\t\t<div class=\"e-n-accordion\" aria-label=\"Accordion. Open links with Enter or Space, close with Escape, and navigate with Arrow Keys\">\n\t\t\t\t\t\t<details id=\"e-n-accordion-item-3860\" class=\"e-n-accordion-item\" >\n\t\t\t\t<summary class=\"e-n-accordion-item-title\" data-accordion-index=\"1\" tabindex=\"0\" aria-expanded=\"false\" aria-controls=\"e-n-accordion-item-3860\" >\n\t\t\t\t\t<span class='e-n-accordion-item-title-header'><div class=\"e-n-accordion-item-title-text\"> Specific Thematic Lines <\/div><\/span>\n\t\t\t\t\t\t\t<span class='e-n-accordion-item-title-icon'>\n\t\t\t<span class='e-opened' ><svg aria-hidden=\"true\" class=\"e-font-icon-svg e-fas-minus\" viewbox=\"0 0 448 512\" xmlns=\"http:\/\/www.w3.org\/2000\/svg\"><path d=\"M416 208H32c-17.67 0-32 14.33-32 32v32c0 17.67 14.33 32 32 32h384c17.67 0 32-14.33 32-32v-32c0-17.67-14.33-32-32-32z\"><\/path><\/svg><\/span>\n\t\t\t<span class='e-closed'><svg aria-hidden=\"true\" class=\"e-font-icon-svg e-fas-plus\" viewbox=\"0 0 448 512\" xmlns=\"http:\/\/www.w3.org\/2000\/svg\"><path d=\"M416 208H272V64c0-17.67-14.33-32-32-32h-32c-17.67 0-32 14.33-32 32v144H32c-17.67 0-32 14.33-32 32v32c0 17.67 14.33 32 32 32h144v144c0 17.67 14.33 32 32 32h32c17.67 0 32-14.33 32-32V304h144c17.67 0 32-14.33 32-32v-32c0-17.67-14.33-32-32-32z\"><\/path><\/svg><\/span>\n\t\t<\/span>\n\n\t\t\t\t\t\t<\/summary>\n\t\t\t\t<div role=\"region\" aria-labelledby=\"e-n-accordion-item-3860\" class=\"elementor-element elementor-element-e77337a e-con-full e-flex e-con e-child\" data-id=\"e77337a\" data-element_type=\"container\" data-e-type=\"container\">\n\t\t\t\t<div class=\"elementor-element elementor-element-93e1a75 elementor-widget elementor-widget-text-editor\" data-id=\"93e1a75\" data-element_type=\"widget\" data-e-type=\"widget\" data-widget_type=\"text-editor.default\">\n\t\t\t\t\t\t\t\t\t<ul><li>Culturas juveniles y consumos digitales\u00a0<\/li><li>\u00c9tica y desaf\u00edos en la comunicaci\u00f3n digital\u00a0<\/li><li>Desinformaci\u00f3n, manipulaci\u00f3n y responsabilidad en la era de la IA\u00a0<\/li><li>Formaci\u00f3n del comunicador social en la era digital\u00a0<\/li><li>Ciudadan\u00eda digital y alfabetizaci\u00f3n medi\u00e1tica frente a la IA\u00a0<\/li><li>Pol\u00edticas de comunicaci\u00f3n y marcos legales para el uso de IA\u00a0<\/li><li>Comunicaci\u00f3n estrat\u00e9gica para entornos digitalizados\u00a0\u00a0<\/li><li>Redes sociales y participaci\u00f3n pol\u00edtica ciudadana\u00a0<\/li><li>Narrativas transmedia y storytelling digital\u00a0<\/li><li>Comunicar la esperanza en la red\u00a0<\/li><li>Comunicaci\u00f3n pastoral en tiempos de IA\u00a0<\/li><li>Comunicaci\u00f3n y educaci\u00f3n<\/li><li>Comunicaci\u00f3n comunitaria y cambio social<\/li><\/ul>\t\t\t\t\t\t\t\t<\/div>\n\t\t\t\t<\/div>\n\t\t\t\t\t<\/details>\n\t\t\t\t\t<\/div>\n\t\t\t\t\t\t<\/div>\n\t\t\t\t<\/div>\n\t\t\t\t<\/div>\n\t\t<div class=\"elementor-element elementor-element-9b9579e e-con-full e-flex e-con e-child\" data-id=\"9b9579e\" data-element_type=\"container\" data-e-type=\"container\">\n\t\t<div class=\"elementor-element elementor-element-86af2cb e-con-full e-flex e-con e-child\" data-id=\"86af2cb\" data-element_type=\"container\" data-e-type=\"container\">\n\t\t\t\t<div class=\"elementor-element elementor-element-eb92e40 elementor-widget elementor-widget-image\" data-id=\"eb92e40\" data-element_type=\"widget\" data-e-type=\"widget\" data-widget_type=\"image.default\">\n\t\t\t\t\t\t\t\t\t\t\t\t\t\t\t<img loading=\"lazy\" decoding=\"async\" width=\"1024\" height=\"683\" src=\"https:\/\/ciicis.ups.edu.ec\/wp-content\/uploads\/sites\/33\/2026\/02\/multimedia-1024x683.jpg\" class=\"attachment-large size-large wp-image-1787\" alt=\"\" srcset=\"https:\/\/ciicis.ups.edu.ec\/wp-content\/uploads\/sites\/33\/2026\/02\/multimedia-1024x683.jpg 1024w, https:\/\/ciicis.ups.edu.ec\/wp-content\/uploads\/sites\/33\/2026\/02\/multimedia-300x200.jpg 300w, https:\/\/ciicis.ups.edu.ec\/wp-content\/uploads\/sites\/33\/2026\/02\/multimedia-768x512.jpg 768w, https:\/\/ciicis.ups.edu.ec\/wp-content\/uploads\/sites\/33\/2026\/02\/multimedia-18x12.jpg 18w, https:\/\/ciicis.ups.edu.ec\/wp-content\/uploads\/sites\/33\/2026\/02\/multimedia.jpg 1536w\" sizes=\"(max-width: 1024px) 100vw, 1024px\" \/>\t\t\t\t\t\t\t\t\t\t\t\t\t\t\t<\/div>\n\t\t\t\t<div class=\"elementor-element elementor-element-5532c22 elementor-widget elementor-widget-text-editor\" data-id=\"5532c22\" data-element_type=\"widget\" data-e-type=\"widget\" data-widget_type=\"text-editor.default\">\n\t\t\t\t\t\t\t\t\t<p style=\"text-align: center\">Track 5<\/p><p style=\"text-align: center\"><span style=\"color: #03082b\"><strong>Multimedia design, innovation, interaction, and accessibility<\/strong><\/span><\/p>\t\t\t\t\t\t\t\t<\/div>\n\t\t\t\t<div class=\"elementor-element elementor-element-a2d1ca7 elementor-widget elementor-widget-text-editor\" data-id=\"a2d1ca7\" data-element_type=\"widget\" data-e-type=\"widget\" data-widget_type=\"text-editor.default\">\n\t\t\t\t\t\t\t\t\t<p style=\"text-align: justify\"><b data-path-to-node=\"1,0,0\" data-index-in-node=\"0\">Dise\u00f1o multimedia como articulador estrat\u00e9gico:<\/b> An\u00e1lisis del dise\u00f1o en procesos comunicativos, educativos y culturales, integrando arte, ciencia y tecnolog\u00eda para el cambio social.<\/p>\t\t\t\t\t\t\t\t<\/div>\n\t\t\t\t<div class=\"elementor-element elementor-element-ab71d5b elementor-widget elementor-widget-text-editor\" data-id=\"ab71d5b\" data-element_type=\"widget\" data-e-type=\"widget\" data-widget_type=\"text-editor.default\">\n\t\t\t\t\t\t\t\t\t<p style=\"text-align: justify\"><b data-path-to-node=\"1,1,0\" data-index-in-node=\"0\">Experiencias inmersivas y nuevas subjetividades:<\/b> Estudio de c\u00f3mo las interfaces, las realidades extendidas y los entornos interactivos configuran nuevas formas de consumo cultural.<\/p>\t\t\t\t\t\t\t\t<\/div>\n\t\t\t\t<div class=\"elementor-element elementor-element-fe397fd elementor-widget elementor-widget-text-editor\" data-id=\"fe397fd\" data-element_type=\"widget\" data-e-type=\"widget\" data-widget_type=\"text-editor.default\">\n\t\t\t\t\t\t\t\t\t<p style=\"text-align: justify\"><b data-path-to-node=\"1,2,0\" data-index-in-node=\"0\">Accesibilidad e inclusi\u00f3n centrada en el usuario:<\/b><span class=\"citation-1 citation-end-1\"> Enfoque en estrategias que garantizan la accesibilidad sensorial, cognitiva y social para la creaci\u00f3n de entornos digitales inclusivos.<\/span><\/p>\t\t\t\t\t\t\t\t<\/div>\n\t\t\t\t<div class=\"elementor-element elementor-element-4c371e0 elementor-widget elementor-widget-text-editor\" data-id=\"4c371e0\" data-element_type=\"widget\" data-e-type=\"widget\" data-widget_type=\"text-editor.default\">\n\t\t\t\t\t\t\t\t\t<p style=\"text-align: justify\"><b data-path-to-node=\"1,3,0\" data-index-in-node=\"0\">Innovaci\u00f3n y est\u00e9ticas tecnol\u00f3gicas:<\/b> Exploraci\u00f3n de aportes en gamificaci\u00f3n, est\u00e9ticas algor\u00edtmicas e inteligencia artificial generativa como pr\u00e1cticas transformadoras de problem\u00e1ticas sociales.<\/p>\t\t\t\t\t\t\t\t<\/div>\n\t\t\t\t<div class=\"elementor-element elementor-element-df7a572 elementor-widget elementor-widget-text-editor\" data-id=\"df7a572\" data-element_type=\"widget\" data-e-type=\"widget\" data-widget_type=\"text-editor.default\">\n\t\t\t\t\t\t\t\t\t<p style=\"text-align: center\">Track chair: Esteban Plaza, Ph.D. (c)<\/p>\t\t\t\t\t\t\t\t<\/div>\n\t\t\t\t<div class=\"elementor-element elementor-element-66ec63d elementor-widget elementor-widget-n-accordion\" data-id=\"66ec63d\" data-element_type=\"widget\" data-e-type=\"widget\" data-settings=\"{&quot;default_state&quot;:&quot;all_collapsed&quot;,&quot;max_items_expended&quot;:&quot;one&quot;,&quot;n_accordion_animation_duration&quot;:{&quot;unit&quot;:&quot;ms&quot;,&quot;size&quot;:400,&quot;sizes&quot;:[]}}\" data-widget_type=\"nested-accordion.default\">\n\t\t\t\t\t\t\t<div class=\"e-n-accordion\" aria-label=\"Accordion. Open links with Enter or Space, close with Escape, and navigate with Arrow Keys\">\n\t\t\t\t\t\t<details id=\"e-n-accordion-item-1070\" class=\"e-n-accordion-item\" >\n\t\t\t\t<summary class=\"e-n-accordion-item-title\" data-accordion-index=\"1\" tabindex=\"0\" aria-expanded=\"false\" aria-controls=\"e-n-accordion-item-1070\" >\n\t\t\t\t\t<span class='e-n-accordion-item-title-header'><div class=\"e-n-accordion-item-title-text\"> Specific Thematic Lines <\/div><\/span>\n\t\t\t\t\t\t\t<span class='e-n-accordion-item-title-icon'>\n\t\t\t<span class='e-opened' ><svg aria-hidden=\"true\" class=\"e-font-icon-svg e-fas-minus\" viewbox=\"0 0 448 512\" xmlns=\"http:\/\/www.w3.org\/2000\/svg\"><path d=\"M416 208H32c-17.67 0-32 14.33-32 32v32c0 17.67 14.33 32 32 32h384c17.67 0 32-14.33 32-32v-32c0-17.67-14.33-32-32-32z\"><\/path><\/svg><\/span>\n\t\t\t<span class='e-closed'><svg aria-hidden=\"true\" class=\"e-font-icon-svg e-fas-plus\" viewbox=\"0 0 448 512\" xmlns=\"http:\/\/www.w3.org\/2000\/svg\"><path d=\"M416 208H272V64c0-17.67-14.33-32-32-32h-32c-17.67 0-32 14.33-32 32v144H32c-17.67 0-32 14.33-32 32v32c0 17.67 14.33 32 32 32h144v144c0 17.67 14.33 32 32 32h32c17.67 0 32-14.33 32-32V304h144c17.67 0 32-14.33 32-32v-32c0-17.67-14.33-32-32-32z\"><\/path><\/svg><\/span>\n\t\t<\/span>\n\n\t\t\t\t\t\t<\/summary>\n\t\t\t\t<div role=\"region\" aria-labelledby=\"e-n-accordion-item-1070\" class=\"elementor-element elementor-element-9188cd5 e-con-full e-flex e-con e-child\" data-id=\"9188cd5\" data-element_type=\"container\" data-e-type=\"container\">\n\t\t\t\t<div class=\"elementor-element elementor-element-03ad078 elementor-widget elementor-widget-text-editor\" data-id=\"03ad078\" data-element_type=\"widget\" data-e-type=\"widget\" data-widget_type=\"text-editor.default\">\n\t\t\t\t\t\t\t\t\t<ul>\n \t<li>Dise\u00f1o de centrado en el usuario y accesibilidad.<\/li>\n\n \t<li>Producci\u00f3n experimental de nuevos medios.<\/li>\n\n \t<li>Gamificaci\u00f3n y din\u00e1micas educativas\/sociales.<\/li>\n\n \t<li>Desarrollo de experiencias en entornos inmersivos (RA, RV, RM y XR)<\/li>\n\n \t<li>Arte, ciencia y tecnolog\u00eda para la transformaci\u00f3n social.<\/li>\n\n \t<li>Cultura visual y cultura de consumo.<\/li>\n\n \t<li>Est\u00e9tica algor\u00edtmica, narrativa generativa y creatividad computacional (IA).<\/li>\n\n \t<li>Accesibilidad tangible e intangible (urbanidad y virtualidad).<\/li>\n\n \t<li>Interacci\u00f3n humano-computadora y subjetividades digitales.<\/li>\n\n \t<li>Dise\u00f1o y patrimonio.<\/li>\n<\/ul>\t\t\t\t\t\t\t\t<\/div>\n\t\t\t\t<\/div>\n\t\t\t\t\t<\/details>\n\t\t\t\t\t<\/div>\n\t\t\t\t\t\t<\/div>\n\t\t\t\t<\/div>\n\t\t\t\t<\/div>\n\t\t\t\t<\/div>\n\t\t\t\t<div class=\"elementor-element elementor-element-d176b13 elementor-align-center elementor-widget elementor-widget-elementskit-button\" data-id=\"d176b13\" data-element_type=\"widget\" data-e-type=\"widget\" data-widget_type=\"elementskit-button.default\">\n\t\t\t\t\t<div class=\"ekit-wid-con\" >\t\t<div class=\"ekit-btn-wraper\">\n\t\t\t\t\t\t\t<a href=\"https:\/\/ciicis.ups.edu.ec\/en\/conferencistas\/\" class=\"elementskit-btn  whitespace--normal\" id=\"\">\n\t\t\t\t\tMeet the Speakers\t\t\t\t<\/a>\n\t\t\t\t\t<\/div>\n        <\/div>\t\t\t\t<\/div>\n\t\t\t\t<\/div>\n\t\t\t\t\t<\/div>\n\t\t\t\t<\/div>\n\t\t<div class=\"elementor-element elementor-element-01b4c33 e-flex e-con-boxed e-con e-parent\" data-id=\"01b4c33\" data-element_type=\"container\" data-e-type=\"container\" data-settings=\"{&quot;background_background&quot;:&quot;classic&quot;}\">\n\t\t\t\t\t<div class=\"e-con-inner\">\n\t\t<div class=\"elementor-element elementor-element-47ca07e e-con-full e-flex e-con e-child\" data-id=\"47ca07e\" data-element_type=\"container\" data-e-type=\"container\">\n\t\t\t\t<div class=\"elementor-element elementor-element-b9188c1 elementor-widget elementor-widget-text-editor\" data-id=\"b9188c1\" data-element_type=\"widget\" data-e-type=\"widget\" data-widget_type=\"text-editor.default\">\n\t\t\t\t\t\t\t\t\t<p><span style=\"color: #031b38\">Lineamientos para el env\u00edo de art\u00edculos completos<\/span><\/p>\t\t\t\t\t\t\t\t<\/div>\n\t\t\t\t<\/div>\n\t\t\t\t<div class=\"elementor-element elementor-element-c80a194 elementor-widget elementor-widget-n-accordion\" data-id=\"c80a194\" data-element_type=\"widget\" data-e-type=\"widget\" data-settings=\"{&quot;default_state&quot;:&quot;all_collapsed&quot;,&quot;max_items_expended&quot;:&quot;one&quot;,&quot;n_accordion_animation_duration&quot;:{&quot;unit&quot;:&quot;ms&quot;,&quot;size&quot;:400,&quot;sizes&quot;:[]}}\" data-widget_type=\"nested-accordion.default\">\n\t\t\t\t\t\t\t<div class=\"e-n-accordion\" aria-label=\"Accordion. Open links with Enter or Space, close with Escape, and navigate with Arrow Keys\">\n\t\t\t\t\t\t<details id=\"e-n-accordion-item-2090\" class=\"e-n-accordion-item\" >\n\t\t\t\t<summary class=\"e-n-accordion-item-title\" data-accordion-index=\"1\" tabindex=\"0\" aria-expanded=\"false\" aria-controls=\"e-n-accordion-item-2090\" >\n\t\t\t\t\t<span class='e-n-accordion-item-title-header'><div class=\"e-n-accordion-item-title-text\"> Formato y env\u00edo <\/div><\/span>\n\t\t\t\t\t\t\t<span class='e-n-accordion-item-title-icon'>\n\t\t\t<span class='e-opened' ><svg aria-hidden=\"true\" class=\"e-font-icon-svg e-fas-minus\" viewbox=\"0 0 448 512\" xmlns=\"http:\/\/www.w3.org\/2000\/svg\"><path d=\"M416 208H32c-17.67 0-32 14.33-32 32v32c0 17.67 14.33 32 32 32h384c17.67 0 32-14.33 32-32v-32c0-17.67-14.33-32-32-32z\"><\/path><\/svg><\/span>\n\t\t\t<span class='e-closed'><svg aria-hidden=\"true\" class=\"e-font-icon-svg e-fas-plus\" viewbox=\"0 0 448 512\" xmlns=\"http:\/\/www.w3.org\/2000\/svg\"><path d=\"M416 208H272V64c0-17.67-14.33-32-32-32h-32c-17.67 0-32 14.33-32 32v144H32c-17.67 0-32 14.33-32 32v32c0 17.67 14.33 32 32 32h144v144c0 17.67 14.33 32 32 32h32c17.67 0 32-14.33 32-32V304h144c17.67 0 32-14.33 32-32v-32c0-17.67-14.33-32-32-32z\"><\/path><\/svg><\/span>\n\t\t<\/span>\n\n\t\t\t\t\t\t<\/summary>\n\t\t\t\t<div role=\"region\" aria-labelledby=\"e-n-accordion-item-2090\" class=\"elementor-element elementor-element-b147b8e e-con-full e-flex e-con e-child\" data-id=\"b147b8e\" data-element_type=\"container\" data-e-type=\"container\">\n\t\t\t\t<div class=\"elementor-element elementor-element-3994a1b elementor-widget elementor-widget-text-editor\" data-id=\"3994a1b\" data-element_type=\"widget\" data-e-type=\"widget\" data-widget_type=\"text-editor.default\">\n\t\t\t\t\t\t\t\t\t<ul><li><span style=\"color: #000000\">Los manuscritos deber\u00e1n enviarse exclusivamente en formato PDF a trav\u00e9s de la plataforma EasyChair.<\/span><\/li><li><span style=\"color: #000000\">El documento debe presentarse sin datos de autor\u00eda, en cumplimiento del proceso de revisi\u00f3n por pares doble ciego.<\/span><\/li><li><span style=\"color: #000000\">Los art\u00edculos para ser publicados en Scopus deber\u00e1n estar escritos en ingl\u00e9s.<\/span><\/li><li><span style=\"color: #000000\">Los art\u00edculos para ser publicados en cap\u00edtulos de libros deber\u00e1n estar escritos en espa\u00f1ol<\/span><\/li><li><span style=\"color: #000000\">Extensi\u00f3n: 12 a 15 p\u00e1ginas, incluyendo referencias, tablas y figuras.<\/span><\/li><li><span style=\"color: #000000\">Los trabajos que no cumplan estos requisitos ser\u00e1n rechazados.<\/span><\/li><\/ul>\t\t\t\t\t\t\t\t<\/div>\n\t\t\t\t<\/div>\n\t\t\t\t\t<\/details>\n\t\t\t\t\t\t<details id=\"e-n-accordion-item-2091\" class=\"e-n-accordion-item\" >\n\t\t\t\t<summary class=\"e-n-accordion-item-title\" data-accordion-index=\"2\" tabindex=\"-1\" aria-expanded=\"false\" aria-controls=\"e-n-accordion-item-2091\" >\n\t\t\t\t\t<span class='e-n-accordion-item-title-header'><div class=\"e-n-accordion-item-title-text\"> Originalidad y pertinencia <\/div><\/span>\n\t\t\t\t\t\t\t<span class='e-n-accordion-item-title-icon'>\n\t\t\t<span class='e-opened' ><svg aria-hidden=\"true\" class=\"e-font-icon-svg e-fas-minus\" viewbox=\"0 0 448 512\" xmlns=\"http:\/\/www.w3.org\/2000\/svg\"><path d=\"M416 208H32c-17.67 0-32 14.33-32 32v32c0 17.67 14.33 32 32 32h384c17.67 0 32-14.33 32-32v-32c0-17.67-14.33-32-32-32z\"><\/path><\/svg><\/span>\n\t\t\t<span class='e-closed'><svg aria-hidden=\"true\" class=\"e-font-icon-svg e-fas-plus\" viewbox=\"0 0 448 512\" xmlns=\"http:\/\/www.w3.org\/2000\/svg\"><path d=\"M416 208H272V64c0-17.67-14.33-32-32-32h-32c-17.67 0-32 14.33-32 32v144H32c-17.67 0-32 14.33-32 32v32c0 17.67 14.33 32 32 32h144v144c0 17.67 14.33 32 32 32h32c17.67 0 32-14.33 32-32V304h144c17.67 0 32-14.33 32-32v-32c0-17.67-14.33-32-32-32z\"><\/path><\/svg><\/span>\n\t\t<\/span>\n\n\t\t\t\t\t\t<\/summary>\n\t\t\t\t<div role=\"region\" aria-labelledby=\"e-n-accordion-item-2091\" class=\"elementor-element elementor-element-495be26 e-con-full e-flex e-con e-child\" data-id=\"495be26\" data-element_type=\"container\" data-e-type=\"container\">\n\t\t\t\t<div class=\"elementor-element elementor-element-354dfd3 elementor-widget elementor-widget-text-editor\" data-id=\"354dfd3\" data-element_type=\"widget\" data-e-type=\"widget\" data-widget_type=\"text-editor.default\">\n\t\t\t\t\t\t\t\t\t<ul><li><span style=\"color: #000000\">Los art\u00edculos deben ser originales e in\u00e9ditos y estar alineados con uno o m\u00e1s ejes tem\u00e1ticos del CIICIS 2026.<\/span><\/li><\/ul>\t\t\t\t\t\t\t\t<\/div>\n\t\t\t\t<\/div>\n\t\t\t\t\t<\/details>\n\t\t\t\t\t\t<details id=\"e-n-accordion-item-2092\" class=\"e-n-accordion-item\" >\n\t\t\t\t<summary class=\"e-n-accordion-item-title\" data-accordion-index=\"3\" tabindex=\"-1\" aria-expanded=\"false\" aria-controls=\"e-n-accordion-item-2092\" >\n\t\t\t\t\t<span class='e-n-accordion-item-title-header'><div class=\"e-n-accordion-item-title-text\"> Formato y calidad <\/div><\/span>\n\t\t\t\t\t\t\t<span class='e-n-accordion-item-title-icon'>\n\t\t\t<span class='e-opened' ><svg aria-hidden=\"true\" class=\"e-font-icon-svg e-fas-minus\" viewbox=\"0 0 448 512\" xmlns=\"http:\/\/www.w3.org\/2000\/svg\"><path d=\"M416 208H32c-17.67 0-32 14.33-32 32v32c0 17.67 14.33 32 32 32h384c17.67 0 32-14.33 32-32v-32c0-17.67-14.33-32-32-32z\"><\/path><\/svg><\/span>\n\t\t\t<span class='e-closed'><svg aria-hidden=\"true\" class=\"e-font-icon-svg e-fas-plus\" viewbox=\"0 0 448 512\" xmlns=\"http:\/\/www.w3.org\/2000\/svg\"><path d=\"M416 208H272V64c0-17.67-14.33-32-32-32h-32c-17.67 0-32 14.33-32 32v144H32c-17.67 0-32 14.33-32 32v32c0 17.67 14.33 32 32 32h144v144c0 17.67 14.33 32 32 32h32c17.67 0 32-14.33 32-32V304h144c17.67 0 32-14.33 32-32v-32c0-17.67-14.33-32-32-32z\"><\/path><\/svg><\/span>\n\t\t<\/span>\n\n\t\t\t\t\t\t<\/summary>\n\t\t\t\t<div role=\"region\" aria-labelledby=\"e-n-accordion-item-2092\" class=\"elementor-element elementor-element-de20d04 e-con-full e-flex e-con e-child\" data-id=\"de20d04\" data-element_type=\"container\" data-e-type=\"container\">\n\t\t\t\t<div class=\"elementor-element elementor-element-43b4c30 elementor-widget elementor-widget-text-editor\" data-id=\"43b4c30\" data-element_type=\"widget\" data-e-type=\"widget\" data-widget_type=\"text-editor.default\">\n\t\t\t\t\t\t\t\t\t<ul><li><span style=\"color: #000000\">Los manuscritos deben ajustarse estrictamente a la plantilla oficial del CIICIS 2026.<\/span><\/li><li><span style=\"color: #000000\">Figuras y tablas deben integrarse en el texto, debidamente tituladas y con adecuada calidad.<\/span><\/li><\/ul>\t\t\t\t\t\t\t\t<\/div>\n\t\t\t\t<\/div>\n\t\t\t\t\t<\/details>\n\t\t\t\t\t\t<details id=\"e-n-accordion-item-2093\" class=\"e-n-accordion-item\" >\n\t\t\t\t<summary class=\"e-n-accordion-item-title\" data-accordion-index=\"4\" tabindex=\"-1\" aria-expanded=\"false\" aria-controls=\"e-n-accordion-item-2093\" >\n\t\t\t\t\t<span class='e-n-accordion-item-title-header'><div class=\"e-n-accordion-item-title-text\"> Proceso de evaluaci\u00f3n <\/div><\/span>\n\t\t\t\t\t\t\t<span class='e-n-accordion-item-title-icon'>\n\t\t\t<span class='e-opened' ><svg aria-hidden=\"true\" class=\"e-font-icon-svg e-fas-minus\" viewbox=\"0 0 448 512\" xmlns=\"http:\/\/www.w3.org\/2000\/svg\"><path d=\"M416 208H32c-17.67 0-32 14.33-32 32v32c0 17.67 14.33 32 32 32h384c17.67 0 32-14.33 32-32v-32c0-17.67-14.33-32-32-32z\"><\/path><\/svg><\/span>\n\t\t\t<span class='e-closed'><svg aria-hidden=\"true\" class=\"e-font-icon-svg e-fas-plus\" viewbox=\"0 0 448 512\" xmlns=\"http:\/\/www.w3.org\/2000\/svg\"><path d=\"M416 208H272V64c0-17.67-14.33-32-32-32h-32c-17.67 0-32 14.33-32 32v144H32c-17.67 0-32 14.33-32 32v32c0 17.67 14.33 32 32 32h144v144c0 17.67 14.33 32 32 32h32c17.67 0 32-14.33 32-32V304h144c17.67 0 32-14.33 32-32v-32c0-17.67-14.33-32-32-32z\"><\/path><\/svg><\/span>\n\t\t<\/span>\n\n\t\t\t\t\t\t<\/summary>\n\t\t\t\t<div role=\"region\" aria-labelledby=\"e-n-accordion-item-2093\" class=\"elementor-element elementor-element-964c0ae e-con-full e-flex e-con e-child\" data-id=\"964c0ae\" data-element_type=\"container\" data-e-type=\"container\">\n\t\t\t\t<div class=\"elementor-element elementor-element-35c7bac elementor-widget elementor-widget-text-editor\" data-id=\"35c7bac\" data-element_type=\"widget\" data-e-type=\"widget\" data-widget_type=\"text-editor.default\">\n\t\t\t\t\t\t\t\t\t<ul><li><span style=\"color: #000000\">Todos los art\u00edculos ser\u00e1n evaluados mediante revisi\u00f3n por pares doble ciego.<\/span><\/li><li><span style=\"color: #000000\">Se considerar\u00e1n criterios de originalidad, calidad acad\u00e9mica, claridad, relevancia tem\u00e1tica, aporte interdisciplinario y significancia cient\u00edfica y social.<\/span><\/li><\/ul>\t\t\t\t\t\t\t\t<\/div>\n\t\t\t\t<\/div>\n\t\t\t\t\t<\/details>\n\t\t\t\t\t\t<details id=\"e-n-accordion-item-2094\" class=\"e-n-accordion-item\" >\n\t\t\t\t<summary class=\"e-n-accordion-item-title\" data-accordion-index=\"5\" tabindex=\"-1\" aria-expanded=\"false\" aria-controls=\"e-n-accordion-item-2094\" >\n\t\t\t\t\t<span class='e-n-accordion-item-title-header'><div class=\"e-n-accordion-item-title-text\"> \u00c9tica acad\u00e9mica <\/div><\/span>\n\t\t\t\t\t\t\t<span class='e-n-accordion-item-title-icon'>\n\t\t\t<span class='e-opened' ><svg aria-hidden=\"true\" class=\"e-font-icon-svg e-fas-minus\" viewbox=\"0 0 448 512\" xmlns=\"http:\/\/www.w3.org\/2000\/svg\"><path d=\"M416 208H32c-17.67 0-32 14.33-32 32v32c0 17.67 14.33 32 32 32h384c17.67 0 32-14.33 32-32v-32c0-17.67-14.33-32-32-32z\"><\/path><\/svg><\/span>\n\t\t\t<span class='e-closed'><svg aria-hidden=\"true\" class=\"e-font-icon-svg e-fas-plus\" viewbox=\"0 0 448 512\" xmlns=\"http:\/\/www.w3.org\/2000\/svg\"><path d=\"M416 208H272V64c0-17.67-14.33-32-32-32h-32c-17.67 0-32 14.33-32 32v144H32c-17.67 0-32 14.33-32 32v32c0 17.67 14.33 32 32 32h144v144c0 17.67 14.33 32 32 32h32c17.67 0 32-14.33 32-32V304h144c17.67 0 32-14.33 32-32v-32c0-17.67-14.33-32-32-32z\"><\/path><\/svg><\/span>\n\t\t<\/span>\n\n\t\t\t\t\t\t<\/summary>\n\t\t\t\t<div role=\"region\" aria-labelledby=\"e-n-accordion-item-2094\" class=\"elementor-element elementor-element-aac5345 e-flex e-con-boxed e-con e-child\" data-id=\"aac5345\" data-element_type=\"container\" data-e-type=\"container\">\n\t\t\t\t\t<div class=\"e-con-inner\">\n\t\t\t\t<div class=\"elementor-element elementor-element-fb0451b elementor-widget elementor-widget-text-editor\" data-id=\"fb0451b\" data-element_type=\"widget\" data-e-type=\"widget\" data-widget_type=\"text-editor.default\">\n\t\t\t\t\t\t\t\t\t<ul><li><span style=\"color: #000000\">Todos los env\u00edos ser\u00e1n sometidos a revisi\u00f3n de plagio y autoplagio.<\/span><\/li><li><span style=\"color: #000000\">No se permitir\u00e1n cambios de autor\u00eda una vez aceptado el art\u00edculo.<\/span><\/li><\/ul>\t\t\t\t\t\t\t\t<\/div>\n\t\t\t\t\t<\/div>\n\t\t\t\t<\/div>\n\t\t\t\t\t<\/details>\n\t\t\t\t\t\t<details id=\"e-n-accordion-item-2095\" class=\"e-n-accordion-item\" >\n\t\t\t\t<summary class=\"e-n-accordion-item-title\" data-accordion-index=\"6\" tabindex=\"-1\" aria-expanded=\"false\" aria-controls=\"e-n-accordion-item-2095\" >\n\t\t\t\t\t<span class='e-n-accordion-item-title-header'><div class=\"e-n-accordion-item-title-text\"> Registro y presentaci\u00f3n <\/div><\/span>\n\t\t\t\t\t\t\t<span class='e-n-accordion-item-title-icon'>\n\t\t\t<span class='e-opened' ><svg aria-hidden=\"true\" class=\"e-font-icon-svg e-fas-minus\" viewbox=\"0 0 448 512\" xmlns=\"http:\/\/www.w3.org\/2000\/svg\"><path d=\"M416 208H32c-17.67 0-32 14.33-32 32v32c0 17.67 14.33 32 32 32h384c17.67 0 32-14.33 32-32v-32c0-17.67-14.33-32-32-32z\"><\/path><\/svg><\/span>\n\t\t\t<span class='e-closed'><svg aria-hidden=\"true\" class=\"e-font-icon-svg e-fas-plus\" viewbox=\"0 0 448 512\" xmlns=\"http:\/\/www.w3.org\/2000\/svg\"><path d=\"M416 208H272V64c0-17.67-14.33-32-32-32h-32c-17.67 0-32 14.33-32 32v144H32c-17.67 0-32 14.33-32 32v32c0 17.67 14.33 32 32 32h144v144c0 17.67 14.33 32 32 32h32c17.67 0 32-14.33 32-32V304h144c17.67 0 32-14.33 32-32v-32c0-17.67-14.33-32-32-32z\"><\/path><\/svg><\/span>\n\t\t<\/span>\n\n\t\t\t\t\t\t<\/summary>\n\t\t\t\t<div role=\"region\" aria-labelledby=\"e-n-accordion-item-2095\" class=\"elementor-element elementor-element-5e19895 e-flex e-con-boxed e-con e-child\" data-id=\"5e19895\" data-element_type=\"container\" data-e-type=\"container\">\n\t\t\t\t\t<div class=\"e-con-inner\">\n\t\t\t\t<div class=\"elementor-element elementor-element-5f07a8f elementor-widget elementor-widget-text-editor\" data-id=\"5f07a8f\" data-element_type=\"widget\" data-e-type=\"widget\" data-widget_type=\"text-editor.default\">\n\t\t\t\t\t\t\t\t\t<ul><li><span style=\"color: #000000\">Cada registro permite la presentaci\u00f3n y publicaci\u00f3n de un solo art\u00edculo.<\/span><\/li><li><span style=\"color: #000000\">La publicaci\u00f3n est\u00e1 condicionada a la presentaci\u00f3n efectiva del trabajo durante el Congreso.<\/span><\/li><li><span style=\"color: #000000\">Las inscripciones son personales, intransferibles y no reembolsables.<\/span><\/li><\/ul>\t\t\t\t\t\t\t\t<\/div>\n\t\t\t\t\t<\/div>\n\t\t\t\t<\/div>\n\t\t\t\t\t<\/details>\n\t\t\t\t\t<\/div>\n\t\t\t\t\t\t<\/div>\n\t\t\t\t\t<\/div>\n\t\t\t\t<\/div>\n\t\t<div class=\"elementor-element elementor-element-0841b04 e-flex e-con-boxed e-con e-parent\" data-id=\"0841b04\" data-element_type=\"container\" data-e-type=\"container\">\n\t\t\t\t\t<div class=\"e-con-inner\">\n\t\t\t\t<div class=\"elementor-element elementor-element-c68e67c elementor-align-center elementor-widget elementor-widget-elementskit-button\" data-id=\"c68e67c\" data-element_type=\"widget\" data-e-type=\"widget\" data-widget_type=\"elementskit-button.default\">\n\t\t\t\t\t<div class=\"ekit-wid-con\" >\t\t<div class=\"ekit-btn-wraper\">\n\t\t\t\t\t\t\t<a href=\"https:\/\/ciicis.ups.edu.ec\/en\/easy-chair\/\" target=\"_blank\" class=\"elementskit-btn  whitespace--normal\" id=\"\">\n\t\t\t\t\tSubmit Proposal\t\t\t\t<\/a>\n\t\t\t\t\t<\/div>\n        <\/div>\t\t\t\t<\/div>\n\t\t\t\t\t<\/div>\n\t\t\t\t<\/div>\n\t\t\t\t<\/div>","protected":false},"excerpt":{"rendered":"<p>Call for papers\u00a0 Proceso de env\u00edo de Art\u00edculo Acad\u00e9mico Participa en el I Congreso Internacional Interdisciplinario de Ciencias Sociales (CIICIS 2026), un espacio acad\u00e9mico de alto nivel que convoca a investigadores, docentes y profesionales a reflexionar cr\u00edticamente sobre los desaf\u00edos contempor\u00e1neos de las ciencias sociales en contextos de transformaci\u00f3n social, digital y cultural. CIICIS 2026&#8230;<\/p>","protected":false},"author":6,"featured_media":0,"parent":0,"menu_order":0,"comment_status":"closed","ping_status":"closed","template":"","meta":{"_kadence_starter_templates_imported_post":false,"_kad_post_transparent":"","_kad_post_title":"hide","_kad_post_layout":"fullwidth","_kad_post_sidebar_id":"","_kad_post_content_style":"unboxed","_kad_post_vertical_padding":"hide","_kad_post_feature":"hide","_kad_post_feature_position":"","_kad_post_header":false,"_kad_post_footer":false,"_kad_post_classname":"","footnotes":""},"class_list":["post-1539","page","type-page","status-publish","hentry"],"yoast_head":"<!-- This site is optimized with the Yoast SEO plugin v27.1.1 - https:\/\/yoast.com\/product\/yoast-seo-wordpress\/ -->\n<title>Articulo academico - I Congreso Internacional Interdisciplinario de Ciencias Sociales<\/title>\n<meta name=\"robots\" content=\"index, follow, max-snippet:-1, max-image-preview:large, max-video-preview:-1\" \/>\n<link rel=\"canonical\" href=\"https:\/\/ciicis.ups.edu.ec\/en\/articulo-academico\/\" \/>\n<meta property=\"og:locale\" content=\"en_US\" \/>\n<meta property=\"og:type\" content=\"article\" \/>\n<meta property=\"og:title\" content=\"Articulo academico - I Congreso Internacional Interdisciplinario de Ciencias Sociales\" \/>\n<meta property=\"og:description\" content=\"Call for papers\u00a0 Proceso de env\u00edo de Art\u00edculo Acad\u00e9mico Participa en el I Congreso Internacional Interdisciplinario de Ciencias Sociales (CIICIS 2026), un espacio acad\u00e9mico de alto nivel que convoca a investigadores, docentes y profesionales a reflexionar cr\u00edticamente sobre los desaf\u00edos contempor\u00e1neos de las ciencias sociales en contextos de transformaci\u00f3n social, digital y cultural. CIICIS 2026...\" \/>\n<meta property=\"og:url\" content=\"https:\/\/ciicis.ups.edu.ec\/en\/articulo-academico\/\" \/>\n<meta property=\"og:site_name\" content=\"I Congreso Internacional Interdisciplinario de Ciencias Sociales\" \/>\n<meta property=\"article:modified_time\" content=\"2026-02-24T22:01:10+00:00\" \/>\n<meta property=\"og:image\" content=\"https:\/\/ciicis.ups.edu.ec\/wp-content\/uploads\/sites\/33\/2026\/02\/tecno.jpg\" \/>\n\t<meta property=\"og:image:width\" content=\"1536\" \/>\n\t<meta property=\"og:image:height\" content=\"1024\" \/>\n\t<meta property=\"og:image:type\" content=\"image\/jpeg\" \/>\n<meta name=\"twitter:card\" content=\"summary_large_image\" \/>\n<meta name=\"twitter:label1\" content=\"Est. reading time\" \/>\n\t<meta name=\"twitter:data1\" content=\"1 minute\" \/>\n<script type=\"application\/ld+json\" class=\"yoast-schema-graph\">{\"@context\":\"https:\/\/schema.org\",\"@graph\":[{\"@type\":\"WebPage\",\"@id\":\"https:\/\/ciicis.ups.edu.ec\/articulo-academico\/\",\"url\":\"https:\/\/ciicis.ups.edu.ec\/articulo-academico\/\",\"name\":\"Articulo academico - I Congreso Internacional Interdisciplinario de Ciencias Sociales\",\"isPartOf\":{\"@id\":\"https:\/\/ciicis.ups.edu.ec\/#website\"},\"primaryImageOfPage\":{\"@id\":\"https:\/\/ciicis.ups.edu.ec\/articulo-academico\/#primaryimage\"},\"image\":{\"@id\":\"https:\/\/ciicis.ups.edu.ec\/articulo-academico\/#primaryimage\"},\"thumbnailUrl\":\"https:\/\/ciicis.ups.edu.ec\/wp-content\/uploads\/sites\/33\/2026\/02\/tecno-1024x683.jpg\",\"datePublished\":\"2026-01-20T19:41:40+00:00\",\"dateModified\":\"2026-02-24T22:01:10+00:00\",\"breadcrumb\":{\"@id\":\"https:\/\/ciicis.ups.edu.ec\/articulo-academico\/#breadcrumb\"},\"inLanguage\":\"en-US\",\"potentialAction\":[{\"@type\":\"ReadAction\",\"target\":[\"https:\/\/ciicis.ups.edu.ec\/articulo-academico\/\"]}]},{\"@type\":\"ImageObject\",\"inLanguage\":\"en-US\",\"@id\":\"https:\/\/ciicis.ups.edu.ec\/articulo-academico\/#primaryimage\",\"url\":\"https:\/\/ciicis.ups.edu.ec\/wp-content\/uploads\/sites\/33\/2026\/02\/tecno-1024x683.jpg\",\"contentUrl\":\"https:\/\/ciicis.ups.edu.ec\/wp-content\/uploads\/sites\/33\/2026\/02\/tecno-1024x683.jpg\"},{\"@type\":\"BreadcrumbList\",\"@id\":\"https:\/\/ciicis.ups.edu.ec\/articulo-academico\/#breadcrumb\",\"itemListElement\":[{\"@type\":\"ListItem\",\"position\":1,\"name\":\"Portada\",\"item\":\"https:\/\/ciicis.ups.edu.ec\/\"},{\"@type\":\"ListItem\",\"position\":2,\"name\":\"Articulo academico\"}]},{\"@type\":\"WebSite\",\"@id\":\"https:\/\/ciicis.ups.edu.ec\/#website\",\"url\":\"https:\/\/ciicis.ups.edu.ec\/\",\"name\":\"I Congreso Internacional Interdisciplinario de Ciencias Sociales\",\"description\":\"I Congreso Internacional Interdisciplinario de Ciencias Sociales\",\"publisher\":{\"@id\":\"https:\/\/ciicis.ups.edu.ec\/#organization\"},\"potentialAction\":[{\"@type\":\"SearchAction\",\"target\":{\"@type\":\"EntryPoint\",\"urlTemplate\":\"https:\/\/ciicis.ups.edu.ec\/?s={search_term_string}\"},\"query-input\":{\"@type\":\"PropertyValueSpecification\",\"valueRequired\":true,\"valueName\":\"search_term_string\"}}],\"inLanguage\":\"en-US\"},{\"@type\":\"Organization\",\"@id\":\"https:\/\/ciicis.ups.edu.ec\/#organization\",\"name\":\"I Congreso Internacional Interdisciplinario de Ciencias Sociales\",\"url\":\"https:\/\/ciicis.ups.edu.ec\/\",\"logo\":{\"@type\":\"ImageObject\",\"inLanguage\":\"en-US\",\"@id\":\"https:\/\/ciicis.ups.edu.ec\/#\/schema\/logo\/image\/\",\"url\":\"https:\/\/ciicis.ups.edu.ec\/wp-content\/uploads\/sites\/33\/2026\/02\/ciicis-azul.png\",\"contentUrl\":\"https:\/\/ciicis.ups.edu.ec\/wp-content\/uploads\/sites\/33\/2026\/02\/ciicis-azul.png\",\"width\":587,\"height\":189,\"caption\":\"I Congreso Internacional Interdisciplinario de Ciencias Sociales\"},\"image\":{\"@id\":\"https:\/\/ciicis.ups.edu.ec\/#\/schema\/logo\/image\/\"}}]}<\/script>\n<!-- \/ Yoast SEO plugin. -->","yoast_head_json":{"title":"Articulo academico - I Congreso Internacional Interdisciplinario de Ciencias Sociales","robots":{"index":"index","follow":"follow","max-snippet":"max-snippet:-1","max-image-preview":"max-image-preview:large","max-video-preview":"max-video-preview:-1"},"canonical":"https:\/\/ciicis.ups.edu.ec\/en\/articulo-academico\/","og_locale":"en_US","og_type":"article","og_title":"Articulo academico - I Congreso Internacional Interdisciplinario de Ciencias Sociales","og_description":"Call for papers\u00a0 Proceso de env\u00edo de Art\u00edculo Acad\u00e9mico Participa en el I Congreso Internacional Interdisciplinario de Ciencias Sociales (CIICIS 2026), un espacio acad\u00e9mico de alto nivel que convoca a investigadores, docentes y profesionales a reflexionar cr\u00edticamente sobre los desaf\u00edos contempor\u00e1neos de las ciencias sociales en contextos de transformaci\u00f3n social, digital y cultural. CIICIS 2026...","og_url":"https:\/\/ciicis.ups.edu.ec\/en\/articulo-academico\/","og_site_name":"I Congreso Internacional Interdisciplinario de Ciencias Sociales","article_modified_time":"2026-02-24T22:01:10+00:00","og_image":[{"width":1536,"height":1024,"url":"https:\/\/ciicis.ups.edu.ec\/wp-content\/uploads\/sites\/33\/2026\/02\/tecno.jpg","type":"image\/jpeg"}],"twitter_card":"summary_large_image","twitter_misc":{"Est. reading time":"1 minute"},"schema":{"@context":"https:\/\/schema.org","@graph":[{"@type":"WebPage","@id":"https:\/\/ciicis.ups.edu.ec\/articulo-academico\/","url":"https:\/\/ciicis.ups.edu.ec\/articulo-academico\/","name":"Articulo academico - I Congreso Internacional Interdisciplinario de Ciencias Sociales","isPartOf":{"@id":"https:\/\/ciicis.ups.edu.ec\/#website"},"primaryImageOfPage":{"@id":"https:\/\/ciicis.ups.edu.ec\/articulo-academico\/#primaryimage"},"image":{"@id":"https:\/\/ciicis.ups.edu.ec\/articulo-academico\/#primaryimage"},"thumbnailUrl":"https:\/\/ciicis.ups.edu.ec\/wp-content\/uploads\/sites\/33\/2026\/02\/tecno-1024x683.jpg","datePublished":"2026-01-20T19:41:40+00:00","dateModified":"2026-02-24T22:01:10+00:00","breadcrumb":{"@id":"https:\/\/ciicis.ups.edu.ec\/articulo-academico\/#breadcrumb"},"inLanguage":"en-US","potentialAction":[{"@type":"ReadAction","target":["https:\/\/ciicis.ups.edu.ec\/articulo-academico\/"]}]},{"@type":"ImageObject","inLanguage":"en-US","@id":"https:\/\/ciicis.ups.edu.ec\/articulo-academico\/#primaryimage","url":"https:\/\/ciicis.ups.edu.ec\/wp-content\/uploads\/sites\/33\/2026\/02\/tecno-1024x683.jpg","contentUrl":"https:\/\/ciicis.ups.edu.ec\/wp-content\/uploads\/sites\/33\/2026\/02\/tecno-1024x683.jpg"},{"@type":"BreadcrumbList","@id":"https:\/\/ciicis.ups.edu.ec\/articulo-academico\/#breadcrumb","itemListElement":[{"@type":"ListItem","position":1,"name":"Portada","item":"https:\/\/ciicis.ups.edu.ec\/"},{"@type":"ListItem","position":2,"name":"Articulo academico"}]},{"@type":"WebSite","@id":"https:\/\/ciicis.ups.edu.ec\/#website","url":"https:\/\/ciicis.ups.edu.ec\/","name":"First International Interdisciplinary Congress of Social Sciences","description":"First International Interdisciplinary Congress of Social Sciences","publisher":{"@id":"https:\/\/ciicis.ups.edu.ec\/#organization"},"potentialAction":[{"@type":"SearchAction","target":{"@type":"EntryPoint","urlTemplate":"https:\/\/ciicis.ups.edu.ec\/?s={search_term_string}"},"query-input":{"@type":"PropertyValueSpecification","valueRequired":true,"valueName":"search_term_string"}}],"inLanguage":"en-US"},{"@type":"Organization","@id":"https:\/\/ciicis.ups.edu.ec\/#organization","name":"First International Interdisciplinary Congress of Social Sciences","url":"https:\/\/ciicis.ups.edu.ec\/","logo":{"@type":"ImageObject","inLanguage":"en-US","@id":"https:\/\/ciicis.ups.edu.ec\/#\/schema\/logo\/image\/","url":"https:\/\/ciicis.ups.edu.ec\/wp-content\/uploads\/sites\/33\/2026\/02\/ciicis-azul.png","contentUrl":"https:\/\/ciicis.ups.edu.ec\/wp-content\/uploads\/sites\/33\/2026\/02\/ciicis-azul.png","width":587,"height":189,"caption":"I Congreso Internacional Interdisciplinario de Ciencias Sociales"},"image":{"@id":"https:\/\/ciicis.ups.edu.ec\/#\/schema\/logo\/image\/"}}]}},"_links":{"self":[{"href":"https:\/\/ciicis.ups.edu.ec\/en\/wp-json\/wp\/v2\/pages\/1539","targetHints":{"allow":["GET"]}}],"collection":[{"href":"https:\/\/ciicis.ups.edu.ec\/en\/wp-json\/wp\/v2\/pages"}],"about":[{"href":"https:\/\/ciicis.ups.edu.ec\/en\/wp-json\/wp\/v2\/types\/page"}],"author":[{"embeddable":true,"href":"https:\/\/ciicis.ups.edu.ec\/en\/wp-json\/wp\/v2\/users\/6"}],"replies":[{"embeddable":true,"href":"https:\/\/ciicis.ups.edu.ec\/en\/wp-json\/wp\/v2\/comments?post=1539"}],"version-history":[{"count":67,"href":"https:\/\/ciicis.ups.edu.ec\/en\/wp-json\/wp\/v2\/pages\/1539\/revisions"}],"predecessor-version":[{"id":2134,"href":"https:\/\/ciicis.ups.edu.ec\/en\/wp-json\/wp\/v2\/pages\/1539\/revisions\/2134"}],"wp:attachment":[{"href":"https:\/\/ciicis.ups.edu.ec\/en\/wp-json\/wp\/v2\/media?parent=1539"}],"curies":[{"name":"wp","href":"https:\/\/api.w.org\/{rel}","templated":true}]}}