{"id":1561,"date":"2026-01-20T15:25:24","date_gmt":"2026-01-20T20:25:24","guid":{"rendered":"https:\/\/ciicis.ups.edu.ec\/?page_id=1561"},"modified":"2026-02-12T08:46:54","modified_gmt":"2026-02-12T13:46:54","slug":"paneles-internacionales","status":"publish","type":"page","link":"https:\/\/ciicis.ups.edu.ec\/en\/paneles-internacionales\/","title":{"rendered":"International Panels"},"content":{"rendered":"<div data-elementor-type=\"wp-page\" data-elementor-id=\"1561\" class=\"elementor elementor-1561\">\n\t\t\t\t<div class=\"elementor-element elementor-element-0058584 e-flex e-con-boxed e-con e-parent\" data-id=\"0058584\" data-element_type=\"container\" data-e-type=\"container\" data-settings=\"{&quot;background_background&quot;:&quot;classic&quot;}\">\n\t\t\t\t\t<div class=\"e-con-inner\">\n\t\t\t\t<div class=\"elementor-element elementor-element-55768d9 elementor-widget elementor-widget-text-editor\" data-id=\"55768d9\" data-element_type=\"widget\" data-e-type=\"widget\" data-widget_type=\"text-editor.default\">\n\t\t\t\t\t\t\t\t\t<h1 class=\"elementor-heading-title elementor-size-default\"><span style=\"color: #ffffff\">Call for papers\u00a0<\/span><\/h1><div><h2 class=\"elementor-heading-title elementor-size-default\" style=\"font-family: Roboto, sans-serif;letter-spacing: normal;color: #6ec1e4\"><span style=\"color: #ffffff\">Proceso de env\u00edo de Paneles Internacionales<\/span><\/h2><\/div>\t\t\t\t\t\t\t\t<\/div>\n\t\t\t\t<div class=\"elementor-element elementor-element-a49728b elementor-widget__width-initial elementor-widget elementor-widget-text-editor\" data-id=\"a49728b\" data-element_type=\"widget\" data-e-type=\"widget\" data-widget_type=\"text-editor.default\">\n\t\t\t\t\t\t\t\t\t<div class=\"elementor-element elementor-element-7bf41df elementor-widget elementor-widget-heading\" data-id=\"7bf41df\" data-element_type=\"widget\" data-widget_type=\"heading.default\"><p style=\"text-align: justify\"><span style=\"color: #ffffff\">Participa en el I Congreso Internacional Interdisciplinario de Ciencias Sociales (CIICIS 2026), un espacio acad\u00e9mico de alto nivel que convoca a investigadores, docentes y profesionales a reflexionar cr\u00edticamente sobre los desaf\u00edos contempor\u00e1neos de las ciencias sociales en contextos de transformaci\u00f3n social, digital y cultural.<\/span><\/p><p style=\"text-align: justify\"><span style=\"color: #ffffff\">CIICIS 2026 realiza un llamado abierto a la presentaci\u00f3n de art\u00edculos cient\u00edficos para sus distintos ejes tem\u00e1ticos, con fecha l\u00edmite de env\u00edo establecida seg\u00fan el cronograma oficial del congreso. Los trabajos deber\u00e1n ser originales, in\u00e9ditos y responder a criterios de rigor acad\u00e9mico e interdisciplinariedad.<\/span><\/p><\/div>\t\t\t\t\t\t\t\t<\/div>\n\t\t\t\t\t<\/div>\n\t\t\t\t<\/div>\n\t\t<div class=\"elementor-element elementor-element-71c1ecb e-flex e-con-boxed e-con e-parent\" data-id=\"71c1ecb\" data-element_type=\"container\" data-e-type=\"container\" data-settings=\"{&quot;background_background&quot;:&quot;classic&quot;}\">\n\t\t\t\t\t<div class=\"e-con-inner\">\n\t\t<div class=\"elementor-element elementor-element-3d6fdbd e-con-full e-flex e-con e-child\" data-id=\"3d6fdbd\" data-element_type=\"container\" data-e-type=\"container\" data-settings=\"{&quot;background_background&quot;:&quot;classic&quot;}\">\n\t\t<div class=\"elementor-element elementor-element-550d725 e-con-full e-flex e-con e-child\" data-id=\"550d725\" data-element_type=\"container\" data-e-type=\"container\">\n\t\t\t\t<div class=\"elementor-element elementor-element-a2705b9 elementor-widget elementor-widget-text-editor\" data-id=\"a2705b9\" data-element_type=\"widget\" data-e-type=\"widget\" data-widget_type=\"text-editor.default\">\n\t\t\t\t\t\t\t\t\t<h3><span style=\"color: #ffffff\">Fechas importantes<\/span><\/h3>\t\t\t\t\t\t\t\t<\/div>\n\t\t\t\t<\/div>\n\t\t<div class=\"elementor-element elementor-element-0d9ac36 e-con-full e-flex e-con e-child\" data-id=\"0d9ac36\" data-element_type=\"container\" data-e-type=\"container\">\n\t\t\t\t<div class=\"elementor-element elementor-element-58bd227 elementor-widget elementor-widget-text-editor\" data-id=\"58bd227\" data-element_type=\"widget\" data-e-type=\"widget\" data-widget_type=\"text-editor.default\">\n\t\t\t\t\t\t\t\t\t<h3><span style=\"color: #005fff\">Convocatoria Abierta<\/span><\/h3>\t\t\t\t\t\t\t\t<\/div>\n\t\t\t\t<\/div>\n\t\t<div class=\"elementor-element elementor-element-3d425f8 e-con-full e-flex e-con e-child\" data-id=\"3d425f8\" data-element_type=\"container\" data-e-type=\"container\">\n\t\t\t\t<div class=\"elementor-element elementor-element-a0baa27 elementor-widget elementor-widget-text-editor\" data-id=\"a0baa27\" data-element_type=\"widget\" data-e-type=\"widget\" data-widget_type=\"text-editor.default\">\n\t\t\t\t\t\t\t\t\t<h4><span style=\"color: #ffffff\">Env\u00edo de Propuestas<\/span><\/h4>\t\t\t\t\t\t\t\t<\/div>\n\t\t\t\t<div class=\"elementor-element elementor-element-cf319ca elementor-widget elementor-widget-text-editor\" data-id=\"cf319ca\" data-element_type=\"widget\" data-e-type=\"widget\" data-widget_type=\"text-editor.default\">\n\t\t\t\t\t\t\t\t\t<h3 style=\"text-align: left\"><span style=\"color: #ffffff\">05\/03\/2026<\/span><\/h3>\t\t\t\t\t\t\t\t<\/div>\n\t\t\t\t<\/div>\n\t\t<div class=\"elementor-element elementor-element-ae475d8 e-con-full e-flex e-con e-child\" data-id=\"ae475d8\" data-element_type=\"container\" data-e-type=\"container\">\n\t\t\t\t<div class=\"elementor-element elementor-element-2ee84c9 elementor-widget elementor-widget-text-editor\" data-id=\"2ee84c9\" data-element_type=\"widget\" data-e-type=\"widget\" data-widget_type=\"text-editor.default\">\n\t\t\t\t\t\t\t\t\t<h3><span style=\"color: #ffffff\">Cierre de convocatoria<\/span><\/h3>\t\t\t\t\t\t\t\t<\/div>\n\t\t\t\t<div class=\"elementor-element elementor-element-3b58e17 elementor-widget elementor-widget-text-editor\" data-id=\"3b58e17\" data-element_type=\"widget\" data-e-type=\"widget\" data-widget_type=\"text-editor.default\">\n\t\t\t\t\t\t\t\t\t<h3 style=\"text-align: left\"><span style=\"color: #ffffff\">30\/05\/2026<\/span><\/h3>\t\t\t\t\t\t\t\t<\/div>\n\t\t\t\t<\/div>\n\t\t<div class=\"elementor-element elementor-element-d851799 e-con-full e-flex e-con e-child\" data-id=\"d851799\" data-element_type=\"container\" data-e-type=\"container\">\n\t\t\t\t<div class=\"elementor-element elementor-element-45307f4 elementor-widget elementor-widget-text-editor\" data-id=\"45307f4\" data-element_type=\"widget\" data-e-type=\"widget\" data-widget_type=\"text-editor.default\">\n\t\t\t\t\t\t\t\t\t<h3><span style=\"color: #ffffff\">Fecha del congreso<\/span>\u00a0<\/h3>\t\t\t\t\t\t\t\t<\/div>\n\t\t\t\t<div class=\"elementor-element elementor-element-c20912b elementor-widget elementor-widget-text-editor\" data-id=\"c20912b\" data-element_type=\"widget\" data-e-type=\"widget\" data-widget_type=\"text-editor.default\">\n\t\t\t\t\t\t\t\t\t<h3 style=\"text-align: left\"><span><span style=\"color: #ffffff\">11, 12 y 13 nov<\/span><\/span><\/h3>\t\t\t\t\t\t\t\t<\/div>\n\t\t\t\t<\/div>\n\t\t\t\t<\/div>\n\t\t\t\t\t<\/div>\n\t\t\t\t<\/div>\n\t\t<div class=\"elementor-element elementor-element-627a2ab e-flex e-con-boxed e-con e-parent\" data-id=\"627a2ab\" data-element_type=\"container\" data-e-type=\"container\" data-settings=\"{&quot;background_background&quot;:&quot;classic&quot;}\">\n\t\t\t\t\t<div class=\"e-con-inner\">\n\t\t\t\t<div class=\"elementor-element elementor-element-d3521f5 elementor-widget elementor-widget-image\" data-id=\"d3521f5\" data-element_type=\"widget\" data-e-type=\"widget\" data-widget_type=\"image.default\">\n\t\t\t\t\t\t\t\t\t\t\t\t\t\t\t<img fetchpriority=\"high\" decoding=\"async\" width=\"1024\" height=\"234\" src=\"https:\/\/ciicis.ups.edu.ec\/wp-content\/uploads\/sites\/33\/2026\/01\/paneles-internacionales-1024x234.png\" class=\"attachment-large size-large wp-image-1568\" alt=\"\" srcset=\"https:\/\/ciicis.ups.edu.ec\/wp-content\/uploads\/sites\/33\/2026\/01\/paneles-internacionales-1024x234.png 1024w, https:\/\/ciicis.ups.edu.ec\/wp-content\/uploads\/sites\/33\/2026\/01\/paneles-internacionales-300x69.png 300w, https:\/\/ciicis.ups.edu.ec\/wp-content\/uploads\/sites\/33\/2026\/01\/paneles-internacionales-768x176.png 768w, https:\/\/ciicis.ups.edu.ec\/wp-content\/uploads\/sites\/33\/2026\/01\/paneles-internacionales-1536x351.png 1536w, https:\/\/ciicis.ups.edu.ec\/wp-content\/uploads\/sites\/33\/2026\/01\/paneles-internacionales-2048x469.png 2048w\" sizes=\"(max-width: 1024px) 100vw, 1024px\" \/>\t\t\t\t\t\t\t\t\t\t\t\t\t\t\t<\/div>\n\t\t\t\t\t<\/div>\n\t\t\t\t<\/div>\n\t\t<div class=\"elementor-element elementor-element-ff63d2a e-flex e-con-boxed e-con e-parent\" data-id=\"ff63d2a\" data-element_type=\"container\" data-e-type=\"container\">\n\t\t\t\t\t<div class=\"e-con-inner\">\n\t\t<div class=\"elementor-element elementor-element-0b59fd5 e-con-full e-flex e-con e-child\" data-id=\"0b59fd5\" data-element_type=\"container\" data-e-type=\"container\" data-settings=\"{&quot;background_background&quot;:&quot;classic&quot;}\">\n\t\t<div class=\"elementor-element elementor-element-71377e3 e-con-full e-flex e-con e-child\" data-id=\"71377e3\" data-element_type=\"container\" data-e-type=\"container\">\n\t\t\t\t<div class=\"elementor-element elementor-element-66322c3 elementor-widget elementor-widget-text-editor\" data-id=\"66322c3\" data-element_type=\"widget\" data-e-type=\"widget\" data-widget_type=\"text-editor.default\">\n\t\t\t\t\t\t\t\t\t<h2 style=\"text-align: center\">Convocatoria para la Inscripci\u00f3n de Mesas de Paneles<\/h2>\t\t\t\t\t\t\t\t<\/div>\n\t\t\t\t<\/div>\n\t\t\t\t<div class=\"elementor-element elementor-element-7fa654d elementor-widget elementor-widget-n-accordion\" data-id=\"7fa654d\" data-element_type=\"widget\" data-e-type=\"widget\" data-settings=\"{&quot;default_state&quot;:&quot;all_collapsed&quot;,&quot;max_items_expended&quot;:&quot;one&quot;,&quot;n_accordion_animation_duration&quot;:{&quot;unit&quot;:&quot;ms&quot;,&quot;size&quot;:400,&quot;sizes&quot;:[]}}\" data-widget_type=\"nested-accordion.default\">\n\t\t\t\t\t\t\t<div class=\"e-n-accordion\" aria-label=\"Accordion. Open links with Enter or Space, close with Escape, and navigate with Arrow Keys\">\n\t\t\t\t\t\t<details id=\"e-n-accordion-item-1330\" class=\"e-n-accordion-item\" >\n\t\t\t\t<summary class=\"e-n-accordion-item-title\" data-accordion-index=\"1\" tabindex=\"0\" aria-expanded=\"false\" aria-controls=\"e-n-accordion-item-1330\" >\n\t\t\t\t\t<span class='e-n-accordion-item-title-header'><div class=\"e-n-accordion-item-title-text\"> \u00bfQu\u00e9 es una Mesa de Panel? <\/div><\/span>\n\t\t\t\t\t\t\t<span class='e-n-accordion-item-title-icon'>\n\t\t\t<span class='e-opened' ><svg aria-hidden=\"true\" class=\"e-font-icon-svg e-fas-minus\" viewbox=\"0 0 448 512\" xmlns=\"http:\/\/www.w3.org\/2000\/svg\"><path d=\"M416 208H32c-17.67 0-32 14.33-32 32v32c0 17.67 14.33 32 32 32h384c17.67 0 32-14.33 32-32v-32c0-17.67-14.33-32-32-32z\"><\/path><\/svg><\/span>\n\t\t\t<span class='e-closed'><svg aria-hidden=\"true\" class=\"e-font-icon-svg e-fas-plus\" viewbox=\"0 0 448 512\" xmlns=\"http:\/\/www.w3.org\/2000\/svg\"><path d=\"M416 208H272V64c0-17.67-14.33-32-32-32h-32c-17.67 0-32 14.33-32 32v144H32c-17.67 0-32 14.33-32 32v32c0 17.67 14.33 32 32 32h144v144c0 17.67 14.33 32 32 32h32c17.67 0 32-14.33 32-32V304h144c17.67 0 32-14.33 32-32v-32c0-17.67-14.33-32-32-32z\"><\/path><\/svg><\/span>\n\t\t<\/span>\n\n\t\t\t\t\t\t<\/summary>\n\t\t\t\t<div role=\"region\" aria-labelledby=\"e-n-accordion-item-1330\" class=\"elementor-element elementor-element-b91cd0a e-con-full e-flex e-con e-child\" data-id=\"b91cd0a\" data-element_type=\"container\" data-e-type=\"container\">\n\t\t\t\t<div class=\"elementor-element elementor-element-be520b1 elementor-widget elementor-widget-text-editor\" data-id=\"be520b1\" data-element_type=\"widget\" data-e-type=\"widget\" data-widget_type=\"text-editor.default\">\n\t\t\t\t\t\t\t\t\t<ul><li><p><span style=\"color: #000000\">Una Mesa de Panel es una sesi\u00f3n tem\u00e1tica organizada por un coordinador o chair, que convoca a 3 a 5 especialistas que presentan ponencias breves (10\u201315 minutos) sobre un tema com\u00fan, seguidas de un debate moderado y di\u00e1logo con el p\u00fablico.<\/span><\/p><\/li><\/ul>\t\t\t\t\t\t\t\t<\/div>\n\t\t\t\t<\/div>\n\t\t\t\t\t<\/details>\n\t\t\t\t\t\t<details id=\"e-n-accordion-item-1331\" class=\"e-n-accordion-item\" >\n\t\t\t\t<summary class=\"e-n-accordion-item-title\" data-accordion-index=\"2\" tabindex=\"-1\" aria-expanded=\"false\" aria-controls=\"e-n-accordion-item-1331\" >\n\t\t\t\t\t<span class='e-n-accordion-item-title-header'><div class=\"e-n-accordion-item-title-text\"> Objetivo de las mesas de paneles <\/div><\/span>\n\t\t\t\t\t\t\t<span class='e-n-accordion-item-title-icon'>\n\t\t\t<span class='e-opened' ><svg aria-hidden=\"true\" class=\"e-font-icon-svg e-fas-minus\" viewbox=\"0 0 448 512\" xmlns=\"http:\/\/www.w3.org\/2000\/svg\"><path d=\"M416 208H32c-17.67 0-32 14.33-32 32v32c0 17.67 14.33 32 32 32h384c17.67 0 32-14.33 32-32v-32c0-17.67-14.33-32-32-32z\"><\/path><\/svg><\/span>\n\t\t\t<span class='e-closed'><svg aria-hidden=\"true\" class=\"e-font-icon-svg e-fas-plus\" viewbox=\"0 0 448 512\" xmlns=\"http:\/\/www.w3.org\/2000\/svg\"><path d=\"M416 208H272V64c0-17.67-14.33-32-32-32h-32c-17.67 0-32 14.33-32 32v144H32c-17.67 0-32 14.33-32 32v32c0 17.67 14.33 32 32 32h144v144c0 17.67 14.33 32 32 32h32c17.67 0 32-14.33 32-32V304h144c17.67 0 32-14.33 32-32v-32c0-17.67-14.33-32-32-32z\"><\/path><\/svg><\/span>\n\t\t<\/span>\n\n\t\t\t\t\t\t<\/summary>\n\t\t\t\t<div role=\"region\" aria-labelledby=\"e-n-accordion-item-1331\" class=\"elementor-element elementor-element-54b6ae9 e-con-full e-flex e-con e-child\" data-id=\"54b6ae9\" data-element_type=\"container\" data-e-type=\"container\">\n\t\t\t\t<div class=\"elementor-element elementor-element-1121187 elementor-widget elementor-widget-text-editor\" data-id=\"1121187\" data-element_type=\"widget\" data-e-type=\"widget\" data-widget_type=\"text-editor.default\">\n\t\t\t\t\t\t\t\t\t<ul><li style=\"list-style-type: none\"><ul><li><span style=\"color: #000000\">Promover el debate especializado y dialogado<\/span><\/li><li><span style=\"color: #000000\">Articular m\u00faltiples perspectivas te\u00f3ricas y emp\u00edricas<\/span><\/li><li><span style=\"color: #000000\">Generar conclusiones estrat\u00e9gicas, recomendaciones y l\u00edneas futuras de investigaci\u00f3n<\/span><\/li><li><span style=\"color: #000000\">Fortalecer redes acad\u00e9micas internacionales<\/span><\/li><\/ul><\/li><\/ul>\t\t\t\t\t\t\t\t<\/div>\n\t\t\t\t<\/div>\n\t\t\t\t\t<\/details>\n\t\t\t\t\t\t<details id=\"e-n-accordion-item-1332\" class=\"e-n-accordion-item\" >\n\t\t\t\t<summary class=\"e-n-accordion-item-title\" data-accordion-index=\"3\" tabindex=\"-1\" aria-expanded=\"false\" aria-controls=\"e-n-accordion-item-1332\" >\n\t\t\t\t\t<span class='e-n-accordion-item-title-header'><div class=\"e-n-accordion-item-title-text\"> Ejes <\/div><\/span>\n\t\t\t\t\t\t\t<span class='e-n-accordion-item-title-icon'>\n\t\t\t<span class='e-opened' ><svg aria-hidden=\"true\" class=\"e-font-icon-svg e-fas-minus\" viewbox=\"0 0 448 512\" xmlns=\"http:\/\/www.w3.org\/2000\/svg\"><path d=\"M416 208H32c-17.67 0-32 14.33-32 32v32c0 17.67 14.33 32 32 32h384c17.67 0 32-14.33 32-32v-32c0-17.67-14.33-32-32-32z\"><\/path><\/svg><\/span>\n\t\t\t<span class='e-closed'><svg aria-hidden=\"true\" class=\"e-font-icon-svg e-fas-plus\" viewbox=\"0 0 448 512\" xmlns=\"http:\/\/www.w3.org\/2000\/svg\"><path d=\"M416 208H272V64c0-17.67-14.33-32-32-32h-32c-17.67 0-32 14.33-32 32v144H32c-17.67 0-32 14.33-32 32v32c0 17.67 14.33 32 32 32h144v144c0 17.67 14.33 32 32 32h32c17.67 0 32-14.33 32-32V304h144c17.67 0 32-14.33 32-32v-32c0-17.67-14.33-32-32-32z\"><\/path><\/svg><\/span>\n\t\t<\/span>\n\n\t\t\t\t\t\t<\/summary>\n\t\t\t\t<div role=\"region\" aria-labelledby=\"e-n-accordion-item-1332\" class=\"elementor-element elementor-element-64ab924 e-con-full e-flex e-con e-child\" data-id=\"64ab924\" data-element_type=\"container\" data-e-type=\"container\">\n\t\t\t\t<div class=\"elementor-element elementor-element-8944c9f elementor-widget elementor-widget-text-editor\" data-id=\"8944c9f\" data-element_type=\"widget\" data-e-type=\"widget\" data-widget_type=\"text-editor.default\">\n\t\t\t\t\t\t\t\t\t<ul><li><p><span style=\"color: #000000\"><strong>Eje 1. Tecnosociedades e identidades en transformaci\u00f3n<\/strong><\/span><\/p><ul><li><span style=\"color: #000000\">Cultura digital<\/span><\/li><li><span style=\"color: #000000\">Subjetividades contempor\u00e1neas<\/span><\/li><li><span style=\"color: #000000\">Plataformas, redes y ciudadan\u00eda<\/span><\/li><li><span style=\"color: #000000\">Juventudes, g\u00e9nero y diversidad en entornos digitales<\/span><\/li><\/ul><p><span style=\"color: #000000\"><strong>Eje 2. Estudios culturales<\/strong><\/span><\/p><ul><li><span style=\"color: #000000\">Representaci\u00f3n, discurso y poder<\/span><\/li><li><span style=\"color: #000000\">Narrativas, memoria y visualidad<\/span><\/li><li><span style=\"color: #000000\">Cultura popular, medios y consumo<\/span><\/li><li><span style=\"color: #000000\">Interculturalidad y decolonialidad<\/span><\/li><\/ul><p><span style=\"color: #000000\"><strong>Eje 3. Pol\u00edticas y Gobernabilidad<\/strong><\/span><\/p><ul><li><span style=\"color: #000000\">Gobernanza democr\u00e1tica<\/span><\/li><li><span style=\"color: #000000\">Transparencia y rendici\u00f3n de cuentas<\/span><\/li><li><span style=\"color: #000000\">Pol\u00edticas p\u00fablicas y participaci\u00f3n ciudadana<\/span><\/li><li><span style=\"color: #000000\">Estado, sociedad y tecnolog\u00eda<\/span><\/li><\/ul><p><span style=\"color: #000000\"><strong>Eje 4. Comunicaci\u00f3n Social en tiempos de Inteligencia Artificial<\/strong><\/span><\/p><ul><li><span style=\"color: #000000\">Periodismo algor\u00edtmico<\/span><\/li><li><span style=\"color: #000000\">Desinformaci\u00f3n y deepfakes<\/span><\/li><li><span style=\"color: #000000\">\u00c9tica, automatizaci\u00f3n y medios<\/span><\/li><li><span style=\"color: #000000\">Plataformas, audiencias y poder<\/span><\/li><\/ul><p><span style=\"color: #000000\"><strong>Eje 5. Dise\u00f1o Multimedia, Innovaci\u00f3n, Interacci\u00f3n y Accesibilidad<\/strong><\/span><\/p><ul><li><span style=\"color: #000000\">UX, dise\u00f1o inclusivo y accesibilidad<\/span><\/li><li><span style=\"color: #000000\">Narrativas interactivas<\/span><\/li><li><span style=\"color: #000000\">Tecnolog\u00edas inmersivas<\/span><\/li><li><span style=\"color: #000000\">Dise\u00f1o para el cambio social<\/span><\/li><\/ul><\/li><\/ul>\t\t\t\t\t\t\t\t<\/div>\n\t\t\t\t<\/div>\n\t\t\t\t\t<\/details>\n\t\t\t\t\t\t<details id=\"e-n-accordion-item-1333\" class=\"e-n-accordion-item\" >\n\t\t\t\t<summary class=\"e-n-accordion-item-title\" data-accordion-index=\"4\" tabindex=\"-1\" aria-expanded=\"false\" aria-controls=\"e-n-accordion-item-1333\" >\n\t\t\t\t\t<span class='e-n-accordion-item-title-header'><div class=\"e-n-accordion-item-title-text\"> Requisitos para proponer una Mesa  <\/div><\/span>\n\t\t\t\t\t\t\t<span class='e-n-accordion-item-title-icon'>\n\t\t\t<span class='e-opened' ><svg aria-hidden=\"true\" class=\"e-font-icon-svg e-fas-minus\" viewbox=\"0 0 448 512\" xmlns=\"http:\/\/www.w3.org\/2000\/svg\"><path d=\"M416 208H32c-17.67 0-32 14.33-32 32v32c0 17.67 14.33 32 32 32h384c17.67 0 32-14.33 32-32v-32c0-17.67-14.33-32-32-32z\"><\/path><\/svg><\/span>\n\t\t\t<span class='e-closed'><svg aria-hidden=\"true\" class=\"e-font-icon-svg e-fas-plus\" viewbox=\"0 0 448 512\" xmlns=\"http:\/\/www.w3.org\/2000\/svg\"><path d=\"M416 208H272V64c0-17.67-14.33-32-32-32h-32c-17.67 0-32 14.33-32 32v144H32c-17.67 0-32 14.33-32 32v32c0 17.67 14.33 32 32 32h144v144c0 17.67 14.33 32 32 32h32c17.67 0 32-14.33 32-32V304h144c17.67 0 32-14.33 32-32v-32c0-17.67-14.33-32-32-32z\"><\/path><\/svg><\/span>\n\t\t<\/span>\n\n\t\t\t\t\t\t<\/summary>\n\t\t\t\t<div role=\"region\" aria-labelledby=\"e-n-accordion-item-1333\" class=\"elementor-element elementor-element-cd92619 e-con-full e-flex e-con e-child\" data-id=\"cd92619\" data-element_type=\"container\" data-e-type=\"container\">\n\t\t\t\t<div class=\"elementor-element elementor-element-68acfa3 elementor-widget elementor-widget-text-editor\" data-id=\"68acfa3\" data-element_type=\"widget\" data-e-type=\"widget\" data-widget_type=\"text-editor.default\">\n\t\t\t\t\t\t\t\t\t<ul><li><p><span style=\"color: #000000\">Cada propuesta debe incluir:<\/span><\/p><p><span style=\"color: #000000\"><strong>\u00a0Informaci\u00f3n general<\/strong><\/span><\/p><ul><li><span style=\"color: #000000\">T\u00edtulo de la mesa<\/span><\/li><li><span style=\"color: #000000\">Eje(s) tem\u00e1tico(s)<\/span><\/li><li><span style=\"color: #000000\">Nombre del coordinador(a)<\/span><\/li><li><span style=\"color: #000000\">Instituci\u00f3n de afiliaci\u00f3n<\/span><\/li><li><span style=\"color: #000000\">Correo electr\u00f3nico<\/span><\/li><\/ul><p><span style=\"color: #000000\"><strong>\u00a0Justificaci\u00f3n acad\u00e9mica (m\u00e1x. 300 palabras)<\/strong><\/span><\/p><p><span style=\"color: #000000\">Debe explicar:<\/span><\/p><ul><li><span style=\"color: #000000\">La relevancia cient\u00edfica del tema<\/span><\/li><li><span style=\"color: #000000\">Su aporte a los debates actuales<\/span><\/li><li><span style=\"color: #000000\">Su relaci\u00f3n con CIICIS 2026<\/span><\/li><\/ul><p><span style=\"color: #000000\"><strong>Lista de panelistas (3 a 5)<\/strong><\/span><\/p><p><span style=\"color: #000000\">Por cada panelista:<\/span><\/p><ul><li><span style=\"color: #000000\">Nombre<\/span><\/li><li><span style=\"color: #000000\">Instituci\u00f3n<\/span><\/li><li><span style=\"color: #000000\">Pa\u00eds<\/span><\/li><li><span style=\"color: #000000\">T\u00edtulo provisional de la intervenci\u00f3n (m\u00e1x. 15 palabras)<\/span><\/li><\/ul><p><span style=\"color: #000000\"><strong>\u00a0Modalidad<\/strong><\/span><\/p><ul><li><span style=\"color: #000000\">Presencial<\/span><\/li><li><span style=\"color: #000000\">Virtual<\/span><\/li><li><span style=\"color: #000000\">H\u00edbrida<\/span><\/li><\/ul><p>\u00a0<\/p><p><span style=\"color: #000000\"><strong>Perfil de los panelistas<\/strong><\/span><\/p><p><span style=\"color: #000000\">Las mesas deben incluir preferentemente:<\/span><\/p><ul><li><span style=\"color: #000000\">Investigadores con doctorado o maestr\u00eda<\/span><\/li><li><span style=\"color: #000000\">Producci\u00f3n acad\u00e9mica reciente<\/span><\/li><li><span style=\"color: #000000\">Representaci\u00f3n internacional y\/o interinstitucional<\/span><\/li><li><span style=\"color: #000000\">Equilibrio de g\u00e9nero y diversidad acad\u00e9mica<\/span><\/li><\/ul><\/li><\/ul>\t\t\t\t\t\t\t\t<\/div>\n\t\t\t\t<\/div>\n\t\t\t\t\t<\/details>\n\t\t\t\t\t\t<details id=\"e-n-accordion-item-1334\" class=\"e-n-accordion-item\" >\n\t\t\t\t<summary class=\"e-n-accordion-item-title\" data-accordion-index=\"5\" tabindex=\"-1\" aria-expanded=\"false\" aria-controls=\"e-n-accordion-item-1334\" >\n\t\t\t\t\t<span class='e-n-accordion-item-title-header'><div class=\"e-n-accordion-item-title-text\"> Compromisos del Coordinador de Mesa <\/div><\/span>\n\t\t\t\t\t\t\t<span class='e-n-accordion-item-title-icon'>\n\t\t\t<span class='e-opened' ><svg aria-hidden=\"true\" class=\"e-font-icon-svg e-fas-minus\" viewbox=\"0 0 448 512\" xmlns=\"http:\/\/www.w3.org\/2000\/svg\"><path d=\"M416 208H32c-17.67 0-32 14.33-32 32v32c0 17.67 14.33 32 32 32h384c17.67 0 32-14.33 32-32v-32c0-17.67-14.33-32-32-32z\"><\/path><\/svg><\/span>\n\t\t\t<span class='e-closed'><svg aria-hidden=\"true\" class=\"e-font-icon-svg e-fas-plus\" viewbox=\"0 0 448 512\" xmlns=\"http:\/\/www.w3.org\/2000\/svg\"><path d=\"M416 208H272V64c0-17.67-14.33-32-32-32h-32c-17.67 0-32 14.33-32 32v144H32c-17.67 0-32 14.33-32 32v32c0 17.67 14.33 32 32 32h144v144c0 17.67 14.33 32 32 32h32c17.67 0 32-14.33 32-32V304h144c17.67 0 32-14.33 32-32v-32c0-17.67-14.33-32-32-32z\"><\/path><\/svg><\/span>\n\t\t<\/span>\n\n\t\t\t\t\t\t<\/summary>\n\t\t\t\t<div role=\"region\" aria-labelledby=\"e-n-accordion-item-1334\" class=\"elementor-element elementor-element-17675cb e-flex e-con-boxed e-con e-child\" data-id=\"17675cb\" data-element_type=\"container\" data-e-type=\"container\">\n\t\t\t\t\t<div class=\"e-con-inner\">\n\t\t\t\t<div class=\"elementor-element elementor-element-3d7d32a elementor-widget elementor-widget-text-editor\" data-id=\"3d7d32a\" data-element_type=\"widget\" data-e-type=\"widget\" data-widget_type=\"text-editor.default\">\n\t\t\t\t\t\t\t\t\t<ul><li><p><span style=\"color: #000000\">El\/la coordinador(a) de la mesa deber\u00e1:<\/span><\/p><ul><li><span style=\"color: #000000\">Garantizar la participaci\u00f3n de todos los panelistas<\/span><\/li><li><span style=\"color: #000000\">Coordinar los tiempos de intervenci\u00f3n<\/span><\/li><li><span style=\"color: #000000\">Enviar los t\u00edtulos definitivos<\/span><\/li><li><span style=\"color: #000000\">Moderar la sesi\u00f3n<\/span><\/li><li><span style=\"color: #000000\">Entregar una s\u00edntesis acad\u00e9mica posterior al evento<\/span><\/li><\/ul><\/li><\/ul>\t\t\t\t\t\t\t\t<\/div>\n\t\t\t\t\t<\/div>\n\t\t\t\t<\/div>\n\t\t\t\t\t<\/details>\n\t\t\t\t\t\t<details id=\"e-n-accordion-item-1335\" class=\"e-n-accordion-item\" >\n\t\t\t\t<summary class=\"e-n-accordion-item-title\" data-accordion-index=\"6\" tabindex=\"-1\" aria-expanded=\"false\" aria-controls=\"e-n-accordion-item-1335\" >\n\t\t\t\t\t<span class='e-n-accordion-item-title-header'><div class=\"e-n-accordion-item-title-text\"> Publicaci\u00f3n y visibilidad <\/div><\/span>\n\t\t\t\t\t\t\t<span class='e-n-accordion-item-title-icon'>\n\t\t\t<span class='e-opened' ><svg aria-hidden=\"true\" class=\"e-font-icon-svg e-fas-minus\" viewbox=\"0 0 448 512\" xmlns=\"http:\/\/www.w3.org\/2000\/svg\"><path d=\"M416 208H32c-17.67 0-32 14.33-32 32v32c0 17.67 14.33 32 32 32h384c17.67 0 32-14.33 32-32v-32c0-17.67-14.33-32-32-32z\"><\/path><\/svg><\/span>\n\t\t\t<span class='e-closed'><svg aria-hidden=\"true\" class=\"e-font-icon-svg e-fas-plus\" viewbox=\"0 0 448 512\" xmlns=\"http:\/\/www.w3.org\/2000\/svg\"><path d=\"M416 208H272V64c0-17.67-14.33-32-32-32h-32c-17.67 0-32 14.33-32 32v144H32c-17.67 0-32 14.33-32 32v32c0 17.67 14.33 32 32 32h144v144c0 17.67 14.33 32 32 32h32c17.67 0 32-14.33 32-32V304h144c17.67 0 32-14.33 32-32v-32c0-17.67-14.33-32-32-32z\"><\/path><\/svg><\/span>\n\t\t<\/span>\n\n\t\t\t\t\t\t<\/summary>\n\t\t\t\t<div role=\"region\" aria-labelledby=\"e-n-accordion-item-1335\" class=\"elementor-element elementor-element-998ad40 e-flex e-con-boxed e-con e-child\" data-id=\"998ad40\" data-element_type=\"container\" data-e-type=\"container\">\n\t\t\t\t\t<div class=\"e-con-inner\">\n\t\t\t\t<div class=\"elementor-element elementor-element-dfd6c16 elementor-widget elementor-widget-text-editor\" data-id=\"dfd6c16\" data-element_type=\"widget\" data-e-type=\"widget\" data-widget_type=\"text-editor.default\">\n\t\t\t\t\t\t\t\t\t<p><span style=\"color: #000000\">Las mejores mesas podr\u00e1n ser invitadas a:<\/span><\/p><ul><li><span style=\"color: #000000\">N\u00fameros especiales en revistas indexadas<\/span><\/li><li><span style=\"color: #000000\">Libros colectivos internacionales<\/span><\/li><li><span style=\"color: #000000\">Dossiers tem\u00e1ticos post-congreso<\/span><\/li><\/ul>\t\t\t\t\t\t\t\t<\/div>\n\t\t\t\t\t<\/div>\n\t\t\t\t<\/div>\n\t\t\t\t\t<\/details>\n\t\t\t\t\t<\/div>\n\t\t\t\t\t\t<\/div>\n\t\t\t\t<\/div>\n\t\t\t\t\t<\/div>\n\t\t\t\t<\/div>\n\t\t<div class=\"elementor-element elementor-element-a30c7ca e-flex e-con-boxed e-con e-parent\" data-id=\"a30c7ca\" data-element_type=\"container\" data-e-type=\"container\">\n\t\t\t\t\t<div class=\"e-con-inner\">\n\t\t<div class=\"elementor-element elementor-element-27ddd8a e-con-full e-flex e-con e-child\" data-id=\"27ddd8a\" data-element_type=\"container\" data-e-type=\"container\">\n\t\t\t\t<div class=\"elementor-element elementor-element-19a593c elementor-widget elementor-widget-text-editor\" data-id=\"19a593c\" data-element_type=\"widget\" data-e-type=\"widget\" data-widget_type=\"text-editor.default\">\n\t\t\t\t\t\t\t\t\t<p>Panel 1<\/p>\t\t\t\t\t\t\t\t<\/div>\n\t\t\t\t<div class=\"elementor-element elementor-element-8347f29 elementor-widget elementor-widget-text-editor\" data-id=\"8347f29\" data-element_type=\"widget\" data-e-type=\"widget\" data-widget_type=\"text-editor.default\">\n\t\t\t\t\t\t\t\t\t<p><strong>Identidades en disputa y reconocimiento social<\/strong><\/p>\t\t\t\t\t\t\t\t<\/div>\n\t\t\t\t<div class=\"elementor-element elementor-element-5e1579b elementor-widget elementor-widget-text-editor\" data-id=\"5e1579b\" data-element_type=\"widget\" data-e-type=\"widget\" data-widget_type=\"text-editor.default\">\n\t\t\t\t\t\t\t\t\t<p>Este panel analiza las identidades sociales como procesos din\u00e1micos atravesados por desigualdades, conflictos culturales y crisis globales. Se abordan identidades de g\u00e9nero, \u00e9tnicas, migrantes y profesionales en contextos de transformaci\u00f3n social y medi\u00e1tica.<\/p>\t\t\t\t\t\t\t\t<\/div>\n\t\t\t\t<\/div>\n\t\t<div class=\"elementor-element elementor-element-6b6a55d e-con-full e-flex e-con e-child\" data-id=\"6b6a55d\" data-element_type=\"container\" data-e-type=\"container\">\n\t\t\t\t<div class=\"elementor-element elementor-element-256cb7f elementor-widget elementor-widget-text-editor\" data-id=\"256cb7f\" data-element_type=\"widget\" data-e-type=\"widget\" data-widget_type=\"text-editor.default\">\n\t\t\t\t\t\t\t\t\t<p>Panel 2<\/p>\t\t\t\t\t\t\t\t<\/div>\n\t\t\t\t<div class=\"elementor-element elementor-element-e04781d elementor-widget elementor-widget-text-editor\" data-id=\"e04781d\" data-element_type=\"widget\" data-e-type=\"widget\" data-widget_type=\"text-editor.default\">\n\t\t\t\t\t\t\t\t\t<p><strong>Esfera p\u00fablica, desinformaci\u00f3n y polarizaci\u00f3n<\/strong><\/p>\t\t\t\t\t\t\t\t<\/div>\n\t\t\t\t<div class=\"elementor-element elementor-element-a0a7c22 elementor-widget elementor-widget-text-editor\" data-id=\"a0a7c22\" data-element_type=\"widget\" data-e-type=\"widget\" data-widget_type=\"text-editor.default\">\n\t\t\t\t\t\t\t\t\t<p>Examina la transformaci\u00f3n de la esfera p\u00fablica en entornos digitales, el impacto de la desinformaci\u00f3n y la polarizaci\u00f3n pol\u00edtica, as\u00ed como los desaf\u00edos para la deliberaci\u00f3n democr\u00e1tica.<\/p>\t\t\t\t\t\t\t\t<\/div>\n\t\t\t\t<\/div>\n\t\t<div class=\"elementor-element elementor-element-082a2a7 e-con-full e-flex e-con e-child\" data-id=\"082a2a7\" data-element_type=\"container\" data-e-type=\"container\">\n\t\t\t\t<div class=\"elementor-element elementor-element-601d2fc elementor-widget elementor-widget-text-editor\" data-id=\"601d2fc\" data-element_type=\"widget\" data-e-type=\"widget\" data-widget_type=\"text-editor.default\">\n\t\t\t\t\t\t\t\t\t<p>Panel 3<\/p>\t\t\t\t\t\t\t\t<\/div>\n\t\t\t\t<div class=\"elementor-element elementor-element-e2a7367 elementor-widget elementor-widget-text-editor\" data-id=\"e2a7367\" data-element_type=\"widget\" data-e-type=\"widget\" data-widget_type=\"text-editor.default\">\n\t\t\t\t\t\t\t\t\t<p><strong>Plataformas digitales, algoritmos y poder<\/strong><\/p>\t\t\t\t\t\t\t\t<\/div>\n\t\t\t\t<div class=\"elementor-element elementor-element-c926f5c elementor-widget elementor-widget-text-editor\" data-id=\"c926f5c\" data-element_type=\"widget\" data-e-type=\"widget\" data-widget_type=\"text-editor.default\">\n\t\t\t\t\t\t\t\t\t<p>Analiza c\u00f3mo las plataformas digitales y los algoritmos configuran la visibilidad, el consumo cultural, el trabajo y la pol\u00edtica en la sociedad contempor\u00e1nea.<\/p>\t\t\t\t\t\t\t\t<\/div>\n\t\t\t\t<\/div>\n\t\t<div class=\"elementor-element elementor-element-c3c3f08 e-con-full e-flex e-con e-child\" data-id=\"c3c3f08\" data-element_type=\"container\" data-e-type=\"container\">\n\t\t\t\t<div class=\"elementor-element elementor-element-88900f7 elementor-widget elementor-widget-text-editor\" data-id=\"88900f7\" data-element_type=\"widget\" data-e-type=\"widget\" data-widget_type=\"text-editor.default\">\n\t\t\t\t\t\t\t\t\t<p>Panel 4<\/p>\t\t\t\t\t\t\t\t<\/div>\n\t\t\t\t<div class=\"elementor-element elementor-element-dc11531 elementor-widget elementor-widget-text-editor\" data-id=\"dc11531\" data-element_type=\"widget\" data-e-type=\"widget\" data-widget_type=\"text-editor.default\">\n\t\t\t\t\t\t\t\t\t<p><strong>Comunicaci\u00f3n, desarrollo y territorio<\/strong><\/p>\t\t\t\t\t\t\t\t<\/div>\n\t\t\t\t<div class=\"elementor-element elementor-element-45a7087 elementor-widget elementor-widget-text-editor\" data-id=\"45a7087\" data-element_type=\"widget\" data-e-type=\"widget\" data-widget_type=\"text-editor.default\">\n\t\t\t\t\t\t\t\t\t<p>Reflexiona sobre el rol de la comunicaci\u00f3n en los procesos de desarrollo, las disputas territoriales, la participaci\u00f3n ciudadana y las epistemolog\u00edas del Sur.<\/p>\t\t\t\t\t\t\t\t<\/div>\n\t\t\t\t<\/div>\n\t\t\t\t\t<\/div>\n\t\t\t\t<\/div>\n\t\t<div class=\"elementor-element elementor-element-40f68ee e-flex e-con-boxed e-con e-parent\" data-id=\"40f68ee\" data-element_type=\"container\" data-e-type=\"container\">\n\t\t\t\t\t<div class=\"e-con-inner\">\n\t\t<div class=\"elementor-element elementor-element-1582250 e-con-full e-flex e-con e-child\" data-id=\"1582250\" data-element_type=\"container\" data-e-type=\"container\">\n\t\t\t\t<div class=\"elementor-element elementor-element-9ebeeb9 elementor-widget elementor-widget-text-editor\" data-id=\"9ebeeb9\" data-element_type=\"widget\" data-e-type=\"widget\" data-widget_type=\"text-editor.default\">\n\t\t\t\t\t\t\t\t\t<p>Panel 5<\/p>\t\t\t\t\t\t\t\t<\/div>\n\t\t\t\t<div class=\"elementor-element elementor-element-64ed13b elementor-widget elementor-widget-text-editor\" data-id=\"64ed13b\" data-element_type=\"widget\" data-e-type=\"widget\" data-widget_type=\"text-editor.default\">\n\t\t\t\t\t\t\t\t\t<p><strong>Gobernanza digital, transparencia y derecho a la informaci\u00f3n<\/strong><\/p>\t\t\t\t\t\t\t\t<\/div>\n\t\t\t\t<div class=\"elementor-element elementor-element-dde180a elementor-widget elementor-widget-text-editor\" data-id=\"dde180a\" data-element_type=\"widget\" data-e-type=\"widget\" data-widget_type=\"text-editor.default\">\n\t\t\t\t\t\t\t\t\t<p>Explora la transparencia, la rendici\u00f3n de cuentas y el acceso a la informaci\u00f3n p\u00fablica en entornos digitales, as\u00ed como sus impactos en la confianza institucional y la democracia.<\/p>\t\t\t\t\t\t\t\t<\/div>\n\t\t\t\t<\/div>\n\t\t<div class=\"elementor-element elementor-element-e250334 e-con-full e-flex e-con e-child\" data-id=\"e250334\" data-element_type=\"container\" data-e-type=\"container\">\n\t\t\t\t<div class=\"elementor-element elementor-element-c4d7dbf elementor-widget elementor-widget-text-editor\" data-id=\"c4d7dbf\" data-element_type=\"widget\" data-e-type=\"widget\" data-widget_type=\"text-editor.default\">\n\t\t\t\t\t\t\t\t\t<p>Panel 6<\/p>\t\t\t\t\t\t\t\t<\/div>\n\t\t\t\t<div class=\"elementor-element elementor-element-b8ef994 elementor-widget elementor-widget-text-editor\" data-id=\"b8ef994\" data-element_type=\"widget\" data-e-type=\"widget\" data-widget_type=\"text-editor.default\">\n\t\t\t\t\t\t\t\t\t<p><strong>Periodismo, narrativas y legitimidad social<\/strong><\/p>\t\t\t\t\t\t\t\t<\/div>\n\t\t\t\t<div class=\"elementor-element elementor-element-b544bf2 elementor-widget elementor-widget-text-editor\" data-id=\"b544bf2\" data-element_type=\"widget\" data-e-type=\"widget\" data-widget_type=\"text-editor.default\">\n\t\t\t\t\t\t\t\t\t<p>Analiza los cambios en el periodismo contempor\u00e1neo, las nuevas narrativas digitales y los desaf\u00edos para la credibilidad y la legitimidad social de los medios.<\/p>\t\t\t\t\t\t\t\t<\/div>\n\t\t\t\t<\/div>\n\t\t<div class=\"elementor-element elementor-element-a3c0b5a e-con-full e-flex e-con e-child\" data-id=\"a3c0b5a\" data-element_type=\"container\" data-e-type=\"container\">\n\t\t\t\t<div class=\"elementor-element elementor-element-3a51c05 elementor-widget elementor-widget-text-editor\" data-id=\"3a51c05\" data-element_type=\"widget\" data-e-type=\"widget\" data-widget_type=\"text-editor.default\">\n\t\t\t\t\t\t\t\t\t<p>Panel 7<\/p>\t\t\t\t\t\t\t\t<\/div>\n\t\t\t\t<div class=\"elementor-element elementor-element-8a24aef elementor-widget elementor-widget-text-editor\" data-id=\"8a24aef\" data-element_type=\"widget\" data-e-type=\"widget\" data-widget_type=\"text-editor.default\">\n\t\t\t\t\t\t\t\t\t<p><strong>Violencias, desigualdades y resistencias digitales<\/strong><\/p>\t\t\t\t\t\t\t\t<\/div>\n\t\t\t\t<div class=\"elementor-element elementor-element-71aa27d elementor-widget elementor-widget-text-editor\" data-id=\"71aa27d\" data-element_type=\"widget\" data-e-type=\"widget\" data-widget_type=\"text-editor.default\">\n\t\t\t\t\t\t\t\t\t<p>Aborda las violencias simb\u00f3licas, discursivas y estructurales en entornos digitales, as\u00ed como las formas de resistencia y acci\u00f3n colectiva.<\/p>\t\t\t\t\t\t\t\t<\/div>\n\t\t\t\t<\/div>\n\t\t<div class=\"elementor-element elementor-element-a59383d e-con-full e-flex e-con e-child\" data-id=\"a59383d\" data-element_type=\"container\" data-e-type=\"container\">\n\t\t\t\t<div class=\"elementor-element elementor-element-7e342f5 elementor-widget elementor-widget-text-editor\" data-id=\"7e342f5\" data-element_type=\"widget\" data-e-type=\"widget\" data-widget_type=\"text-editor.default\">\n\t\t\t\t\t\t\t\t\t<p>Panel 8<\/p>\t\t\t\t\t\t\t\t<\/div>\n\t\t\t\t<div class=\"elementor-element elementor-element-00c8bee elementor-widget elementor-widget-text-editor\" data-id=\"00c8bee\" data-element_type=\"widget\" data-e-type=\"widget\" data-widget_type=\"text-editor.default\">\n\t\t\t\t\t\t\t\t\t<p><strong>Migraci\u00f3n, di\u00e1sporas y ciudadan\u00eda global<\/strong><\/p>\t\t\t\t\t\t\t\t<\/div>\n\t\t\t\t<div class=\"elementor-element elementor-element-74b4355 elementor-widget elementor-widget-text-editor\" data-id=\"74b4355\" data-element_type=\"widget\" data-e-type=\"widget\" data-widget_type=\"text-editor.default\">\n\t\t\t\t\t\t\t\t\t<p>Reflexiona sobre las migraciones, las identidades transnacionales y el papel de los medios digitales en la construcci\u00f3n de ciudadan\u00eda global.<\/p>\t\t\t\t\t\t\t\t<\/div>\n\t\t\t\t<\/div>\n\t\t\t\t\t<\/div>\n\t\t\t\t<\/div>\n\t\t<div class=\"elementor-element elementor-element-9d8007b e-flex e-con-boxed e-con e-parent\" data-id=\"9d8007b\" data-element_type=\"container\" data-e-type=\"container\">\n\t\t\t\t\t<div class=\"e-con-inner\">\n\t\t<div class=\"elementor-element elementor-element-f28832f e-con-full e-flex e-con e-child\" data-id=\"f28832f\" data-element_type=\"container\" data-e-type=\"container\">\n\t\t\t\t<\/div>\n\t\t<div class=\"elementor-element elementor-element-1d66397 e-con-full e-flex e-con e-child\" data-id=\"1d66397\" data-element_type=\"container\" data-e-type=\"container\">\n\t\t\t\t<div class=\"elementor-element elementor-element-ac986dc elementor-widget elementor-widget-text-editor\" data-id=\"ac986dc\" data-element_type=\"widget\" data-e-type=\"widget\" data-widget_type=\"text-editor.default\">\n\t\t\t\t\t\t\t\t\t<p>Panel 9<\/p>\t\t\t\t\t\t\t\t<\/div>\n\t\t\t\t<div class=\"elementor-element elementor-element-888e0e9 elementor-widget elementor-widget-text-editor\" data-id=\"888e0e9\" data-element_type=\"widget\" data-e-type=\"widget\" data-widget_type=\"text-editor.default\">\n\t\t\t\t\t\t\t\t\t<p><strong>Juventudes, culturas digitales y subjetividades<\/strong><\/p>\t\t\t\t\t\t\t\t<\/div>\n\t\t\t\t<div class=\"elementor-element elementor-element-d2cf54c elementor-widget elementor-widget-text-editor\" data-id=\"d2cf54c\" data-element_type=\"widget\" data-e-type=\"widget\" data-widget_type=\"text-editor.default\">\n\t\t\t\t\t\t\t\t\t<p>Analiza las pr\u00e1cticas culturales juveniles, la construcci\u00f3n de subjetividades y los procesos educativos y comunicacionales en entornos digitales.<\/p>\t\t\t\t\t\t\t\t<\/div>\n\t\t\t\t<\/div>\n\t\t<div class=\"elementor-element elementor-element-6d505c2 e-con-full e-flex e-con e-child\" data-id=\"6d505c2\" data-element_type=\"container\" data-e-type=\"container\">\n\t\t\t\t<div class=\"elementor-element elementor-element-3d07130 elementor-widget elementor-widget-text-editor\" data-id=\"3d07130\" data-element_type=\"widget\" data-e-type=\"widget\" data-widget_type=\"text-editor.default\">\n\t\t\t\t\t\t\t\t\t<p>Panel 10<\/p>\t\t\t\t\t\t\t\t<\/div>\n\t\t\t\t<div class=\"elementor-element elementor-element-50b014e elementor-widget elementor-widget-text-editor\" data-id=\"50b014e\" data-element_type=\"widget\" data-e-type=\"widget\" data-widget_type=\"text-editor.default\">\n\t\t\t\t\t\t\t\t\t<p><strong>Metodolog\u00edas para el estudio de problemas sociales globales<\/strong><\/p>\t\t\t\t\t\t\t\t<\/div>\n\t\t\t\t<div class=\"elementor-element elementor-element-19a0da9 elementor-widget elementor-widget-text-editor\" data-id=\"19a0da9\" data-element_type=\"widget\" data-e-type=\"widget\" data-widget_type=\"text-editor.default\">\n\t\t\t\t\t\t\t\t\t<p>Presenta enfoques metodol\u00f3gicos cualitativos, cuantitativos y mixtos para el an\u00e1lisis de fen\u00f3menos sociales complejos en contextos digitales y globales.<\/p>\t\t\t\t\t\t\t\t<\/div>\n\t\t\t\t<\/div>\n\t\t<div class=\"elementor-element elementor-element-d5b089e e-con-full e-flex e-con e-child\" data-id=\"d5b089e\" data-element_type=\"container\" data-e-type=\"container\">\n\t\t\t\t<\/div>\n\t\t\t\t\t<\/div>\n\t\t\t\t<\/div>\n\t\t\t\t<\/div>","protected":false},"excerpt":{"rendered":"<p>Call for papers\u00a0 Proceso de env\u00edo de Paneles Internacionales Participa en el I Congreso Internacional Interdisciplinario de Ciencias Sociales (CIICIS 2026), un espacio acad\u00e9mico de alto nivel que convoca a investigadores, docentes y profesionales a reflexionar cr\u00edticamente sobre los desaf\u00edos contempor\u00e1neos de las ciencias sociales en contextos de transformaci\u00f3n social, digital y cultural. CIICIS 2026&#8230;<\/p>","protected":false},"author":6,"featured_media":0,"parent":0,"menu_order":0,"comment_status":"closed","ping_status":"closed","template":"","meta":{"_kadence_starter_templates_imported_post":false,"_kad_post_transparent":"","_kad_post_title":"hide","_kad_post_layout":"fullwidth","_kad_post_sidebar_id":"","_kad_post_content_style":"unboxed","_kad_post_vertical_padding":"hide","_kad_post_feature":"hide","_kad_post_feature_position":"","_kad_post_header":false,"_kad_post_footer":false,"_kad_post_classname":"","footnotes":""},"class_list":["post-1561","page","type-page","status-publish","hentry"],"yoast_head":"<!-- This site is optimized with the Yoast SEO plugin v27.1.1 - https:\/\/yoast.com\/product\/yoast-seo-wordpress\/ -->\n<title>Paneles Internacionales - I Congreso Internacional Interdisciplinario de Ciencias Sociales<\/title>\n<meta name=\"robots\" content=\"index, follow, max-snippet:-1, max-image-preview:large, max-video-preview:-1\" \/>\n<link rel=\"canonical\" href=\"https:\/\/ciicis.ups.edu.ec\/en\/paneles-internacionales\/\" \/>\n<meta property=\"og:locale\" content=\"en_US\" \/>\n<meta property=\"og:type\" content=\"article\" \/>\n<meta property=\"og:title\" content=\"Paneles Internacionales - I Congreso Internacional Interdisciplinario de Ciencias Sociales\" \/>\n<meta property=\"og:description\" content=\"Call for papers\u00a0 Proceso de env\u00edo de Paneles Internacionales Participa en el I Congreso Internacional Interdisciplinario de Ciencias Sociales (CIICIS 2026), un espacio acad\u00e9mico de alto nivel que convoca a investigadores, docentes y profesionales a reflexionar cr\u00edticamente sobre los desaf\u00edos contempor\u00e1neos de las ciencias sociales en contextos de transformaci\u00f3n social, digital y cultural. CIICIS 2026...\" \/>\n<meta property=\"og:url\" content=\"https:\/\/ciicis.ups.edu.ec\/en\/paneles-internacionales\/\" \/>\n<meta property=\"og:site_name\" content=\"I Congreso Internacional Interdisciplinario de Ciencias Sociales\" \/>\n<meta property=\"article:modified_time\" content=\"2026-02-12T13:46:54+00:00\" \/>\n<meta property=\"og:image\" content=\"https:\/\/ciicis.ups.edu.ec\/wp-content\/uploads\/sites\/33\/2026\/01\/paneles-internacionales.png\" \/>\n\t<meta property=\"og:image:width\" content=\"2054\" \/>\n\t<meta property=\"og:image:height\" content=\"470\" \/>\n\t<meta property=\"og:image:type\" content=\"image\/png\" \/>\n<meta name=\"twitter:card\" content=\"summary_large_image\" \/>\n<meta name=\"twitter:label1\" content=\"Est. reading time\" \/>\n\t<meta name=\"twitter:data1\" content=\"6 minutes\" \/>\n<script type=\"application\/ld+json\" class=\"yoast-schema-graph\">{\"@context\":\"https:\/\/schema.org\",\"@graph\":[{\"@type\":\"WebPage\",\"@id\":\"https:\/\/ciicis.ups.edu.ec\/paneles-internacionales\/\",\"url\":\"https:\/\/ciicis.ups.edu.ec\/paneles-internacionales\/\",\"name\":\"Paneles Internacionales - I Congreso Internacional Interdisciplinario de Ciencias Sociales\",\"isPartOf\":{\"@id\":\"https:\/\/ciicis.ups.edu.ec\/#website\"},\"primaryImageOfPage\":{\"@id\":\"https:\/\/ciicis.ups.edu.ec\/paneles-internacionales\/#primaryimage\"},\"image\":{\"@id\":\"https:\/\/ciicis.ups.edu.ec\/paneles-internacionales\/#primaryimage\"},\"thumbnailUrl\":\"https:\/\/ciicis.ups.edu.ec\/wp-content\/uploads\/sites\/33\/2026\/01\/paneles-internacionales-1024x234.png\",\"datePublished\":\"2026-01-20T20:25:24+00:00\",\"dateModified\":\"2026-02-12T13:46:54+00:00\",\"breadcrumb\":{\"@id\":\"https:\/\/ciicis.ups.edu.ec\/paneles-internacionales\/#breadcrumb\"},\"inLanguage\":\"en-US\",\"potentialAction\":[{\"@type\":\"ReadAction\",\"target\":[\"https:\/\/ciicis.ups.edu.ec\/paneles-internacionales\/\"]}]},{\"@type\":\"ImageObject\",\"inLanguage\":\"en-US\",\"@id\":\"https:\/\/ciicis.ups.edu.ec\/paneles-internacionales\/#primaryimage\",\"url\":\"https:\/\/ciicis.ups.edu.ec\/wp-content\/uploads\/sites\/33\/2026\/01\/paneles-internacionales-1024x234.png\",\"contentUrl\":\"https:\/\/ciicis.ups.edu.ec\/wp-content\/uploads\/sites\/33\/2026\/01\/paneles-internacionales-1024x234.png\"},{\"@type\":\"BreadcrumbList\",\"@id\":\"https:\/\/ciicis.ups.edu.ec\/paneles-internacionales\/#breadcrumb\",\"itemListElement\":[{\"@type\":\"ListItem\",\"position\":1,\"name\":\"Portada\",\"item\":\"https:\/\/ciicis.ups.edu.ec\/\"},{\"@type\":\"ListItem\",\"position\":2,\"name\":\"Paneles Internacionales\"}]},{\"@type\":\"WebSite\",\"@id\":\"https:\/\/ciicis.ups.edu.ec\/#website\",\"url\":\"https:\/\/ciicis.ups.edu.ec\/\",\"name\":\"I Congreso Internacional Interdisciplinario de Ciencias Sociales\",\"description\":\"I Congreso Internacional Interdisciplinario de Ciencias Sociales\",\"publisher\":{\"@id\":\"https:\/\/ciicis.ups.edu.ec\/#organization\"},\"potentialAction\":[{\"@type\":\"SearchAction\",\"target\":{\"@type\":\"EntryPoint\",\"urlTemplate\":\"https:\/\/ciicis.ups.edu.ec\/?s={search_term_string}\"},\"query-input\":{\"@type\":\"PropertyValueSpecification\",\"valueRequired\":true,\"valueName\":\"search_term_string\"}}],\"inLanguage\":\"en-US\"},{\"@type\":\"Organization\",\"@id\":\"https:\/\/ciicis.ups.edu.ec\/#organization\",\"name\":\"I Congreso Internacional Interdisciplinario de Ciencias Sociales\",\"url\":\"https:\/\/ciicis.ups.edu.ec\/\",\"logo\":{\"@type\":\"ImageObject\",\"inLanguage\":\"en-US\",\"@id\":\"https:\/\/ciicis.ups.edu.ec\/#\/schema\/logo\/image\/\",\"url\":\"https:\/\/ciicis.ups.edu.ec\/wp-content\/uploads\/sites\/33\/2026\/02\/ciicis-azul.png\",\"contentUrl\":\"https:\/\/ciicis.ups.edu.ec\/wp-content\/uploads\/sites\/33\/2026\/02\/ciicis-azul.png\",\"width\":587,\"height\":189,\"caption\":\"I Congreso Internacional Interdisciplinario de Ciencias Sociales\"},\"image\":{\"@id\":\"https:\/\/ciicis.ups.edu.ec\/#\/schema\/logo\/image\/\"}}]}<\/script>\n<!-- \/ Yoast SEO plugin. -->","yoast_head_json":{"title":"Paneles Internacionales - I Congreso Internacional Interdisciplinario de Ciencias Sociales","robots":{"index":"index","follow":"follow","max-snippet":"max-snippet:-1","max-image-preview":"max-image-preview:large","max-video-preview":"max-video-preview:-1"},"canonical":"https:\/\/ciicis.ups.edu.ec\/en\/paneles-internacionales\/","og_locale":"en_US","og_type":"article","og_title":"Paneles Internacionales - I Congreso Internacional Interdisciplinario de Ciencias Sociales","og_description":"Call for papers\u00a0 Proceso de env\u00edo de Paneles Internacionales Participa en el I Congreso Internacional Interdisciplinario de Ciencias Sociales (CIICIS 2026), un espacio acad\u00e9mico de alto nivel que convoca a investigadores, docentes y profesionales a reflexionar cr\u00edticamente sobre los desaf\u00edos contempor\u00e1neos de las ciencias sociales en contextos de transformaci\u00f3n social, digital y cultural. CIICIS 2026...","og_url":"https:\/\/ciicis.ups.edu.ec\/en\/paneles-internacionales\/","og_site_name":"I Congreso Internacional Interdisciplinario de Ciencias Sociales","article_modified_time":"2026-02-12T13:46:54+00:00","og_image":[{"width":2054,"height":470,"url":"https:\/\/ciicis.ups.edu.ec\/wp-content\/uploads\/sites\/33\/2026\/01\/paneles-internacionales.png","type":"image\/png"}],"twitter_card":"summary_large_image","twitter_misc":{"Est. reading time":"6 minutes"},"schema":{"@context":"https:\/\/schema.org","@graph":[{"@type":"WebPage","@id":"https:\/\/ciicis.ups.edu.ec\/paneles-internacionales\/","url":"https:\/\/ciicis.ups.edu.ec\/paneles-internacionales\/","name":"Paneles Internacionales - I Congreso Internacional Interdisciplinario de Ciencias Sociales","isPartOf":{"@id":"https:\/\/ciicis.ups.edu.ec\/#website"},"primaryImageOfPage":{"@id":"https:\/\/ciicis.ups.edu.ec\/paneles-internacionales\/#primaryimage"},"image":{"@id":"https:\/\/ciicis.ups.edu.ec\/paneles-internacionales\/#primaryimage"},"thumbnailUrl":"https:\/\/ciicis.ups.edu.ec\/wp-content\/uploads\/sites\/33\/2026\/01\/paneles-internacionales-1024x234.png","datePublished":"2026-01-20T20:25:24+00:00","dateModified":"2026-02-12T13:46:54+00:00","breadcrumb":{"@id":"https:\/\/ciicis.ups.edu.ec\/paneles-internacionales\/#breadcrumb"},"inLanguage":"en-US","potentialAction":[{"@type":"ReadAction","target":["https:\/\/ciicis.ups.edu.ec\/paneles-internacionales\/"]}]},{"@type":"ImageObject","inLanguage":"en-US","@id":"https:\/\/ciicis.ups.edu.ec\/paneles-internacionales\/#primaryimage","url":"https:\/\/ciicis.ups.edu.ec\/wp-content\/uploads\/sites\/33\/2026\/01\/paneles-internacionales-1024x234.png","contentUrl":"https:\/\/ciicis.ups.edu.ec\/wp-content\/uploads\/sites\/33\/2026\/01\/paneles-internacionales-1024x234.png"},{"@type":"BreadcrumbList","@id":"https:\/\/ciicis.ups.edu.ec\/paneles-internacionales\/#breadcrumb","itemListElement":[{"@type":"ListItem","position":1,"name":"Portada","item":"https:\/\/ciicis.ups.edu.ec\/"},{"@type":"ListItem","position":2,"name":"Paneles Internacionales"}]},{"@type":"WebSite","@id":"https:\/\/ciicis.ups.edu.ec\/#website","url":"https:\/\/ciicis.ups.edu.ec\/","name":"First International Interdisciplinary Congress of Social Sciences","description":"First International Interdisciplinary Congress of Social Sciences","publisher":{"@id":"https:\/\/ciicis.ups.edu.ec\/#organization"},"potentialAction":[{"@type":"SearchAction","target":{"@type":"EntryPoint","urlTemplate":"https:\/\/ciicis.ups.edu.ec\/?s={search_term_string}"},"query-input":{"@type":"PropertyValueSpecification","valueRequired":true,"valueName":"search_term_string"}}],"inLanguage":"en-US"},{"@type":"Organization","@id":"https:\/\/ciicis.ups.edu.ec\/#organization","name":"First International Interdisciplinary Congress of Social Sciences","url":"https:\/\/ciicis.ups.edu.ec\/","logo":{"@type":"ImageObject","inLanguage":"en-US","@id":"https:\/\/ciicis.ups.edu.ec\/#\/schema\/logo\/image\/","url":"https:\/\/ciicis.ups.edu.ec\/wp-content\/uploads\/sites\/33\/2026\/02\/ciicis-azul.png","contentUrl":"https:\/\/ciicis.ups.edu.ec\/wp-content\/uploads\/sites\/33\/2026\/02\/ciicis-azul.png","width":587,"height":189,"caption":"I Congreso Internacional Interdisciplinario de Ciencias Sociales"},"image":{"@id":"https:\/\/ciicis.ups.edu.ec\/#\/schema\/logo\/image\/"}}]}},"_links":{"self":[{"href":"https:\/\/ciicis.ups.edu.ec\/en\/wp-json\/wp\/v2\/pages\/1561","targetHints":{"allow":["GET"]}}],"collection":[{"href":"https:\/\/ciicis.ups.edu.ec\/en\/wp-json\/wp\/v2\/pages"}],"about":[{"href":"https:\/\/ciicis.ups.edu.ec\/en\/wp-json\/wp\/v2\/types\/page"}],"author":[{"embeddable":true,"href":"https:\/\/ciicis.ups.edu.ec\/en\/wp-json\/wp\/v2\/users\/6"}],"replies":[{"embeddable":true,"href":"https:\/\/ciicis.ups.edu.ec\/en\/wp-json\/wp\/v2\/comments?post=1561"}],"version-history":[{"count":28,"href":"https:\/\/ciicis.ups.edu.ec\/en\/wp-json\/wp\/v2\/pages\/1561\/revisions"}],"predecessor-version":[{"id":2047,"href":"https:\/\/ciicis.ups.edu.ec\/en\/wp-json\/wp\/v2\/pages\/1561\/revisions\/2047"}],"wp:attachment":[{"href":"https:\/\/ciicis.ups.edu.ec\/en\/wp-json\/wp\/v2\/media?parent=1561"}],"curies":[{"name":"wp","href":"https:\/\/api.w.org\/{rel}","templated":true}]}}