{"id":560,"date":"2021-07-01T16:01:43","date_gmt":"2021-07-01T16:01:43","guid":{"rendered":"https:\/\/stage.startertemplatecloud.com\/g11\/?page_id=560"},"modified":"2026-04-09T07:14:41","modified_gmt":"2026-04-09T12:14:41","slug":"comites","status":"publish","type":"page","link":"https:\/\/ciicis.ups.edu.ec\/en\/comites\/","title":{"rendered":"Committees"},"content":{"rendered":"<div data-elementor-type=\"wp-page\" data-elementor-id=\"560\" class=\"elementor elementor-560\">\n\t\t\t\t<div class=\"elementor-element elementor-element-3cbbd23 e-flex e-con-boxed e-con e-parent\" data-id=\"3cbbd23\" data-element_type=\"container\" data-e-type=\"container\" data-settings=\"{&quot;background_background&quot;:&quot;classic&quot;}\">\n\t\t\t\t\t<div class=\"e-con-inner\">\n\t\t\t\t<div class=\"elementor-element elementor-element-f17503e elementor-widget elementor-widget-text-editor\" data-id=\"f17503e\" data-element_type=\"widget\" data-e-type=\"widget\" data-widget_type=\"text-editor.default\">\n\t\t\t\t\t\t\t\t\t<p><span style=\"color: #ffffff\">Comit\u00e9 Internacional<\/span><\/p>\t\t\t\t\t\t\t\t<\/div>\n\t\t\t\t\t<\/div>\n\t\t\t\t<\/div>\n\t\t<div class=\"elementor-element elementor-element-7974318 e-flex e-con-boxed e-con e-parent\" data-id=\"7974318\" data-element_type=\"container\" data-e-type=\"container\">\n\t\t\t\t\t<div class=\"e-con-inner\">\n\t\t\t\t<div class=\"elementor-element elementor-element-bdb5ce2 elementor-widget elementor-widget-text-editor\" data-id=\"bdb5ce2\" data-element_type=\"widget\" data-e-type=\"widget\" data-widget_type=\"text-editor.default\">\n\t\t\t\t\t\t\t\t\t<p data-path-to-node=\"2,0,0\"><span style=\"color: #000000\">Daniel Barredo Iba\u00f1ez Ph.D.,<\/span> <span style=\"color: #000080\">Universidad de Sevilla &#8211; Espa\u00f1a<\/span><\/p><p data-path-to-node=\"2,0,0\"><span style=\"color: #000000\">Tania Luc\u00eda Cobos Cobos Ph.D.,<\/span> <span style=\"color: #000080\">Universidad Tecnol\u00f3gica de Bol\u00edvar &#8211; Colombia<\/span><\/p><p data-path-to-node=\"2,0,0\"><span style=\"color: #000000\">Ana L\u00facia Nunes de Sousa Ph.D.,<\/span> <span style=\"color: #000080\">Universidade Federal do Rio de Janeiro &#8211; Brasil<\/span><\/p><p data-path-to-node=\"2,0,0\"><span style=\"color: #000000\">Andrea de Santis Ph.D.,<\/span> <span style=\"color: #000080\">Universidad Aut\u00f3noma de Barcelona &#8211; Espa\u00f1a<\/span><\/p><p data-path-to-node=\"2,0,0\"><span style=\"color: #000000\">Andrea Daniela Larrea Sol\u00f3rzano Ph.D.,<\/span> <span style=\"color: #000080\">Universidad T\u00e9cnica de Ambato &#8211; Ecuador<\/span><\/p><p data-path-to-node=\"2,0,0\"><span style=\"color: #000000\">Camilo Molina Bol\u00edvar Ph.D.,<\/span> <span style=\"color: #000080\">Instituto de Altos Estudios Nacionales &#8211; Colombia<\/span><\/p><p data-path-to-node=\"2,0,0\"><span style=\"color: #000000\">Euclides Mance Ph.D.,<\/span> <span style=\"color: #000080\">Solidarius Internacional &#8211; Brasil<\/span><\/p><p data-path-to-node=\"2,0,0\"><span style=\"color: #000000\">Jos\u00e9 Luis Coraggio Ph.D.,<\/span> <span style=\"color: #000080\">Universidad de Sarmiento &#8211; Argentina<\/span><\/p><p data-path-to-node=\"2,0,0\"><span style=\"color: #000000\">Ignacio Aguaded Ph.D.,<\/span> <span style=\"color: #000080\">Universidad de Huelva &#8211; Espa\u00f1a<\/span><\/p><p data-path-to-node=\"2,0,0\"><span style=\"color: #000000\">Mar\u00eda Soledad Ram\u00edrez Ph.D.,<\/span> <span style=\"color: #000080\">Tec Monterrey &#8211; M\u00e9xico<\/span><\/p><p data-path-to-node=\"2,0,0\"><span style=\"color: #000000\">\u00c1ngel Hernando Ph.D.,<\/span> <span style=\"color: #000080\">Universidad de Huelva &#8211; Espa\u00f1a<\/span><\/p><p data-path-to-node=\"2,0,0\"><span style=\"color: #000000\">Alicia Williner Ph.D.,<\/span> <span style=\"color: #000080\">CEPAL &#8211; Chile<\/span><\/p><p data-path-to-node=\"2,0,0\"><span style=\"color: #000000\">Camila P\u00e9rez Lagos Ph.D.,<\/span> <span style=\"color: #000080\">Universidad Cat\u00f3lica de Lille. (STC Lille) &#8211; Francia<\/span><\/p><p data-path-to-node=\"2,0,0\"><span style=\"color: #000000\">Sevgi Kavut Ph.D.,<\/span> <span style=\"color: #000080\">Universidad de Kocaeli &#8211; Turqu\u00eda<\/span><\/p><p data-path-to-node=\"2,0,0\"><span style=\"color: #000000\">Miguel Ezequiel Badillo Mendoza Ph.D.,<\/span> <span style=\"color: #000080\">Universidad Nacional Abierta y a Distancia &#8211; Colombia<\/span><\/p><p data-path-to-node=\"2,0,0\"><span style=\"color: #000000\">Juris Tipa Ph.D.,<\/span> <span style=\"color: #000080\">Universidad Aut\u00f3noma Metropolitana-Iztapalapa &#8211; M\u00e9xico<\/span><\/p><p data-path-to-node=\"2,0,0\"><span style=\"color: #000000\">Miriam Bertr\u00e1n Ph.D.,<\/span> <span style=\"color: #000080\">Universidad Aut\u00f3noma Metropolitana &#8211; M\u00e9xico<\/span><\/p><p data-path-to-node=\"2,0,0\"><span style=\"color: #000000\">Camila Perez Lagos Ph.D.,<\/span> <span style=\"color: #000080\">Universit\u00e9 catholique de Lille &#8211; Francia<\/span><\/p><p data-path-to-node=\"2,0,0\"><span style=\"color: #000000\">Claudia Eugenia Toca Torres Ph.D.,<\/span> <span style=\"color: #000080\">Universidad Iberoamericana Puebla &#8211; Mexico<\/span><\/p><p data-path-to-node=\"2,0,0\"><span style=\"color: #000000\">Isabel Jim\u00e9nez Becerra Ph.D.,<\/span> <span style=\"color: #000080\">Universidad de La Salle &#8211; Colombia<\/span><\/p><p data-path-to-node=\"2,0,0\"><span style=\"color: #000000\">Carolina Paola Tramallino Ph.D.,<\/span> <span style=\"color: #000080\">CONICET &#8211; Argentina<\/span><\/p><p data-path-to-node=\"2,0,0\"><span style=\"color: #000000\">Silvia Barona Ph.D.,<\/span> <span style=\"color: #000080\">Universitat de Val\u00e8ncia &#8211; Espa\u00f1a<\/span><\/p><p data-path-to-node=\"2,0,0\"><span style=\"color: #000000\">Luis Alberto N\u00fa\u00f1ez Lira Ph.D.,<\/span> <span style=\"color: #000080\">Universidad Nacional Mayor de San Marcos &#8211; Per\u00fa<\/span><\/p><p data-path-to-node=\"2,0,0\"><span style=\"color: #000000\">Joaquin Beltr\u00e1n Antol\u00edn Ph.D.,<\/span> <span style=\"color: #000080\">Universidad Aut\u00f3noma de Barcelona &#8211; Espa\u00f1a<\/span><\/p><p data-path-to-node=\"2,0,0\"><span style=\"color: #000000\">Dani Eduardo Vargas Huanca Ph.D.,<\/span> <span style=\"color: #000080\">Instituto de Investigaci\u00f3n de Culturas Ind\u00edgenas del Per\u00fa &#8211; Per\u00fa<\/span><\/p><p data-path-to-node=\"2,0,0\"><span style=\"color: #000000\">Lola S. Almendros Ph.D.,<\/span> <span style=\"color: #000080\">Universidad Nacional Aut\u00f3noma de M\u00e9xico &#8211; M\u00e9xico<\/span><\/p><p data-path-to-node=\"2,0,0\"><span style=\"color: #000000\">Zaily del Pilar Garc\u00eda Guti\u00e9rrez Ph.D.,<\/span> <span style=\"color: #000080\">Corporaci\u00f3n Universitaria Minuto de Dios &#8211; Colombia<\/span><\/p><p data-path-to-node=\"2,0,0\"><span style=\"color: #000000\">Jos\u00e9 Miguel Guti\u00e9rrez Peque\u00f1o Ph.D.,<\/span> <span style=\"color: #000080\">Universidad de Valladolid &#8211; Espa\u00f1a<\/span><\/p><p data-path-to-node=\"2,0,0\"><span style=\"color: #000000\">Carles Barriocanal Lozano Ph.D.,<\/span> <span style=\"color: #000080\">Universidad de Barcelona- Espa\u00f1a<\/span><\/p><p data-path-to-node=\"2,0,0\"><span style=\"color: #000000\">Diego Alberto Beltr\u00e1n Ph.D.,<\/span> <span style=\"color: #000080\">Universidad Nacional de Rosario &#8211; Argentina<\/span><\/p><p data-path-to-node=\"2,0,0\"><span style=\"color: #000000\">Jes\u00fas Alfredo Morales Carrero Ph.D.,<\/span> <span style=\"color: #000080\">Universidad de Los Andes &#8211; Venezuela<\/span><\/p><p data-path-to-node=\"2,0,0\"><span style=\"color: #000000\">Maryuri Agudelo Franco Ph.D.,<\/span> <span style=\"color: #000080\">Corporaci\u00f3n Universitaria Minuto de Dios &#8211; Colombia<\/span><\/p><p data-path-to-node=\"2,0,0\">\u00a0<\/p>\t\t\t\t\t\t\t\t<\/div>\n\t\t\t\t\t<\/div>\n\t\t\t\t<\/div>\n\t\t<div class=\"elementor-element elementor-element-39b0fab e-flex e-con-boxed e-con e-parent\" data-id=\"39b0fab\" data-element_type=\"container\" data-e-type=\"container\" data-settings=\"{&quot;background_background&quot;:&quot;classic&quot;}\">\n\t\t\t\t\t<div class=\"e-con-inner\">\n\t\t\t\t<div class=\"elementor-element elementor-element-228c479 elementor-widget elementor-widget-text-editor\" data-id=\"228c479\" data-element_type=\"widget\" data-e-type=\"widget\" data-widget_type=\"text-editor.default\">\n\t\t\t\t\t\t\t\t\t<p><span style=\"color: #ffffff\">Comit\u00e9 Ejecutivo<\/span><\/p>\t\t\t\t\t\t\t\t<\/div>\n\t\t\t\t\t<\/div>\n\t\t\t\t<\/div>\n\t\t<div class=\"elementor-element elementor-element-f40c23c e-flex e-con-boxed e-con e-parent\" data-id=\"f40c23c\" data-element_type=\"container\" data-e-type=\"container\">\n\t\t\t\t\t<div class=\"e-con-inner\">\n\t\t\t\t<div class=\"elementor-element elementor-element-eeb49de elementor-widget elementor-widget-text-editor\" data-id=\"eeb49de\" data-element_type=\"widget\" data-e-type=\"widget\" data-widget_type=\"text-editor.default\">\n\t\t\t\t\t\t\t\t\t<p><span style=\"color: #000000\">Narcisa Medranda. \u00a0Ph.D,<\/span> <span style=\"color: #000080\">General Chair<\/span><\/p><p style=\"text-align: left\"><span style=\"color: #000000\">Diana Rivera, Ph.D.,<\/span> <span style=\"color: #000080\">Track Chair Eje 1<\/span><\/p><p style=\"text-align: left\">Ana Castro, Ph.D. (c), <span style=\"color: #000080\">Track Chair Eje 2<\/span><\/p><p style=\"text-align: left\"><span style=\"color: #000000\">Isabel Ramos, Ph.D.,<\/span> <span style=\"color: #000080\">Track Chair Eje 3<\/span><\/p><p style=\"text-align: left\"><span style=\"color: #000000\">Roberto S\u00e1nchez, Ph.D.,<\/span> <span style=\"color: #000080\">Track Chair Eje 4<\/span><\/p><p><span style=\"color: #000000\">Esteban Plaza, Ph.D. (c).<\/span> <span style=\"color: #000080\">Track Chair Eje 5<\/span><\/p>\t\t\t\t\t\t\t\t<\/div>\n\t\t\t\t\t<\/div>\n\t\t\t\t<\/div>\n\t\t<div class=\"elementor-element elementor-element-022649b e-flex e-con-boxed e-con e-parent\" data-id=\"022649b\" data-element_type=\"container\" data-e-type=\"container\" data-settings=\"{&quot;background_background&quot;:&quot;classic&quot;}\">\n\t\t\t\t\t<div class=\"e-con-inner\">\n\t\t\t\t<div class=\"elementor-element elementor-element-001dcda elementor-widget elementor-widget-text-editor\" data-id=\"001dcda\" data-element_type=\"widget\" data-e-type=\"widget\" data-widget_type=\"text-editor.default\">\n\t\t\t\t\t\t\t\t\t<p><span style=\"color: #ffffff\">Comit\u00e9 Honor\u00edfico<\/span><\/p>\t\t\t\t\t\t\t\t<\/div>\n\t\t\t\t\t<\/div>\n\t\t\t\t<\/div>\n\t\t<div class=\"elementor-element elementor-element-84ccbdd e-flex e-con-boxed e-con e-parent\" data-id=\"84ccbdd\" data-element_type=\"container\" data-e-type=\"container\">\n\t\t\t\t\t<div class=\"e-con-inner\">\n\t\t\t\t<div class=\"elementor-element elementor-element-1a533c3 elementor-widget elementor-widget-text-editor\" data-id=\"1a533c3\" data-element_type=\"widget\" data-e-type=\"widget\" data-widget_type=\"text-editor.default\">\n\t\t\t\t\t\t\t\t\t<p><span style=\"color: #000000\">Juan C\u00e1rdenas, sdb. \u00a0Ph.D,<\/span> <span style=\"color: #000080\">Rector de la Universidad Polit\u00e9cnica Salesiana<\/span><\/p><p style=\"text-align: left\"><span style=\"color: #000000\">Fernando Pesantez Avil\u00e9s, Ph.D,<\/span> <span style=\"color: #000080\">Vicerrector\u00a0 General de la Universidad Polit\u00e9cnica Salesiana<\/span><\/p><p style=\"text-align: left\"><span style=\"color: #000000\">Esteban Inga Ortiz, Ph.D.<\/span> <span style=\"color: #000080\">Vicerrector de Investigaci\u00f3n de la Universidad Polit\u00e9cnica Salesiana<\/span><\/p><p style=\"text-align: left\"><span style=\"color: #000000\">Angela Flores Ortiz, Ph.D.<\/span> <span style=\"color: #000080\">Vicerrectora Acad\u00e9mica de la Universidad Polit\u00e9cnica Salesiana<\/span><\/p><p style=\"text-align: left\"><span style=\"color: #000000\">Vladimir Robles Bykbaev, Ph.D.<\/span> <span style=\"color: #000080\">Vicerrector de Posgrado de la Universidad Polit\u00e9cnica Salesiana<\/span><\/p><p><span style=\"color: #000000\">Germ\u00e1n Ar\u00e9valo Bermeo, Ph.D.<\/span> <span style=\"color: #000080\">Vicerrector de la Sede Quito<\/span><\/p><p style=\"text-align: left\"><span style=\"color: #000000\">Diego Carri\u00f3n Galarza, Ph.D.<\/span> <span style=\"color: #000080\">Coordinador de Investigaci\u00f3n Sede Quito<\/span><\/p>\t\t\t\t\t\t\t\t<\/div>\n\t\t\t\t\t<\/div>\n\t\t\t\t<\/div>\n\t\t<div class=\"elementor-element elementor-element-44e90b8 e-flex e-con-boxed e-con e-parent\" data-id=\"44e90b8\" data-element_type=\"container\" data-e-type=\"container\" data-settings=\"{&quot;background_background&quot;:&quot;classic&quot;}\">\n\t\t\t\t\t<div class=\"e-con-inner\">\n\t\t\t\t<div class=\"elementor-element elementor-element-f50d4e9 elementor-widget elementor-widget-text-editor\" data-id=\"f50d4e9\" data-element_type=\"widget\" data-e-type=\"widget\" data-widget_type=\"text-editor.default\">\n\t\t\t\t\t\t\t\t\t<p><span style=\"color: #ffffff\">Comit\u00e9 Organizador<\/span><\/p>\t\t\t\t\t\t\t\t<\/div>\n\t\t\t\t\t<\/div>\n\t\t\t\t<\/div>\n\t\t<div class=\"elementor-element elementor-element-92e7873 e-flex e-con-boxed e-con e-parent\" data-id=\"92e7873\" data-element_type=\"container\" data-e-type=\"container\">\n\t\t\t\t\t<div class=\"e-con-inner\">\n\t\t\t\t<div class=\"elementor-element elementor-element-f4ccf04 elementor-widget elementor-widget-text-editor\" data-id=\"f4ccf04\" data-element_type=\"widget\" data-e-type=\"widget\" data-widget_type=\"text-editor.default\">\n\t\t\t\t\t\t\t\t\t<p style=\"text-align: left\"><span style=\"color: #000000\">Narcisa Medranda Morales, Ph.D,<\/span><\/p><p style=\"text-align: left\"><span style=\"color: #000000\">Roberto S\u00e1nchez Montoya, Ph.D,<\/span><\/p><p style=\"text-align: left\"><span style=\"color: #000000\">Yaroslava Robles Bykbaev, Ph.D.<\/span><\/p><p style=\"text-align: left\"><span style=\"color: #000000\">\u00a0Isabel Ramos, Ph.D.<\/span><\/p><p style=\"text-align: left\"><span style=\"color: #000000\">Diana Rivera Rongel, Ph.D<\/span><\/p><p style=\"text-align: left\"><span style=\"color: #000000\">\u00a0Ana Castro, Ph.D (c)<\/span><\/p><p style=\"text-align: left\"><span style=\"color: #000000\">Esteban Plaza, Ph.D (c)<\/span><\/p><p>\u00a0<\/p>\t\t\t\t\t\t\t\t<\/div>\n\t\t\t\t\t<\/div>\n\t\t\t\t<\/div>\n\t\t<div class=\"elementor-element elementor-element-3d017f0 e-flex e-con-boxed e-con e-parent\" data-id=\"3d017f0\" data-element_type=\"container\" data-e-type=\"container\" data-settings=\"{&quot;background_background&quot;:&quot;classic&quot;}\">\n\t\t\t\t\t<div class=\"e-con-inner\">\n\t\t\t\t<div class=\"elementor-element elementor-element-78e4fc1 elementor-widget elementor-widget-text-editor\" data-id=\"78e4fc1\" data-element_type=\"widget\" data-e-type=\"widget\" data-widget_type=\"text-editor.default\">\n\t\t\t\t\t\t\t\t\t<p><span style=\"color: #ffffff\">Comit\u00e9 Local<\/span><\/p>\t\t\t\t\t\t\t\t<\/div>\n\t\t\t\t\t<\/div>\n\t\t\t\t<\/div>\n\t\t<div class=\"elementor-element elementor-element-c1fa7f9 e-flex e-con-boxed e-con e-parent\" data-id=\"c1fa7f9\" data-element_type=\"container\" data-e-type=\"container\">\n\t\t\t\t\t<div class=\"e-con-inner\">\n\t\t\t\t<div class=\"elementor-element elementor-element-5d20ffc elementor-widget elementor-widget-text-editor\" data-id=\"5d20ffc\" data-element_type=\"widget\" data-e-type=\"widget\" data-widget_type=\"text-editor.default\">\n\t\t\t\t\t\t\t\t\t<p style=\"text-align: left\">Narcisa Jessenia Medranda Morales<\/p><p style=\"text-align: left\">Roberto Miguel S\u00e1nchez Montoya<\/p><p style=\"text-align: left\">Mar\u00eda de la Paz Guarderas Albuja<\/p><p style=\"text-align: left\">Nina Lulushca Aguiar Mari\u00f1o<\/p><p style=\"text-align: left\">Mar\u00eda del Carmen Ram\u00edrez Soasti<\/p><p style=\"text-align: left\">Carmen Rosa \u00c1lvarez Torres<\/p><p style=\"text-align: left\">Zobeida Yaroslava Robles Bykbaev<\/p><p style=\"text-align: left\">Diego Francisco Carri\u00f3n Galarza<\/p><p style=\"text-align: left\">Jaime Ramiro Morej\u00f3n Vallejo<\/p><p style=\"text-align: left\">\u00c1ngel Torres Toukumides<\/p><p style=\"text-align: left\">Laura Falceri<\/p><p style=\"text-align: left\">C\u00e9sar Miguel Andrade Mart\u00ednez<\/p><p style=\"text-align: left\">Betty Isabel Rodas Soto<\/p><p style=\"text-align: left\">Luz Marina Castillo Astudillo<\/p><p style=\"text-align: left\">Diego Ricardo Proa\u00f1o Cepeda<\/p><p style=\"text-align: left\">Saul Fernando Uribe Taborda<\/p><p style=\"text-align: left\">Luis Fernando Garc\u00e9s Vel\u00e1squez<\/p><p style=\"text-align: left\">Carlos Rene Unda Lara<\/p><p style=\"text-align: left\">Esteban Plaza Trujillo<\/p><p style=\"text-align: left\">Henry Andr\u00e9s Escobar Tiban<\/p><p style=\"text-align: left\">Roberto Carlos Rosero Ortega<\/p><p style=\"text-align: left\">Jessica Lourdes Villamar Mu\u00f1oz<\/p><p style=\"text-align: left\">Omar Coloma Barrag\u00e1n<\/p><p style=\"text-align: left\">Jos\u00e9 Melendez Mejia<\/p><p style=\"text-align: left\">Cinthya Hervas Novoa<\/p><p style=\"text-align: left\">Patricio Benavides Herrara<\/p><p style=\"text-align: left\">Kathy Padilla Rivas<\/p><p style=\"text-align: left\">Grace Benalcazar Rodr\u00edguez<\/p><p style=\"text-align: left\">Enza Bosetti<\/p><p style=\"text-align: left\">Jorge Rendel Maldonado<\/p><p style=\"text-align: left\">Diego Condor Sambache<\/p><p style=\"text-align: left\">Johanna Escobar Torres<\/p><p style=\"text-align: left\">Sabina Valdez J\u00e1come<\/p>\t\t\t\t\t\t\t\t<\/div>\n\t\t\t\t\t<\/div>\n\t\t\t\t<\/div>\n\t\t\t\t<\/div>","protected":false},"excerpt":{"rendered":"<p>Comit\u00e9 Internacional Daniel Barredo Iba\u00f1ez Ph.D., Universidad de Sevilla &#8211; Espa\u00f1a Tania Luc\u00eda Cobos Cobos Ph.D., Universidad Tecnol\u00f3gica de Bol\u00edvar &#8211; Colombia Ana L\u00facia Nunes de Sousa Ph.D., Universidade Federal do Rio de Janeiro &#8211; Brasil Andrea de Santis Ph.D., Universidad Aut\u00f3noma de Barcelona &#8211; Espa\u00f1a Andrea Daniela Larrea Sol\u00f3rzano Ph.D., Universidad T\u00e9cnica de Ambato&#8230;<\/p>","protected":false},"author":1137,"featured_media":0,"parent":0,"menu_order":0,"comment_status":"closed","ping_status":"closed","template":"","meta":{"_kadence_starter_templates_imported_post":true,"_kad_post_transparent":"","_kad_post_title":"hide","_kad_post_layout":"fullwidth","_kad_post_sidebar_id":"","_kad_post_content_style":"unboxed","_kad_post_vertical_padding":"hide","_kad_post_feature":"hide","_kad_post_feature_position":"","_kad_post_header":false,"_kad_post_footer":false,"_kad_post_classname":"","footnotes":""},"class_list":["post-560","page","type-page","status-publish","hentry"],"yoast_head":"<!-- This site is optimized with the Yoast SEO plugin v27.1.1 - https:\/\/yoast.com\/product\/yoast-seo-wordpress\/ -->\n<title>Comit\u00e9s - I Congreso Internacional Interdisciplinario de Ciencias Sociales<\/title>\n<meta name=\"robots\" content=\"index, follow, max-snippet:-1, max-image-preview:large, max-video-preview:-1\" \/>\n<link rel=\"canonical\" href=\"https:\/\/ciicis.ups.edu.ec\/en\/comites\/\" \/>\n<meta property=\"og:locale\" content=\"en_US\" \/>\n<meta property=\"og:type\" content=\"article\" \/>\n<meta property=\"og:title\" content=\"Comit\u00e9s - I Congreso Internacional Interdisciplinario de Ciencias Sociales\" \/>\n<meta property=\"og:description\" content=\"Comit\u00e9 Internacional Daniel Barredo Iba\u00f1ez Ph.D., Universidad de Sevilla &#8211; Espa\u00f1a Tania Luc\u00eda Cobos Cobos Ph.D., Universidad Tecnol\u00f3gica de Bol\u00edvar &#8211; Colombia Ana L\u00facia Nunes de Sousa Ph.D., Universidade Federal do Rio de Janeiro &#8211; Brasil Andrea de Santis Ph.D., Universidad Aut\u00f3noma de Barcelona &#8211; Espa\u00f1a Andrea Daniela Larrea Sol\u00f3rzano Ph.D., Universidad T\u00e9cnica de Ambato...\" \/>\n<meta property=\"og:url\" content=\"https:\/\/ciicis.ups.edu.ec\/en\/comites\/\" \/>\n<meta property=\"og:site_name\" content=\"I Congreso Internacional Interdisciplinario de Ciencias Sociales\" \/>\n<meta property=\"article:modified_time\" content=\"2026-04-09T12:14:41+00:00\" \/>\n<meta name=\"twitter:card\" content=\"summary_large_image\" \/>\n<meta name=\"twitter:label1\" content=\"Est. reading time\" \/>\n\t<meta name=\"twitter:data1\" content=\"3 minutes\" \/>\n<script type=\"application\/ld+json\" class=\"yoast-schema-graph\">{\"@context\":\"https:\/\/schema.org\",\"@graph\":[{\"@type\":\"WebPage\",\"@id\":\"https:\/\/ciicis.ups.edu.ec\/comites\/\",\"url\":\"https:\/\/ciicis.ups.edu.ec\/comites\/\",\"name\":\"Comit\u00e9s - I Congreso Internacional Interdisciplinario de Ciencias Sociales\",\"isPartOf\":{\"@id\":\"https:\/\/ciicis.ups.edu.ec\/#website\"},\"datePublished\":\"2021-07-01T16:01:43+00:00\",\"dateModified\":\"2026-04-09T12:14:41+00:00\",\"breadcrumb\":{\"@id\":\"https:\/\/ciicis.ups.edu.ec\/comites\/#breadcrumb\"},\"inLanguage\":\"en-US\",\"potentialAction\":[{\"@type\":\"ReadAction\",\"target\":[\"https:\/\/ciicis.ups.edu.ec\/comites\/\"]}]},{\"@type\":\"BreadcrumbList\",\"@id\":\"https:\/\/ciicis.ups.edu.ec\/comites\/#breadcrumb\",\"itemListElement\":[{\"@type\":\"ListItem\",\"position\":1,\"name\":\"Portada\",\"item\":\"https:\/\/ciicis.ups.edu.ec\/\"},{\"@type\":\"ListItem\",\"position\":2,\"name\":\"Comit\u00e9s\"}]},{\"@type\":\"WebSite\",\"@id\":\"https:\/\/ciicis.ups.edu.ec\/#website\",\"url\":\"https:\/\/ciicis.ups.edu.ec\/\",\"name\":\"I Congreso Internacional Interdisciplinario de Ciencias Sociales\",\"description\":\"I Congreso Internacional Interdisciplinario de Ciencias Sociales\",\"publisher\":{\"@id\":\"https:\/\/ciicis.ups.edu.ec\/#organization\"},\"potentialAction\":[{\"@type\":\"SearchAction\",\"target\":{\"@type\":\"EntryPoint\",\"urlTemplate\":\"https:\/\/ciicis.ups.edu.ec\/?s={search_term_string}\"},\"query-input\":{\"@type\":\"PropertyValueSpecification\",\"valueRequired\":true,\"valueName\":\"search_term_string\"}}],\"inLanguage\":\"en-US\"},{\"@type\":\"Organization\",\"@id\":\"https:\/\/ciicis.ups.edu.ec\/#organization\",\"name\":\"I Congreso Internacional Interdisciplinario de Ciencias Sociales\",\"url\":\"https:\/\/ciicis.ups.edu.ec\/\",\"logo\":{\"@type\":\"ImageObject\",\"inLanguage\":\"en-US\",\"@id\":\"https:\/\/ciicis.ups.edu.ec\/#\/schema\/logo\/image\/\",\"url\":\"https:\/\/ciicis.ups.edu.ec\/wp-content\/uploads\/sites\/33\/2026\/02\/ciicis-azul.png\",\"contentUrl\":\"https:\/\/ciicis.ups.edu.ec\/wp-content\/uploads\/sites\/33\/2026\/02\/ciicis-azul.png\",\"width\":587,\"height\":189,\"caption\":\"I Congreso Internacional Interdisciplinario de Ciencias Sociales\"},\"image\":{\"@id\":\"https:\/\/ciicis.ups.edu.ec\/#\/schema\/logo\/image\/\"}}]}<\/script>\n<!-- \/ Yoast SEO plugin. -->","yoast_head_json":{"title":"Comit\u00e9s - I Congreso Internacional Interdisciplinario de Ciencias Sociales","robots":{"index":"index","follow":"follow","max-snippet":"max-snippet:-1","max-image-preview":"max-image-preview:large","max-video-preview":"max-video-preview:-1"},"canonical":"https:\/\/ciicis.ups.edu.ec\/en\/comites\/","og_locale":"en_US","og_type":"article","og_title":"Comit\u00e9s - I Congreso Internacional Interdisciplinario de Ciencias Sociales","og_description":"Comit\u00e9 Internacional Daniel Barredo Iba\u00f1ez Ph.D., Universidad de Sevilla &#8211; Espa\u00f1a Tania Luc\u00eda Cobos Cobos Ph.D., Universidad Tecnol\u00f3gica de Bol\u00edvar &#8211; Colombia Ana L\u00facia Nunes de Sousa Ph.D., Universidade Federal do Rio de Janeiro &#8211; Brasil Andrea de Santis Ph.D., Universidad Aut\u00f3noma de Barcelona &#8211; Espa\u00f1a Andrea Daniela Larrea Sol\u00f3rzano Ph.D., Universidad T\u00e9cnica de Ambato...","og_url":"https:\/\/ciicis.ups.edu.ec\/en\/comites\/","og_site_name":"I Congreso Internacional Interdisciplinario de Ciencias Sociales","article_modified_time":"2026-04-09T12:14:41+00:00","twitter_card":"summary_large_image","twitter_misc":{"Est. reading time":"3 minutes"},"schema":{"@context":"https:\/\/schema.org","@graph":[{"@type":"WebPage","@id":"https:\/\/ciicis.ups.edu.ec\/comites\/","url":"https:\/\/ciicis.ups.edu.ec\/comites\/","name":"Comit\u00e9s - I Congreso Internacional Interdisciplinario de Ciencias Sociales","isPartOf":{"@id":"https:\/\/ciicis.ups.edu.ec\/#website"},"datePublished":"2021-07-01T16:01:43+00:00","dateModified":"2026-04-09T12:14:41+00:00","breadcrumb":{"@id":"https:\/\/ciicis.ups.edu.ec\/comites\/#breadcrumb"},"inLanguage":"en-US","potentialAction":[{"@type":"ReadAction","target":["https:\/\/ciicis.ups.edu.ec\/comites\/"]}]},{"@type":"BreadcrumbList","@id":"https:\/\/ciicis.ups.edu.ec\/comites\/#breadcrumb","itemListElement":[{"@type":"ListItem","position":1,"name":"Portada","item":"https:\/\/ciicis.ups.edu.ec\/"},{"@type":"ListItem","position":2,"name":"Comit\u00e9s"}]},{"@type":"WebSite","@id":"https:\/\/ciicis.ups.edu.ec\/#website","url":"https:\/\/ciicis.ups.edu.ec\/","name":"First International Interdisciplinary Congress of Social Sciences","description":"First International Interdisciplinary Congress of Social Sciences","publisher":{"@id":"https:\/\/ciicis.ups.edu.ec\/#organization"},"potentialAction":[{"@type":"SearchAction","target":{"@type":"EntryPoint","urlTemplate":"https:\/\/ciicis.ups.edu.ec\/?s={search_term_string}"},"query-input":{"@type":"PropertyValueSpecification","valueRequired":true,"valueName":"search_term_string"}}],"inLanguage":"en-US"},{"@type":"Organization","@id":"https:\/\/ciicis.ups.edu.ec\/#organization","name":"First International Interdisciplinary Congress of Social Sciences","url":"https:\/\/ciicis.ups.edu.ec\/","logo":{"@type":"ImageObject","inLanguage":"en-US","@id":"https:\/\/ciicis.ups.edu.ec\/#\/schema\/logo\/image\/","url":"https:\/\/ciicis.ups.edu.ec\/wp-content\/uploads\/sites\/33\/2026\/02\/ciicis-azul.png","contentUrl":"https:\/\/ciicis.ups.edu.ec\/wp-content\/uploads\/sites\/33\/2026\/02\/ciicis-azul.png","width":587,"height":189,"caption":"I Congreso Internacional Interdisciplinario de Ciencias Sociales"},"image":{"@id":"https:\/\/ciicis.ups.edu.ec\/#\/schema\/logo\/image\/"}}]}},"_links":{"self":[{"href":"https:\/\/ciicis.ups.edu.ec\/en\/wp-json\/wp\/v2\/pages\/560","targetHints":{"allow":["GET"]}}],"collection":[{"href":"https:\/\/ciicis.ups.edu.ec\/en\/wp-json\/wp\/v2\/pages"}],"about":[{"href":"https:\/\/ciicis.ups.edu.ec\/en\/wp-json\/wp\/v2\/types\/page"}],"author":[{"embeddable":true,"href":"https:\/\/ciicis.ups.edu.ec\/en\/wp-json\/wp\/v2\/users\/1137"}],"replies":[{"embeddable":true,"href":"https:\/\/ciicis.ups.edu.ec\/en\/wp-json\/wp\/v2\/comments?post=560"}],"version-history":[{"count":70,"href":"https:\/\/ciicis.ups.edu.ec\/en\/wp-json\/wp\/v2\/pages\/560\/revisions"}],"predecessor-version":[{"id":2230,"href":"https:\/\/ciicis.ups.edu.ec\/en\/wp-json\/wp\/v2\/pages\/560\/revisions\/2230"}],"wp:attachment":[{"href":"https:\/\/ciicis.ups.edu.ec\/en\/wp-json\/wp\/v2\/media?parent=560"}],"curies":[{"name":"wp","href":"https:\/\/api.w.org\/{rel}","templated":true}]}}