{"id":768,"date":"2021-07-06T04:48:19","date_gmt":"2021-07-06T04:48:19","guid":{"rendered":"https:\/\/stage.startertemplatecloud.com\/g11\/?page_id=768"},"modified":"2026-02-09T21:55:48","modified_gmt":"2026-02-10T02:55:48","slug":"acerca-de","status":"publish","type":"page","link":"https:\/\/ciicis.ups.edu.ec\/en\/acerca-de\/","title":{"rendered":"About Event"},"content":{"rendered":"<div data-elementor-type=\"wp-page\" data-elementor-id=\"768\" class=\"elementor elementor-768\">\n\t\t\t\t<div class=\"elementor-element elementor-element-22503f5 e-flex e-con-boxed e-con e-parent\" data-id=\"22503f5\" data-element_type=\"container\" data-e-type=\"container\">\n\t\t\t\t\t<div class=\"e-con-inner\">\n\t\t<div class=\"elementor-element elementor-element-20c4d77 e-con-full e-flex e-con e-child\" data-id=\"20c4d77\" data-element_type=\"container\" data-e-type=\"container\">\n\t\t\t\t<div class=\"elementor-element elementor-element-541eda8 elementor-widget elementor-widget-image\" data-id=\"541eda8\" data-element_type=\"widget\" data-e-type=\"widget\" data-widget_type=\"image.default\">\n\t\t\t\t\t\t\t\t\t\t\t\t\t\t\t<img fetchpriority=\"high\" decoding=\"async\" width=\"1024\" height=\"683\" src=\"https:\/\/ciicis.ups.edu.ec\/wp-content\/uploads\/sites\/33\/2026\/01\/4-1024x683.jpg\" class=\"attachment-large size-large wp-image-1449\" alt=\"\" srcset=\"https:\/\/ciicis.ups.edu.ec\/wp-content\/uploads\/sites\/33\/2026\/01\/4-1024x683.jpg 1024w, https:\/\/ciicis.ups.edu.ec\/wp-content\/uploads\/sites\/33\/2026\/01\/4-300x200.jpg 300w, https:\/\/ciicis.ups.edu.ec\/wp-content\/uploads\/sites\/33\/2026\/01\/4-768x512.jpg 768w, https:\/\/ciicis.ups.edu.ec\/wp-content\/uploads\/sites\/33\/2026\/01\/4.jpg 1536w\" sizes=\"(max-width: 1024px) 100vw, 1024px\" \/>\t\t\t\t\t\t\t\t\t\t\t\t\t\t\t<\/div>\n\t\t\t\t<\/div>\n\t\t<div class=\"elementor-element elementor-element-4470d77 e-con-full e-flex e-con e-child\" data-id=\"4470d77\" data-element_type=\"container\" data-e-type=\"container\">\n\t\t\t\t<div class=\"elementor-element elementor-element-39e2b9a elementor-widget elementor-widget-text-editor\" data-id=\"39e2b9a\" data-element_type=\"widget\" data-e-type=\"widget\" data-widget_type=\"text-editor.default\">\n\t\t\t\t\t\t\t\t\t<p>Presentacci\u00f3n<\/p>\t\t\t\t\t\t\t\t<\/div>\n\t\t\t\t<div class=\"elementor-element elementor-element-f7261f2 elementor-widget elementor-widget-text-editor\" data-id=\"f7261f2\" data-element_type=\"widget\" data-e-type=\"widget\" data-widget_type=\"text-editor.default\">\n\t\t\t\t\t\t\t\t\tLa Universidad Polit\u00e9cnica Salesiana (UPS \u2013 Ecuador), como instituci\u00f3n organizadora, La Facultad Latinoam\u00e9rica de Ciencias Sociales (Ecuador) y la Universidad T\u00e9cnica Particular de Loja (UTPL) como instituciones coorganizadoras, en articulaci\u00f3n con la Red de Investigadores de la Comunicaci\u00f3n (RISE) y los grupos de investigaci\u00f3n GICODEPO y GICEA, convocan a la comunidad acad\u00e9mica nacional e internacional a participar en el <b> I Congreso Internacional Interdisciplinario de Ciencias Sociales (CIICIS) 2026 se realizar\u00e1 en modalidad hibrida, los d\u00edas 11, 12 y 13 de noviembre, en la Universidad Polit\u00e9cnica Salesiana, Sede Quito \u2013 Ecuador.<\/b>\t\t\t\t\t\t\t\t<\/div>\n\t\t\t\t<\/div>\n\t\t\t\t\t<\/div>\n\t\t\t\t<\/div>\n\t\t<div class=\"elementor-element elementor-element-3690b33 e-flex e-con-boxed e-con e-parent\" data-id=\"3690b33\" data-element_type=\"container\" data-e-type=\"container\" data-settings=\"{&quot;background_background&quot;:&quot;classic&quot;}\">\n\t\t\t\t\t<div class=\"e-con-inner\">\n\t\t<div class=\"elementor-element elementor-element-a263d0e e-con-full e-flex e-con e-child\" data-id=\"a263d0e\" data-element_type=\"container\" data-e-type=\"container\">\n\t\t\t\t<div class=\"elementor-element elementor-element-1cd5685 elementor-widget elementor-widget-text-editor\" data-id=\"1cd5685\" data-element_type=\"widget\" data-e-type=\"widget\" data-widget_type=\"text-editor.default\">\n\t\t\t\t\t\t\t\t\t<p>Convocatoria<\/p>\t\t\t\t\t\t\t\t<\/div>\n\t\t\t\t<div class=\"elementor-element elementor-element-83436e1 elementor-widget elementor-widget-text-editor\" data-id=\"83436e1\" data-element_type=\"widget\" data-e-type=\"widget\" data-widget_type=\"text-editor.default\">\n\t\t\t\t\t\t\t\t\t<p>Latinoamericana de Ciencias Sociales (FLACSO \u2013 Sede Ecuador) como instituciones coorganizadoras, en articulaci\u00f3n con la Red de Investigadores de la Comunicaci\u00f3n (RISE) y los grupos de investigaci\u00f3n GICODEPO y GICEA, convocan a la comunidad acad\u00e9mica nacional e internacional a participar en el: I Congreso Internacional de Ciencias Sociales \u2013 CIICIS 2026.<\/p><p>Evento que se realizar\u00e1 en la ciudad de Quito, Ecuador, en los d\u00edas 11, 12 y 13 de noviembre de 2026, y que contar\u00e1 con la participaci\u00f3n institucional de la Universidad Salesiana Don Bosco de El Salvador, Universidad Salesiana de M\u00e9xico y el Instituto superior Juan XXIII de Argentina, consolidando una red latinoamericana e internacional de investigaci\u00f3n interdisciplinaria.<\/p><p>\u00a0<\/p>\t\t\t\t\t\t\t\t<\/div>\n\t\t\t\t<\/div>\n\t\t<div class=\"elementor-element elementor-element-09999f3 e-con-full e-flex e-con e-child\" data-id=\"09999f3\" data-element_type=\"container\" data-e-type=\"container\">\n\t\t\t\t<div class=\"elementor-element elementor-element-805b309 elementor-widget elementor-widget-image\" data-id=\"805b309\" data-element_type=\"widget\" data-e-type=\"widget\" data-widget_type=\"image.default\">\n\t\t\t\t\t\t\t\t\t\t\t\t\t\t\t<img decoding=\"async\" width=\"1024\" height=\"675\" src=\"https:\/\/ciicis.ups.edu.ec\/wp-content\/uploads\/sites\/33\/2026\/01\/upsquito-1024x675.jpg\" class=\"attachment-large size-large wp-image-1654\" alt=\"\" srcset=\"https:\/\/ciicis.ups.edu.ec\/wp-content\/uploads\/sites\/33\/2026\/01\/upsquito-1024x675.jpg 1024w, https:\/\/ciicis.ups.edu.ec\/wp-content\/uploads\/sites\/33\/2026\/01\/upsquito-300x198.jpg 300w, https:\/\/ciicis.ups.edu.ec\/wp-content\/uploads\/sites\/33\/2026\/01\/upsquito-768x506.jpg 768w, https:\/\/ciicis.ups.edu.ec\/wp-content\/uploads\/sites\/33\/2026\/01\/upsquito-1536x1013.jpg 1536w, https:\/\/ciicis.ups.edu.ec\/wp-content\/uploads\/sites\/33\/2026\/01\/upsquito-18x12.jpg 18w, https:\/\/ciicis.ups.edu.ec\/wp-content\/uploads\/sites\/33\/2026\/01\/upsquito.jpg 1800w\" sizes=\"(max-width: 1024px) 100vw, 1024px\" \/>\t\t\t\t\t\t\t\t\t\t\t\t\t\t\t<\/div>\n\t\t\t\t<\/div>\n\t\t\t\t\t<\/div>\n\t\t\t\t<\/div>\n\t\t<div class=\"elementor-element elementor-element-028b1f2 e-flex e-con-boxed e-con e-parent\" data-id=\"028b1f2\" data-element_type=\"container\" data-e-type=\"container\" data-settings=\"{&quot;background_background&quot;:&quot;classic&quot;}\">\n\t\t\t\t\t<div class=\"e-con-inner\">\n\t\t\t\t<div class=\"elementor-element elementor-element-ac7075f elementor-widget elementor-widget-text-editor\" data-id=\"ac7075f\" data-element_type=\"widget\" data-e-type=\"widget\" data-widget_type=\"text-editor.default\">\n\t\t\t\t\t\t\t\t\t<p style=\"text-align: center\"><span style=\"color: #ffffff\">About UPS<\/span><\/p>\t\t\t\t\t\t\t\t<\/div>\n\t\t\t\t\t<\/div>\n\t\t\t\t<\/div>\n\t\t<div class=\"elementor-element elementor-element-ab5b875 e-con-full e-flex e-con e-parent\" data-id=\"ab5b875\" data-element_type=\"container\" data-e-type=\"container\">\n\t\t\t\t<div class=\"elementor-element elementor-element-b0921d5 elementor-widget elementor-widget-n-accordion\" data-id=\"b0921d5\" data-element_type=\"widget\" data-e-type=\"widget\" data-settings=\"{&quot;default_state&quot;:&quot;all_collapsed&quot;,&quot;max_items_expended&quot;:&quot;one&quot;,&quot;n_accordion_animation_duration&quot;:{&quot;unit&quot;:&quot;ms&quot;,&quot;size&quot;:400,&quot;sizes&quot;:[]}}\" data-widget_type=\"nested-accordion.default\">\n\t\t\t\t\t\t\t<div class=\"e-n-accordion\" aria-label=\"Accordion. Open links with Enter or Space, close with Escape, and navigate with Arrow Keys\">\n\t\t\t\t\t\t<details id=\"e-n-accordion-item-1850\" class=\"e-n-accordion-item\" >\n\t\t\t\t<summary class=\"e-n-accordion-item-title\" data-accordion-index=\"1\" tabindex=\"0\" aria-expanded=\"false\" aria-controls=\"e-n-accordion-item-1850\" >\n\t\t\t\t\t<span class='e-n-accordion-item-title-header'><div class=\"e-n-accordion-item-title-text\"> Historical Overview <\/div><\/span>\n\t\t\t\t\t\t\t<span class='e-n-accordion-item-title-icon'>\n\t\t\t<span class='e-opened' ><svg aria-hidden=\"true\" class=\"e-font-icon-svg e-fas-minus\" viewbox=\"0 0 448 512\" xmlns=\"http:\/\/www.w3.org\/2000\/svg\"><path d=\"M416 208H32c-17.67 0-32 14.33-32 32v32c0 17.67 14.33 32 32 32h384c17.67 0 32-14.33 32-32v-32c0-17.67-14.33-32-32-32z\"><\/path><\/svg><\/span>\n\t\t\t<span class='e-closed'><svg aria-hidden=\"true\" class=\"e-font-icon-svg e-fas-plus\" viewbox=\"0 0 448 512\" xmlns=\"http:\/\/www.w3.org\/2000\/svg\"><path d=\"M416 208H272V64c0-17.67-14.33-32-32-32h-32c-17.67 0-32 14.33-32 32v144H32c-17.67 0-32 14.33-32 32v32c0 17.67 14.33 32 32 32h144v144c0 17.67 14.33 32 32 32h32c17.67 0 32-14.33 32-32V304h144c17.67 0 32-14.33 32-32v-32c0-17.67-14.33-32-32-32z\"><\/path><\/svg><\/span>\n\t\t<\/span>\n\n\t\t\t\t\t\t<\/summary>\n\t\t\t\t<div role=\"region\" aria-labelledby=\"e-n-accordion-item-1850\" class=\"elementor-element elementor-element-caeefad e-con-full e-flex e-con e-child\" data-id=\"caeefad\" data-element_type=\"container\" data-e-type=\"container\">\n\t\t\t\t<div class=\"elementor-element elementor-element-08faec4 elementor-widget elementor-widget-text-editor\" data-id=\"08faec4\" data-element_type=\"widget\" data-e-type=\"widget\" data-widget_type=\"text-editor.default\">\n\t\t\t\t\t\t\t\t\t<p style=\"text-align: justify\"><span style=\"color: #000000\">The Salesian presence in Ecuador has been a social reality since January 1888, as a response to the agreement signed by Don Bosco and the representative of the Government of Ecuador in Turin (Italy) in 1887, by which the Catholic Protectorate of Arts and Crafts of Quito was entrusted to the Salesians, so that they would \"impart moral and scientific education to the children of the people and for the development of national industry through a systematic teaching of crafts.\"<\/span><\/p>\n<p style=\"text-align: left\"><span style=\"color: #000000\">Very soon, the Salesians' evangelical and educational work spread to other cities in Ecuador, notably the founding of missions in the Ecuadorian Amazon, such as Gualaquiza (1893), Indanza (1914), M\u00e9ndez (1915), Macas (1924), Suc\u00faa (1931), and Lim\u00f3n (1936). Educational institutions were also established, such as those in Quito (1888) with arts and crafts workshops in the Catholic Protectorate; in Riobamba (1881), a primary school, workshops, and a youth center were founded; and in Cuenca (1893), workshops and a youth center were also established.<\/span><\/p>\n<p style=\"text-align: left\"><span style=\"color: #000000\">In Quito, in the La Tola neighborhood (1896), mechanics and carpentry workshops, a primary school, and a church dedicated to Mary Help of Christians were opened; Guayaquil (1904) saw the first foundation with the Domingo Santistevan Institute for orphaned children, sponsored by the Board of Charity. In the Centenario neighborhood of the same city, the Crist\u00f3bal Col\u00f3n School was founded (1911) for the humanistic education of Guayaquil's youth; in Manab\u00ed (1927), the Salesians received the Rocafuerte Parish, where a primary school and a youth center were also opened.<\/span><\/p>\n<p style=\"text-align: left\"><span style=\"color: #000000\">Since 1888, educational and apostolic works have been multiplying throughout Ecuador, inserting themselves into the various social groups in order to respond to the needs of young people, especially the poorest, through a quality education based on the Preventive System and inspired by the values \u200b\u200bof the Gospel, with the aim of forming \"honest citizens and good Christians\".<\/span><\/p>\n<p style=\"text-align: left\"><span style=\"color: #000000\">Hoy, los Salesianos de Ecuador son alrededor de 200 hermanos, distribuidos en 27 comunidades en costa, sierra y Amazon\u00eda.<\/span><\/p>\t\t\t\t\t\t\t\t<\/div>\n\t\t\t\t<\/div>\n\t\t\t\t\t<\/details>\n\t\t\t\t\t\t<details id=\"e-n-accordion-item-1851\" class=\"e-n-accordion-item\" >\n\t\t\t\t<summary class=\"e-n-accordion-item-title\" data-accordion-index=\"2\" tabindex=\"-1\" aria-expanded=\"false\" aria-controls=\"e-n-accordion-item-1851\" >\n\t\t\t\t\t<span class='e-n-accordion-item-title-header'><div class=\"e-n-accordion-item-title-text\"> Educaci\u00f3n Universitaria <\/div><\/span>\n\t\t\t\t\t\t\t<span class='e-n-accordion-item-title-icon'>\n\t\t\t<span class='e-opened' ><svg aria-hidden=\"true\" class=\"e-font-icon-svg e-fas-minus\" viewbox=\"0 0 448 512\" xmlns=\"http:\/\/www.w3.org\/2000\/svg\"><path d=\"M416 208H32c-17.67 0-32 14.33-32 32v32c0 17.67 14.33 32 32 32h384c17.67 0 32-14.33 32-32v-32c0-17.67-14.33-32-32-32z\"><\/path><\/svg><\/span>\n\t\t\t<span class='e-closed'><svg aria-hidden=\"true\" class=\"e-font-icon-svg e-fas-plus\" viewbox=\"0 0 448 512\" xmlns=\"http:\/\/www.w3.org\/2000\/svg\"><path d=\"M416 208H272V64c0-17.67-14.33-32-32-32h-32c-17.67 0-32 14.33-32 32v144H32c-17.67 0-32 14.33-32 32v32c0 17.67 14.33 32 32 32h144v144c0 17.67 14.33 32 32 32h32c17.67 0 32-14.33 32-32V304h144c17.67 0 32-14.33 32-32v-32c0-17.67-14.33-32-32-32z\"><\/path><\/svg><\/span>\n\t\t<\/span>\n\n\t\t\t\t\t\t<\/summary>\n\t\t\t\t<div role=\"region\" aria-labelledby=\"e-n-accordion-item-1851\" class=\"elementor-element elementor-element-7bfdaa4 e-con-full e-flex e-con e-child\" data-id=\"7bfdaa4\" data-element_type=\"container\" data-e-type=\"container\">\n\t\t\t\t<div class=\"elementor-element elementor-element-719280f elementor-widget elementor-widget-text-editor\" data-id=\"719280f\" data-element_type=\"widget\" data-e-type=\"widget\" data-widget_type=\"text-editor.default\">\n\t\t\t\t\t\t\t\t\t<p style=\"text-align: justify\"><span style=\"color: #000000\">La presencia salesiana en el campo universitario es relativamente nueva, salvo por las experiencias educativas de la India en 1934 y de la Pontificia Universidad Salesiana en Tur\u00edn que forma a los salesianos en la educaci\u00f3n superior desde 1940, inicialmente como Pontificio Ateneo Salesiano y desde 1973 como Universidad con sede en Roma.<\/span><\/p>\n<p style=\"text-align: left\"><span style=\"color: #000000\">En la actualidad existen 35 Inspector\u00edas Salesianas con responsabilidad de Educaci\u00f3n Superior, lo que implica un alto y sostenido crecimiento de la oferta universitaria salesiana en el mundo.<\/span><\/p>\n<p style=\"text-align: left\"><span style=\"color: #000000\">Las nuevas exigencias de la Pastoral Juvenil llevaron a la Sociedad Salesiana a abrirse a la franja m\u00e1s alta entre la juventud, determinada por un principio de continuidad educativa que exige una prolongaci\u00f3n en el acompa\u00f1amiento educativo m\u00e1s all\u00e1 del per\u00edodo de la adolescencia y con una voluntad de ofrecer una oportunidad de acceso a la Universidad a muchos j\u00f3venes en inferioridad de condiciones econ\u00f3micas y sociales y como un lugar privilegiado para la orientaci\u00f3n vocacional en el sentido amplio y espec\u00edfico.<\/span><\/p>\t\t\t\t\t\t\t\t<\/div>\n\t\t\t\t<\/div>\n\t\t\t\t\t<\/details>\n\t\t\t\t\t\t<details id=\"e-n-accordion-item-1852\" class=\"e-n-accordion-item\" >\n\t\t\t\t<summary class=\"e-n-accordion-item-title\" data-accordion-index=\"3\" tabindex=\"-1\" aria-expanded=\"false\" aria-controls=\"e-n-accordion-item-1852\" >\n\t\t\t\t\t<span class='e-n-accordion-item-title-header'><div class=\"e-n-accordion-item-title-text\"> Nace UPS <\/div><\/span>\n\t\t\t\t\t\t\t<span class='e-n-accordion-item-title-icon'>\n\t\t\t<span class='e-opened' ><svg aria-hidden=\"true\" class=\"e-font-icon-svg e-fas-minus\" viewbox=\"0 0 448 512\" xmlns=\"http:\/\/www.w3.org\/2000\/svg\"><path d=\"M416 208H32c-17.67 0-32 14.33-32 32v32c0 17.67 14.33 32 32 32h384c17.67 0 32-14.33 32-32v-32c0-17.67-14.33-32-32-32z\"><\/path><\/svg><\/span>\n\t\t\t<span class='e-closed'><svg aria-hidden=\"true\" class=\"e-font-icon-svg e-fas-plus\" viewbox=\"0 0 448 512\" xmlns=\"http:\/\/www.w3.org\/2000\/svg\"><path d=\"M416 208H272V64c0-17.67-14.33-32-32-32h-32c-17.67 0-32 14.33-32 32v144H32c-17.67 0-32 14.33-32 32v32c0 17.67 14.33 32 32 32h144v144c0 17.67 14.33 32 32 32h32c17.67 0 32-14.33 32-32V304h144c17.67 0 32-14.33 32-32v-32c0-17.67-14.33-32-32-32z\"><\/path><\/svg><\/span>\n\t\t<\/span>\n\n\t\t\t\t\t\t<\/summary>\n\t\t\t\t<div role=\"region\" aria-labelledby=\"e-n-accordion-item-1852\" class=\"elementor-element elementor-element-0d2897b e-con-full e-flex e-con e-child\" data-id=\"0d2897b\" data-element_type=\"container\" data-e-type=\"container\">\n\t\t\t\t<div class=\"elementor-element elementor-element-b033847 elementor-widget elementor-widget-text-editor\" data-id=\"b033847\" data-element_type=\"widget\" data-e-type=\"widget\" data-widget_type=\"text-editor.default\">\n\t\t\t\t\t\t\t\t\t<p style=\"text-align: justify\"><span style=\"color: #000000\">La Universidad Polit\u00e9cnica Salesiana (UPS) se crea mediante Ley N\u00ba 63 expedida por el Congreso Nacional y publicada en el Registro Oficial suplemento del 05 de agosto de 1994 &#8211; N\u00ba 499. La UPS es una instituci\u00f3n de derecho privado sin fines de lucro, cofinanciada con fondos provenientes del Estado, con personer\u00eda jur\u00eddica propia y autonom\u00eda responsable: Acad\u00e9mica; Administrativa; Financiera y Org\u00e1nica. La UPS nace en una \u00e9poca muy cr\u00edtica desde el punto de vista social y econ\u00f3mico. Una vez aprobado el proyecto de creaci\u00f3n de la Universidad, la Sociedad Salesiana del Ecuador, inicia las actividades del nuevo Centro de Educaci\u00f3n Superior en octubre de 1994. Previamente, el 06 de septiembre de 1994 se instala el primer Consejo Universitario y se lleva a cabo la posesi\u00f3n del Rector y Vicerrector. Su sede Matriz se encuentra en la ciudad de Cuenca, con sedes ubicadas en las ciudades de Quito y Guayaquil.<\/span><\/p>\n<p style=\"text-align: left\"><span style=\"color: #000000\">La Universidad Polit\u00e9cnica Salesiana (UPS) como centro de educaci\u00f3n superior, es consciente de los grandes problemas educativos que afronta el pa\u00eds tales como:<\/span><\/p>\n<p style=\"text-align: left\">\u00a0<\/p>\n<ul style=\"text-align: left\">\n<li><span style=\"color: #000000\">La necesidad de formar un profesional integral, cient\u00edfico, pr\u00e1ctico, humano, moral y \u00e9tico.<\/span><\/li>\n<\/ul>\n<ul style=\"text-align: left\">\n<li><span style=\"color: #000000\">La necesidad de vinculaci\u00f3n de la universidad con la sociedad.\u00a0<\/span><\/li>\n<\/ul>\n<ul style=\"text-align: left\">\n<li><span style=\"color: #000000\">La necesidad de que la ciencia y la tecnolog\u00eda sean parte de un mundo integrador de la formaci\u00f3n.\u00a0<\/span><\/li>\n<\/ul>\n<ul>\n<li style=\"text-align: left\"><span style=\"color: #000000\">La necesidad de que la investigaci\u00f3n est\u00e9 vinculada a la soluci\u00f3n de los grandes problemas sociales.<\/span><\/li>\n<\/ul>\t\t\t\t\t\t\t\t<\/div>\n\t\t\t\t<\/div>\n\t\t\t\t\t<\/details>\n\t\t\t\t\t\t<details id=\"e-n-accordion-item-1853\" class=\"e-n-accordion-item\" >\n\t\t\t\t<summary class=\"e-n-accordion-item-title\" data-accordion-index=\"4\" tabindex=\"-1\" aria-expanded=\"false\" aria-controls=\"e-n-accordion-item-1853\" >\n\t\t\t\t\t<span class='e-n-accordion-item-title-header'><div class=\"e-n-accordion-item-title-text\"> Objetivos <\/div><\/span>\n\t\t\t\t\t\t\t<span class='e-n-accordion-item-title-icon'>\n\t\t\t<span class='e-opened' ><svg aria-hidden=\"true\" class=\"e-font-icon-svg e-fas-minus\" viewbox=\"0 0 448 512\" xmlns=\"http:\/\/www.w3.org\/2000\/svg\"><path d=\"M416 208H32c-17.67 0-32 14.33-32 32v32c0 17.67 14.33 32 32 32h384c17.67 0 32-14.33 32-32v-32c0-17.67-14.33-32-32-32z\"><\/path><\/svg><\/span>\n\t\t\t<span class='e-closed'><svg aria-hidden=\"true\" class=\"e-font-icon-svg e-fas-plus\" viewbox=\"0 0 448 512\" xmlns=\"http:\/\/www.w3.org\/2000\/svg\"><path d=\"M416 208H272V64c0-17.67-14.33-32-32-32h-32c-17.67 0-32 14.33-32 32v144H32c-17.67 0-32 14.33-32 32v32c0 17.67 14.33 32 32 32h144v144c0 17.67 14.33 32 32 32h32c17.67 0 32-14.33 32-32V304h144c17.67 0 32-14.33 32-32v-32c0-17.67-14.33-32-32-32z\"><\/path><\/svg><\/span>\n\t\t<\/span>\n\n\t\t\t\t\t\t<\/summary>\n\t\t\t\t<div role=\"region\" aria-labelledby=\"e-n-accordion-item-1853\" class=\"elementor-element elementor-element-f2bcfcc e-flex e-con-boxed e-con e-child\" data-id=\"f2bcfcc\" data-element_type=\"container\" data-e-type=\"container\">\n\t\t\t\t\t<div class=\"e-con-inner\">\n\t\t\t\t<div class=\"elementor-element elementor-element-8a811f7 elementor-widget elementor-widget-text-editor\" data-id=\"8a811f7\" data-element_type=\"widget\" data-e-type=\"widget\" data-widget_type=\"text-editor.default\">\n\t\t\t\t\t\t\t\t\t<p><span style=\"color: #000000\">\u00a0Son objetivos de la Universidad Polit\u00e9cnica Salesiana:\u00a0 \u00a0<\/span><\/p>\n<p><span style=\"color: #000000\">a) Generar espacios de atenci\u00f3n preferencial a j\u00f3venes y adultos de sectores populares, colectivos con discapacidades, pueblos ind\u00edgenas y afroecuatorianos.\u00a0<\/span><\/p>\n<p><span style=\"color: #000000\">b) Propiciar el di\u00e1logo entre las diferentes culturas nacionales y desarrollar proyectos que favorezcan la interculturalidad del pa\u00eds.\u00a0<\/span><\/p>\n<p><span style=\"color: #000000\">c) Aplicar procesos que aseguren el cogobierno y la paridad de g\u00e9nero en el sistema de gesti\u00f3n universitaria.\u00a0<\/span><\/p>\n<p><span style=\"color: #000000\">d) Impulsar una Propuesta Educativa Pastoral como espacio propicio del di\u00e1logo Raz\u00f3n, Fe y Cultura.\u00a0<\/span><\/p>\n<p><span style=\"color: #000000\">e) Promover modelos de aprendizaje centrados en los y las estudiantes, animados por los principios de la educaci\u00f3n Salesiana.\u00a0<\/span><\/p>\n<p><span style=\"color: #000000\">f) Ofertar programas acad\u00e9micos de tercer y cuarto nivel, aprobados por el Consejo de Educaci\u00f3n Superior, de formaci\u00f3n continua, vinculaci\u00f3n con la sociedad y procesos de investigaci\u00f3n, difusi\u00f3n cultural y respeto al medioambiente, con altos est\u00e1ndares de calidad para dar respuesta a las necesidades y problemas de la sociedad ecuatoriana.\u00a0<\/span><\/p>\n<p><span style=\"color: #000000\">g) Garantizar libertad de conciencia, libertad de c\u00e1tedra, libertad acad\u00e9mica y pensamiento, igualdad de oportunidades y no discriminaci\u00f3n.\u00a0<\/span><\/p>\n<p><span style=\"color: #000000\">h) Dise\u00f1ar curr\u00edculos acad\u00e9micos que no impliquen la incorporaci\u00f3n de materias destinadas al adoctrinamiento religioso obligatorio.<\/span><\/p>\t\t\t\t\t\t\t\t<\/div>\n\t\t\t\t\t<\/div>\n\t\t\t\t<\/div>\n\t\t\t\t\t<\/details>\n\t\t\t\t\t\t<details id=\"e-n-accordion-item-1854\" class=\"e-n-accordion-item\" >\n\t\t\t\t<summary class=\"e-n-accordion-item-title\" data-accordion-index=\"5\" tabindex=\"-1\" aria-expanded=\"false\" aria-controls=\"e-n-accordion-item-1854\" >\n\t\t\t\t\t<span class='e-n-accordion-item-title-header'><div class=\"e-n-accordion-item-title-text\"> Contexto IUS <\/div><\/span>\n\t\t\t\t\t\t\t<span class='e-n-accordion-item-title-icon'>\n\t\t\t<span class='e-opened' ><svg aria-hidden=\"true\" class=\"e-font-icon-svg e-fas-minus\" viewbox=\"0 0 448 512\" xmlns=\"http:\/\/www.w3.org\/2000\/svg\"><path d=\"M416 208H32c-17.67 0-32 14.33-32 32v32c0 17.67 14.33 32 32 32h384c17.67 0 32-14.33 32-32v-32c0-17.67-14.33-32-32-32z\"><\/path><\/svg><\/span>\n\t\t\t<span class='e-closed'><svg aria-hidden=\"true\" class=\"e-font-icon-svg e-fas-plus\" viewbox=\"0 0 448 512\" xmlns=\"http:\/\/www.w3.org\/2000\/svg\"><path d=\"M416 208H272V64c0-17.67-14.33-32-32-32h-32c-17.67 0-32 14.33-32 32v144H32c-17.67 0-32 14.33-32 32v32c0 17.67 14.33 32 32 32h144v144c0 17.67 14.33 32 32 32h32c17.67 0 32-14.33 32-32V304h144c17.67 0 32-14.33 32-32v-32c0-17.67-14.33-32-32-32z\"><\/path><\/svg><\/span>\n\t\t<\/span>\n\n\t\t\t\t\t\t<\/summary>\n\t\t\t\t<div role=\"region\" aria-labelledby=\"e-n-accordion-item-1854\" class=\"elementor-element elementor-element-f4d8eb1 e-flex e-con-boxed e-con e-child\" data-id=\"f4d8eb1\" data-element_type=\"container\" data-e-type=\"container\">\n\t\t\t\t\t<div class=\"e-con-inner\">\n\t\t\t\t<div class=\"elementor-element elementor-element-ff59aee elementor-widget elementor-widget-text-editor\" data-id=\"ff59aee\" data-element_type=\"widget\" data-e-type=\"widget\" data-widget_type=\"text-editor.default\">\n\t\t\t\t\t\t\t\t\t<div id=\"fragment-0-cvkx\">\n<div id=\"p_p_id_ec_edu_ups_liferay_portlet_p42_1_c_tabs_Tabs_INSTANCE_17fWXt7Hu2Wn_\" class=\"portlet-boundary portlet-boundary_ec_edu_ups_liferay_portlet_p42_1_c_tabs_Tabs_  portlet-static portlet-static-end portlet-barebone\">\n<section class=\"portlet portlet-ups\">\n<div class=\"portlet-content-container\">\n<div class=\"portlet-body\">\n<div id=\"p17fWXt7Hu2Wn\" class=\"row ups_portlet title-blue p42_1_c_tabs mode-light\">\n<div id=\"p17fWXt7Hu2Wntabs\" class=\"col-12\">\n<div id=\"p17fWXt7Hu2Wnnav-tabContent\" class=\"tab-content py-3 px-3 px-sm-0\">\n<div id=\"p17fWXt7Hu2Wnnav-4\" class=\"tab-pane fade active show\" role=\"tabpanel\">\n<section id=\"ius\">\n<p style=\"text-align: justify\"><span style=\"color: #000000\">Desde hace 20 a\u00f1os surgen con fuerza las universidades salesianas en los distintos continentes y con diferentes caracter\u00edsticas; es entonces que el octavo sucesor de Don Bosco, Don Juan Edmundo Vecchi Monti (1995-2002), hizo notar la necesidad de que Direcci\u00f3n General de la Congregaci\u00f3n Salesiana deb\u00eda acompa\u00f1ar y dirigir a las nacientes instituciones universitarias que se estaban desarrollando. Con estos antecedentes y despu\u00e9s de varios encuentros a nivel mundial, el 7 de enero de 2003, el Rector Mayor de los Salesianos, Don Pascual Ch\u00e1vez Villanueva y su Consejo en sesi\u00f3n plenaria aprueban por unanimidad los documentos \u00abIdentidad de las Instituciones Salesianas de Educaci\u00f3n Superior\u00bb y \u00abPol\u00edticas para la Presencia Salesiana en la Educaci\u00f3n Superior\u00bb, documentos que hoy constituyen para las IUS la Carta de Navegaci\u00f3n en la Congregaci\u00f3n y forman parte del proyecto de las Inspector\u00edas en los diferentes pa\u00edses donde existe presencia salesiana. As\u00ed pues y de cara al futuro, las IUS encuentran en estos dos documentos instrumentos de direcci\u00f3n y gobierno sobre la definici\u00f3n de la salesianidad de estas obras, la descripci\u00f3n de las l\u00edneas fundamentales, la identificaci\u00f3n de las nuevas metas y los objetivos que se deben alcanzar; de tal manera que la Congregaci\u00f3n Salesiana ciertamente que construir\u00e1 firmemente dentro del \u00e1mbito universitario una tradici\u00f3n educativa que ya ha comenzado.<\/span><\/p>\n<\/section>\n<\/div>\n<\/div>\n<\/div>\n<\/div>\n<\/div>\n<\/div>\n<\/section>\n<\/div>\n<\/div>\t\t\t\t\t\t\t\t<\/div>\n\t\t\t\t\t<\/div>\n\t\t\t\t<\/div>\n\t\t\t\t\t<\/details>\n\t\t\t\t\t<\/div>\n\t\t\t\t\t\t<\/div>\n\t\t\t\t<\/div>\n\t\t\t\t<\/div>","protected":false},"excerpt":{"rendered":"<p>Presentacci\u00f3n La Universidad Polit\u00e9cnica Salesiana (UPS \u2013 Ecuador), como instituci\u00f3n organizadora, La Facultad Latinoam\u00e9rica de Ciencias Sociales (Ecuador) y la Universidad T\u00e9cnica Particular de Loja (UTPL) como instituciones coorganizadoras, en articulaci\u00f3n con la Red de Investigadores de la Comunicaci\u00f3n (RISE) y los grupos de investigaci\u00f3n GICODEPO y GICEA, convocan a la comunidad acad\u00e9mica nacional e&#8230;<\/p>","protected":false},"author":1137,"featured_media":0,"parent":0,"menu_order":0,"comment_status":"closed","ping_status":"closed","template":"","meta":{"_kadence_starter_templates_imported_post":true,"_kad_post_transparent":"","_kad_post_title":"hide","_kad_post_layout":"fullwidth","_kad_post_sidebar_id":"","_kad_post_content_style":"unboxed","_kad_post_vertical_padding":"hide","_kad_post_feature":"hide","_kad_post_feature_position":"","_kad_post_header":false,"_kad_post_footer":false,"_kad_post_classname":"","footnotes":""},"class_list":["post-768","page","type-page","status-publish","hentry"],"yoast_head":"<!-- This site is optimized with the Yoast SEO plugin v27.1.1 - https:\/\/yoast.com\/product\/yoast-seo-wordpress\/ -->\n<title>About Event - I Congreso Internacional Interdisciplinario de Ciencias Sociales<\/title>\n<meta name=\"robots\" content=\"index, follow, max-snippet:-1, max-image-preview:large, max-video-preview:-1\" \/>\n<link rel=\"canonical\" href=\"https:\/\/ciicis.ups.edu.ec\/en\/acerca-de\/\" \/>\n<meta property=\"og:locale\" content=\"en_US\" \/>\n<meta property=\"og:type\" content=\"article\" \/>\n<meta property=\"og:title\" content=\"About Event - I Congreso Internacional Interdisciplinario de Ciencias Sociales\" \/>\n<meta property=\"og:description\" content=\"Presentacci\u00f3n La Universidad Polit\u00e9cnica Salesiana (UPS \u2013 Ecuador), como instituci\u00f3n organizadora, La Facultad Latinoam\u00e9rica de Ciencias Sociales (Ecuador) y la Universidad T\u00e9cnica Particular de Loja (UTPL) como instituciones coorganizadoras, en articulaci\u00f3n con la Red de Investigadores de la Comunicaci\u00f3n (RISE) y los grupos de investigaci\u00f3n GICODEPO y GICEA, convocan a la comunidad acad\u00e9mica nacional e...\" \/>\n<meta property=\"og:url\" content=\"https:\/\/ciicis.ups.edu.ec\/en\/acerca-de\/\" \/>\n<meta property=\"og:site_name\" content=\"I Congreso Internacional Interdisciplinario de Ciencias Sociales\" \/>\n<meta property=\"article:modified_time\" content=\"2026-02-10T02:55:48+00:00\" \/>\n<meta property=\"og:image\" content=\"https:\/\/ciicis.ups.edu.ec\/wp-content\/uploads\/sites\/33\/2026\/01\/4.jpg\" \/>\n\t<meta property=\"og:image:width\" content=\"1536\" \/>\n\t<meta property=\"og:image:height\" content=\"1024\" \/>\n\t<meta property=\"og:image:type\" content=\"image\/jpeg\" \/>\n<meta name=\"twitter:card\" content=\"summary_large_image\" \/>\n<meta name=\"twitter:label1\" content=\"Est. reading time\" \/>\n\t<meta name=\"twitter:data1\" content=\"12 minutes\" \/>\n<script type=\"application\/ld+json\" class=\"yoast-schema-graph\">{\"@context\":\"https:\/\/schema.org\",\"@graph\":[{\"@type\":\"WebPage\",\"@id\":\"https:\/\/ciicis.ups.edu.ec\/acerca-de\/\",\"url\":\"https:\/\/ciicis.ups.edu.ec\/acerca-de\/\",\"name\":\"About Event - I Congreso Internacional Interdisciplinario de Ciencias Sociales\",\"isPartOf\":{\"@id\":\"https:\/\/ciicis.ups.edu.ec\/#website\"},\"primaryImageOfPage\":{\"@id\":\"https:\/\/ciicis.ups.edu.ec\/acerca-de\/#primaryimage\"},\"image\":{\"@id\":\"https:\/\/ciicis.ups.edu.ec\/acerca-de\/#primaryimage\"},\"thumbnailUrl\":\"https:\/\/ciicis.ups.edu.ec\/wp-content\/uploads\/sites\/33\/2026\/01\/4-1024x683.jpg\",\"datePublished\":\"2021-07-06T04:48:19+00:00\",\"dateModified\":\"2026-02-10T02:55:48+00:00\",\"breadcrumb\":{\"@id\":\"https:\/\/ciicis.ups.edu.ec\/acerca-de\/#breadcrumb\"},\"inLanguage\":\"en-US\",\"potentialAction\":[{\"@type\":\"ReadAction\",\"target\":[\"https:\/\/ciicis.ups.edu.ec\/acerca-de\/\"]}]},{\"@type\":\"ImageObject\",\"inLanguage\":\"en-US\",\"@id\":\"https:\/\/ciicis.ups.edu.ec\/acerca-de\/#primaryimage\",\"url\":\"https:\/\/ciicis.ups.edu.ec\/wp-content\/uploads\/sites\/33\/2026\/01\/4-1024x683.jpg\",\"contentUrl\":\"https:\/\/ciicis.ups.edu.ec\/wp-content\/uploads\/sites\/33\/2026\/01\/4-1024x683.jpg\"},{\"@type\":\"BreadcrumbList\",\"@id\":\"https:\/\/ciicis.ups.edu.ec\/acerca-de\/#breadcrumb\",\"itemListElement\":[{\"@type\":\"ListItem\",\"position\":1,\"name\":\"Portada\",\"item\":\"https:\/\/ciicis.ups.edu.ec\/\"},{\"@type\":\"ListItem\",\"position\":2,\"name\":\"About Event\"}]},{\"@type\":\"WebSite\",\"@id\":\"https:\/\/ciicis.ups.edu.ec\/#website\",\"url\":\"https:\/\/ciicis.ups.edu.ec\/\",\"name\":\"I Congreso Internacional Interdisciplinario de Ciencias Sociales\",\"description\":\"I Congreso Internacional Interdisciplinario de Ciencias Sociales\",\"publisher\":{\"@id\":\"https:\/\/ciicis.ups.edu.ec\/#organization\"},\"potentialAction\":[{\"@type\":\"SearchAction\",\"target\":{\"@type\":\"EntryPoint\",\"urlTemplate\":\"https:\/\/ciicis.ups.edu.ec\/?s={search_term_string}\"},\"query-input\":{\"@type\":\"PropertyValueSpecification\",\"valueRequired\":true,\"valueName\":\"search_term_string\"}}],\"inLanguage\":\"en-US\"},{\"@type\":\"Organization\",\"@id\":\"https:\/\/ciicis.ups.edu.ec\/#organization\",\"name\":\"I Congreso Internacional Interdisciplinario de Ciencias Sociales\",\"url\":\"https:\/\/ciicis.ups.edu.ec\/\",\"logo\":{\"@type\":\"ImageObject\",\"inLanguage\":\"en-US\",\"@id\":\"https:\/\/ciicis.ups.edu.ec\/#\/schema\/logo\/image\/\",\"url\":\"https:\/\/ciicis.ups.edu.ec\/wp-content\/uploads\/sites\/33\/2026\/02\/ciicis-azul.png\",\"contentUrl\":\"https:\/\/ciicis.ups.edu.ec\/wp-content\/uploads\/sites\/33\/2026\/02\/ciicis-azul.png\",\"width\":587,\"height\":189,\"caption\":\"I Congreso Internacional Interdisciplinario de Ciencias Sociales\"},\"image\":{\"@id\":\"https:\/\/ciicis.ups.edu.ec\/#\/schema\/logo\/image\/\"}}]}<\/script>\n<!-- \/ Yoast SEO plugin. -->","yoast_head_json":{"title":"About Event - I Congreso Internacional Interdisciplinario de Ciencias Sociales","robots":{"index":"index","follow":"follow","max-snippet":"max-snippet:-1","max-image-preview":"max-image-preview:large","max-video-preview":"max-video-preview:-1"},"canonical":"https:\/\/ciicis.ups.edu.ec\/en\/acerca-de\/","og_locale":"en_US","og_type":"article","og_title":"About Event - I Congreso Internacional Interdisciplinario de Ciencias Sociales","og_description":"Presentacci\u00f3n La Universidad Polit\u00e9cnica Salesiana (UPS \u2013 Ecuador), como instituci\u00f3n organizadora, La Facultad Latinoam\u00e9rica de Ciencias Sociales (Ecuador) y la Universidad T\u00e9cnica Particular de Loja (UTPL) como instituciones coorganizadoras, en articulaci\u00f3n con la Red de Investigadores de la Comunicaci\u00f3n (RISE) y los grupos de investigaci\u00f3n GICODEPO y GICEA, convocan a la comunidad acad\u00e9mica nacional e...","og_url":"https:\/\/ciicis.ups.edu.ec\/en\/acerca-de\/","og_site_name":"I Congreso Internacional Interdisciplinario de Ciencias Sociales","article_modified_time":"2026-02-10T02:55:48+00:00","og_image":[{"width":1536,"height":1024,"url":"https:\/\/ciicis.ups.edu.ec\/wp-content\/uploads\/sites\/33\/2026\/01\/4.jpg","type":"image\/jpeg"}],"twitter_card":"summary_large_image","twitter_misc":{"Est. reading time":"12 minutes"},"schema":{"@context":"https:\/\/schema.org","@graph":[{"@type":"WebPage","@id":"https:\/\/ciicis.ups.edu.ec\/acerca-de\/","url":"https:\/\/ciicis.ups.edu.ec\/acerca-de\/","name":"About Event - I Congreso Internacional Interdisciplinario de Ciencias Sociales","isPartOf":{"@id":"https:\/\/ciicis.ups.edu.ec\/#website"},"primaryImageOfPage":{"@id":"https:\/\/ciicis.ups.edu.ec\/acerca-de\/#primaryimage"},"image":{"@id":"https:\/\/ciicis.ups.edu.ec\/acerca-de\/#primaryimage"},"thumbnailUrl":"https:\/\/ciicis.ups.edu.ec\/wp-content\/uploads\/sites\/33\/2026\/01\/4-1024x683.jpg","datePublished":"2021-07-06T04:48:19+00:00","dateModified":"2026-02-10T02:55:48+00:00","breadcrumb":{"@id":"https:\/\/ciicis.ups.edu.ec\/acerca-de\/#breadcrumb"},"inLanguage":"en-US","potentialAction":[{"@type":"ReadAction","target":["https:\/\/ciicis.ups.edu.ec\/acerca-de\/"]}]},{"@type":"ImageObject","inLanguage":"en-US","@id":"https:\/\/ciicis.ups.edu.ec\/acerca-de\/#primaryimage","url":"https:\/\/ciicis.ups.edu.ec\/wp-content\/uploads\/sites\/33\/2026\/01\/4-1024x683.jpg","contentUrl":"https:\/\/ciicis.ups.edu.ec\/wp-content\/uploads\/sites\/33\/2026\/01\/4-1024x683.jpg"},{"@type":"BreadcrumbList","@id":"https:\/\/ciicis.ups.edu.ec\/acerca-de\/#breadcrumb","itemListElement":[{"@type":"ListItem","position":1,"name":"Portada","item":"https:\/\/ciicis.ups.edu.ec\/"},{"@type":"ListItem","position":2,"name":"About Event"}]},{"@type":"WebSite","@id":"https:\/\/ciicis.ups.edu.ec\/#website","url":"https:\/\/ciicis.ups.edu.ec\/","name":"First International Interdisciplinary Congress of Social Sciences","description":"First International Interdisciplinary Congress of Social Sciences","publisher":{"@id":"https:\/\/ciicis.ups.edu.ec\/#organization"},"potentialAction":[{"@type":"SearchAction","target":{"@type":"EntryPoint","urlTemplate":"https:\/\/ciicis.ups.edu.ec\/?s={search_term_string}"},"query-input":{"@type":"PropertyValueSpecification","valueRequired":true,"valueName":"search_term_string"}}],"inLanguage":"en-US"},{"@type":"Organization","@id":"https:\/\/ciicis.ups.edu.ec\/#organization","name":"First International Interdisciplinary Congress of Social Sciences","url":"https:\/\/ciicis.ups.edu.ec\/","logo":{"@type":"ImageObject","inLanguage":"en-US","@id":"https:\/\/ciicis.ups.edu.ec\/#\/schema\/logo\/image\/","url":"https:\/\/ciicis.ups.edu.ec\/wp-content\/uploads\/sites\/33\/2026\/02\/ciicis-azul.png","contentUrl":"https:\/\/ciicis.ups.edu.ec\/wp-content\/uploads\/sites\/33\/2026\/02\/ciicis-azul.png","width":587,"height":189,"caption":"I Congreso Internacional Interdisciplinario de Ciencias Sociales"},"image":{"@id":"https:\/\/ciicis.ups.edu.ec\/#\/schema\/logo\/image\/"}}]}},"_links":{"self":[{"href":"https:\/\/ciicis.ups.edu.ec\/en\/wp-json\/wp\/v2\/pages\/768","targetHints":{"allow":["GET"]}}],"collection":[{"href":"https:\/\/ciicis.ups.edu.ec\/en\/wp-json\/wp\/v2\/pages"}],"about":[{"href":"https:\/\/ciicis.ups.edu.ec\/en\/wp-json\/wp\/v2\/types\/page"}],"author":[{"embeddable":true,"href":"https:\/\/ciicis.ups.edu.ec\/en\/wp-json\/wp\/v2\/users\/1137"}],"replies":[{"embeddable":true,"href":"https:\/\/ciicis.ups.edu.ec\/en\/wp-json\/wp\/v2\/comments?post=768"}],"version-history":[{"count":59,"href":"https:\/\/ciicis.ups.edu.ec\/en\/wp-json\/wp\/v2\/pages\/768\/revisions"}],"predecessor-version":[{"id":1943,"href":"https:\/\/ciicis.ups.edu.ec\/en\/wp-json\/wp\/v2\/pages\/768\/revisions\/1943"}],"wp:attachment":[{"href":"https:\/\/ciicis.ups.edu.ec\/en\/wp-json\/wp\/v2\/media?parent=768"}],"curies":[{"name":"wp","href":"https:\/\/api.w.org\/{rel}","templated":true}]}}